{"id":13139,"date":"2024-07-11T10:09:01","date_gmt":"2024-07-11T08:09:01","guid":{"rendered":"https:\/\/www.myvaldetravers.ch\/neuchatel-tourist-card\/"},"modified":"2025-03-25T15:40:04","modified_gmt":"2025-03-25T14:40:04","slug":"neuchatel-tourist-card","status":"publish","type":"page","link":"https:\/\/www.myvaldetravers.ch\/de\/neuchatel-tourist-card\/","title":{"rendered":"Neuch\u00e2tel Tourist Card"},"content":{"rendered":"<p>[vc_row][vc_column][vc_column_text]<\/p>\n<h3>Die Neuch\u00e2tel Tourist Card, Ihr Entdeckungspass f\u00fcr den Kanton Neuenburg<\/h3>\n<p>[\/vc_column_text][vc_empty_space hide_on_mobile=&#8221;&#8221;][vc_column_text]Mit der <a href=\"https:\/\/www.j3l.ch\/de\/Z10779\/neuenburg-tourist-card\">Neuch\u00e2tel Tourist Card<\/a> k\u00f6nnen Sie Ihren Aufenthalt im Val-de-Travers in vollen Z\u00fcgen genie\u00dfen. Diese Karte wird allen Besuchern, die in der Region \u00fcbernachten, angeboten und erm\u00f6glicht Ihnen den kostenlosen Zugang zu einer Vielzahl von Dienstleistungen und Aktivit\u00e4ten.[\/vc_column_text][vc_empty_space hide_on_mobile=&#8221;&#8221;][\/vc_column][\/vc_row][vc_row][vc_column][vc_toggle title=&#8221;Was ist die Neuch\u00e2tel Tourist Card, f\u00fcr wen ist sie gedacht und wie erh\u00e4lt man sie?&#8221; custom_font_container=&#8221;tag:h5|text_align:left&#8221; custom_use_theme_fonts=&#8221;yes&#8221; use_custom_heading=&#8221;true&#8221;]Das erm\u00f6glicht es den Besuchern der Region, sich zu bewegen und das Neuenburger Land zu geringeren Kosten zu entdecken. Ab einer \u00dcbernachtung in einer Unterkunft des Kantons, sei es ein Campingplatz, ein G\u00e4stezimmer oder ein Hotel, erhalten alle Besucher (Kinder und Erwachsene) die digitale NTC. Sie wird Ihnen 3 Tage vor Ihrer Ankunft per E-Mail zugeschickt und alle Personen, die in der Buchung aufgef\u00fchrt sind, profitieren von ihren Vorteilen. Sie ist vom Check-in bis Mitternacht am Abreisetag g\u00fcltig, maximal jedoch 15 Tage. Erkundigen Sie sich bei Ihrem Gastgeber, ob er sie Ihnen besorgen wird![\/vc_toggle][vc_toggle title=&#8221;Kann ich mit der Karte \u00f6ffentliche Verkehrsmittel benutzen?&#8221; custom_font_container=&#8221;tag:h5|text_align:left&#8221; custom_use_theme_fonts=&#8221;yes&#8221; use_custom_heading=&#8221;true&#8221;]Mit der Karte k\u00f6nnen Sie alle <a href=\"https:\/\/www.transn.ch\/\">Verkehrsmittel<\/a> im <strong>Kanton Neuenburg<\/strong> kostenlos nutzen. Z\u00fcge, Busse, Schiffe und Seilbahnen k\u00f6nnen benutzt werden, damit Sie sich gelassen von Entdeckung zu Entdeckung transportieren lassen k\u00f6nnen. <a href=\"https:\/\/vimeo.com\/showcase\/11510026?share=copy%20\">Hier erfahren Sie<\/a>, wie Sie es f\u00fcr \u00f6ffentliche Verkehrsmittel nutzen k\u00f6nnen.[\/vc_toggle][vc_toggle title=&#8221;Zu was habe ich noch Zugang?&#8221; custom_font_container=&#8221;tag:h5|text_align:left&#8221; custom_use_theme_fonts=&#8221;yes&#8221; use_custom_heading=&#8221;true&#8221;]Ob Museen, Kultur- oder Freizeitaktivit\u00e4ten &#8211; fast 40 teilnehmende Anbieter heissen Sie mit Ihrer Neuch\u00e2tel Tourist Card willkommen und sorgen daf\u00fcr, dass Sie einen unvergesslichen Moment erleben. Entdecken Sie im Val-de-Travers insbesondere seine Geschichte, seinen emblematischen Absinth und geniessen Sie die Unterhaltung in diesem Tal voller \u00dcberraschungen! <a href=\"https:\/\/vimeo.com\/showcase\/11510023?share=copy\">Hier erfahren Sie<\/a>, wie Sie es f\u00fcr Freizeitangebote nutzen k\u00f6nnen.[\/vc_toggle][vc_toggle title=&#8221;Was muss ich unbedingt beachten, wenn ich meine Neuch\u00e2tel Tourist Card benutze?&#8221; custom_font_container=&#8221;tag:h5|text_align:left&#8221; custom_use_theme_fonts=&#8221;yes&#8221; use_custom_heading=&#8221;true&#8221;]Sie m\u00fcssen es am besuchten Ort vorzeigen, um von seinen Vorteilen profitieren zu k\u00f6nnen. Vergessen Sie sie daher nicht in Ihrer Unterkunft![\/vc_toggle][\/vc_column][\/vc_row][vc_row][vc_column][vc_empty_space hide_on_mobile=&#8221;&#8221;][vc_video link=&#8221;https:\/\/www.youtube.com\/watch?v=wbWoiSftVmg&#8221;][vc_empty_space hide_on_mobile=&#8221;&#8221;][vc_separator][\/vc_column][\/vc_row][vc_row][vc_column][vc_column_text]<\/p>\n<h4>Besuchen Sie die symboltr\u00e4chtigen Orte des Val-de-Travers<\/h4>\n<p>[\/vc_column_text][vc_empty_space hide_on_mobile=&#8221;&#8221;][vc_column_text]Die folgenden Kultur- und Freizeitorte heissen Sie mit Ihrer Neuch\u00e2tel Tourist Card willkommen, um Ihnen die Sch\u00e4tze des Val-de-Travers zu zeigen![\/vc_column_text][vc_empty_space hide_on_mobile=&#8221;&#8221;][\/vc_column][vc_column width=&#8221;1\/3&#8243;][vc_column_text]<\/p>\n<figure id=\"attachment_13093\" aria-describedby=\"caption-attachment-13093\" style=\"width: 300px\" class=\"wp-caption alignnone\"><img loading=\"lazy\" decoding=\"async\" class=\"wp-image-13093 size-full\" src=\"https:\/\/www.myvaldetravers.ch\/wp-content\/uploads\/2024\/07\/Design-sans-titre-36.png\" alt=\"\" width=\"300\" height=\"169\" srcset=\"https:\/\/www.myvaldetravers.ch\/wp-content\/uploads\/2024\/07\/Design-sans-titre-36.png 300w, https:\/\/www.myvaldetravers.ch\/wp-content\/uploads\/2024\/07\/Design-sans-titre-36-270x152.png 270w\" sizes=\"(max-width: 300px) 100vw, 300px\" \/><figcaption id=\"caption-attachment-13093\" class=\"wp-caption-text\">Maison de l&#8217;Absinthe, M\u00f4tiers<\/figcaption><\/figure>\n<p>[\/vc_column_text][\/vc_column][vc_column width=&#8221;1\/3&#8243;][vc_column_text]<\/p>\n<figure id=\"attachment_13096\" aria-describedby=\"caption-attachment-13096\" style=\"width: 300px\" class=\"wp-caption alignnone\"><img loading=\"lazy\" decoding=\"async\" class=\"wp-image-13096 size-full\" src=\"https:\/\/www.myvaldetravers.ch\/wp-content\/uploads\/2024\/07\/Design-sans-titre-37.png\" alt=\"\" width=\"300\" height=\"169\" srcset=\"https:\/\/www.myvaldetravers.ch\/wp-content\/uploads\/2024\/07\/Design-sans-titre-37.png 300w, https:\/\/www.myvaldetravers.ch\/wp-content\/uploads\/2024\/07\/Design-sans-titre-37-270x152.png 270w\" sizes=\"(max-width: 300px) 100vw, 300px\" \/><figcaption id=\"caption-attachment-13096\" class=\"wp-caption-text\">Asphalt Story, Travers<\/figcaption><\/figure>\n<p>[\/vc_column_text][\/vc_column][vc_column width=&#8221;1\/3&#8243;][vc_column_text]<\/p>\n<figure id=\"attachment_13102\" aria-describedby=\"caption-attachment-13102\" style=\"width: 300px\" class=\"wp-caption alignnone\"><img loading=\"lazy\" decoding=\"async\" class=\"wp-image-13102 size-full\" src=\"https:\/\/www.myvaldetravers.ch\/wp-content\/uploads\/2024\/07\/1.png\" alt=\"\" width=\"300\" height=\"169\" srcset=\"https:\/\/www.myvaldetravers.ch\/wp-content\/uploads\/2024\/07\/1.png 300w, https:\/\/www.myvaldetravers.ch\/wp-content\/uploads\/2024\/07\/1-270x152.png 270w\" sizes=\"(max-width: 300px) 100vw, 300px\" \/><figcaption id=\"caption-attachment-13102\" class=\"wp-caption-text\">S\u00e9choir \u00e0 Absinthe, Boveresse<\/figcaption><\/figure>\n<p>[\/vc_column_text][\/vc_column][\/vc_row][vc_row][vc_column][vc_empty_space hide_on_mobile=&#8221;&#8221;][\/vc_column][vc_column width=&#8221;1\/3&#8243;][vc_column_text]<\/p>\n<figure id=\"attachment_13110\" aria-describedby=\"caption-attachment-13110\" style=\"width: 300px\" class=\"wp-caption alignnone\"><img loading=\"lazy\" decoding=\"async\" class=\"wp-image-13110 size-full\" src=\"https:\/\/www.myvaldetravers.ch\/wp-content\/uploads\/2024\/07\/2.png\" alt=\"La Robella, Buttes\" width=\"300\" height=\"169\" srcset=\"https:\/\/www.myvaldetravers.ch\/wp-content\/uploads\/2024\/07\/2.png 300w, https:\/\/www.myvaldetravers.ch\/wp-content\/uploads\/2024\/07\/2-270x152.png 270w\" sizes=\"(max-width: 300px) 100vw, 300px\" \/><figcaption id=\"caption-attachment-13110\" class=\"wp-caption-text\">La Robella, Buttes<\/figcaption><\/figure>\n<p>[\/vc_column_text][\/vc_column][vc_column width=&#8221;1\/3&#8243;][vc_column_text]<\/p>\n<figure id=\"attachment_13113\" aria-describedby=\"caption-attachment-13113\" style=\"width: 300px\" class=\"wp-caption alignnone\"><img loading=\"lazy\" decoding=\"async\" class=\"wp-image-13113 size-full\" src=\"https:\/\/www.myvaldetravers.ch\/wp-content\/uploads\/2024\/07\/3.png\" alt=\"Mus\u00e9e Jean-Jacques Rousseau\" width=\"300\" height=\"169\" srcset=\"https:\/\/www.myvaldetravers.ch\/wp-content\/uploads\/2024\/07\/3.png 300w, https:\/\/www.myvaldetravers.ch\/wp-content\/uploads\/2024\/07\/3-270x152.png 270w\" sizes=\"(max-width: 300px) 100vw, 300px\" \/><figcaption id=\"caption-attachment-13113\" class=\"wp-caption-text\">Mus\u00e9e Jean-Jacques Rousseau, M\u00f4tiers<\/figcaption><\/figure>\n<p>[\/vc_column_text][\/vc_column][vc_column width=&#8221;1\/3&#8243;][vc_column_text]<\/p>\n<figure id=\"attachment_13116\" aria-describedby=\"caption-attachment-13116\" style=\"width: 300px\" class=\"wp-caption alignnone\"><img loading=\"lazy\" decoding=\"async\" class=\"wp-image-13116 size-full\" src=\"https:\/\/www.myvaldetravers.ch\/wp-content\/uploads\/2024\/07\/4.png\" alt=\"Mus\u00e9e des Mascarons, M\u00f4tiers\" width=\"300\" height=\"169\" srcset=\"https:\/\/www.myvaldetravers.ch\/wp-content\/uploads\/2024\/07\/4.png 300w, https:\/\/www.myvaldetravers.ch\/wp-content\/uploads\/2024\/07\/4-270x152.png 270w\" sizes=\"(max-width: 300px) 100vw, 300px\" \/><figcaption id=\"caption-attachment-13116\" class=\"wp-caption-text\">Mus\u00e9e des Mascarons, M\u00f4tiers<\/figcaption><\/figure>\n<p>[\/vc_column_text][\/vc_column][\/vc_row][vc_row][vc_column][vc_empty_space hide_on_mobile=&#8221;&#8221;][\/vc_column][vc_column width=&#8221;1\/3&#8243;][vc_column_text]<\/p>\n<figure id=\"attachment_13119\" aria-describedby=\"caption-attachment-13119\" style=\"width: 300px\" class=\"wp-caption alignnone\"><img loading=\"lazy\" decoding=\"async\" class=\"wp-image-13119 size-full\" src=\"https:\/\/www.myvaldetravers.ch\/wp-content\/uploads\/2024\/07\/5.png\" alt=\"\" width=\"300\" height=\"169\" srcset=\"https:\/\/www.myvaldetravers.ch\/wp-content\/uploads\/2024\/07\/5.png 300w, https:\/\/www.myvaldetravers.ch\/wp-content\/uploads\/2024\/07\/5-270x152.png 270w\" sizes=\"(max-width: 300px) 100vw, 300px\" \/><figcaption id=\"caption-attachment-13119\" class=\"wp-caption-text\">Mus\u00e9e Volkswagen, St-Sulpice<\/figcaption><\/figure>\n<p>[\/vc_column_text][\/vc_column][vc_column width=&#8221;1\/3&#8243;][vc_column_text]<\/p>\n<figure id=\"attachment_13122\" aria-describedby=\"caption-attachment-13122\" style=\"width: 300px\" class=\"wp-caption alignnone\"><img loading=\"lazy\" decoding=\"async\" class=\"wp-image-13122 size-full\" src=\"https:\/\/www.myvaldetravers.ch\/wp-content\/uploads\/2024\/07\/6.png\" alt=\"\" width=\"300\" height=\"169\" srcset=\"https:\/\/www.myvaldetravers.ch\/wp-content\/uploads\/2024\/07\/6.png 300w, https:\/\/www.myvaldetravers.ch\/wp-content\/uploads\/2024\/07\/6-270x152.png 270w\" sizes=\"(max-width: 300px) 100vw, 300px\" \/><figcaption id=\"caption-attachment-13122\" class=\"wp-caption-text\">Mus\u00e9e de l&#8217;Industrie, Noiraigue<\/figcaption><\/figure>\n<p>[\/vc_column_text][\/vc_column][vc_column width=&#8221;1\/3&#8243;][vc_column_text]<\/p>\n<figure id=\"attachment_13125\" aria-describedby=\"caption-attachment-13125\" style=\"width: 300px\" class=\"wp-caption alignnone\"><img loading=\"lazy\" decoding=\"async\" class=\"wp-image-13125 size-full\" src=\"https:\/\/www.myvaldetravers.ch\/wp-content\/uploads\/2024\/07\/7.png\" alt=\"\" width=\"300\" height=\"169\" srcset=\"https:\/\/www.myvaldetravers.ch\/wp-content\/uploads\/2024\/07\/7.png 300w, https:\/\/www.myvaldetravers.ch\/wp-content\/uploads\/2024\/07\/7-270x152.png 270w\" sizes=\"(max-width: 300px) 100vw, 300px\" \/><figcaption id=\"caption-attachment-13125\" class=\"wp-caption-text\">Mus\u00e9e de la Banderette, Travers<\/figcaption><\/figure>\n<p>[\/vc_column_text][\/vc_column][\/vc_row][vc_row][vc_column][vc_empty_space hide_on_mobile=&#8221;&#8221;][\/vc_column][vc_column width=&#8221;1\/3&#8243;][vc_column_text]<\/p>\n<figure id=\"attachment_13128\" aria-describedby=\"caption-attachment-13128\" style=\"width: 300px\" class=\"wp-caption alignnone\"><img loading=\"lazy\" decoding=\"async\" class=\"wp-image-13128 size-full\" src=\"https:\/\/www.myvaldetravers.ch\/wp-content\/uploads\/2024\/07\/8.png\" alt=\"Mus\u00e9e de l'art aborig\u00e8ne australien, M\u00f4tiers \" width=\"300\" height=\"169\" srcset=\"https:\/\/www.myvaldetravers.ch\/wp-content\/uploads\/2024\/07\/8.png 300w, https:\/\/www.myvaldetravers.ch\/wp-content\/uploads\/2024\/07\/8-270x152.png 270w\" sizes=\"(max-width: 300px) 100vw, 300px\" \/><figcaption id=\"caption-attachment-13128\" class=\"wp-caption-text\">Mus\u00e9e de l&#8217;art aborig\u00e8ne australien, M\u00f4tiers<\/figcaption><\/figure>\n<p>[\/vc_column_text][\/vc_column][\/vc_row]<\/p>\n","protected":false},"excerpt":{"rendered":"<p>[vc_row][vc_column][vc_column_text] Die Neuch\u00e2tel Tourist Card, Ihr Entdeckungspass f\u00fcr den Kanton Neuenburg [\/vc_column_text][vc_empty_space hide_on_mobile=&#8221;&#8221;][vc_column_text]Mit der Neuch\u00e2tel Tourist Card k\u00f6nnen Sie Ihren Aufenthalt im Val-de-Travers in vollen Z\u00fcgen genie\u00dfen. Diese Karte wird&hellip;<\/p>\n","protected":false},"author":73,"featured_media":0,"parent":0,"menu_order":0,"comment_status":"closed","ping_status":"closed","template":"","meta":{"footnotes":""},"yoast_head":"<!-- This site is optimized with the Yoast SEO plugin v23.5 - https:\/\/yoast.com\/wordpress\/plugins\/seo\/ -->\n<title>Neuch\u00e2tel Tourist Card - Destination Val-de-Travers<\/title>\n<meta name=\"description\" content=\"Nutzen Sie die Vorteile der Neuch\u00e2tel Tourist Card, um das Val-de-Travers und seine kulturellen, historischen und symboltr\u00e4chtigen Orte zu entdecken!\" \/>\n<meta name=\"robots\" content=\"index, follow, max-snippet:-1, max-image-preview:large, max-video-preview:-1\" \/>\n<link rel=\"canonical\" href=\"https:\/\/www.myvaldetravers.ch\/de\/neuchatel-tourist-card\/\" \/>\n<meta property=\"og:locale\" content=\"de_DE\" \/>\n<meta property=\"og:type\" content=\"article\" \/>\n<meta property=\"og:title\" content=\"Neuch\u00e2tel Tourist Card - Destination Val-de-Travers\" \/>\n<meta property=\"og:description\" content=\"Nutzen Sie die Vorteile der Neuch\u00e2tel Tourist Card, um das Val-de-Travers und seine kulturellen, historischen und symboltr\u00e4chtigen Orte zu entdecken!\" \/>\n<meta property=\"og:url\" content=\"https:\/\/www.myvaldetravers.ch\/de\/neuchatel-tourist-card\/\" \/>\n<meta property=\"og:site_name\" content=\"Destination Val-de-Travers\" \/>\n<meta property=\"article:publisher\" content=\"https:\/\/www.facebook.com\/DestinationValdeTravers\/\" \/>\n<meta property=\"article:modified_time\" content=\"2025-03-25T14:40:04+00:00\" \/>\n<meta property=\"og:image\" content=\"https:\/\/www.myvaldetravers.ch\/wp-content\/uploads\/2024\/07\/Design-sans-titre-36.png\" \/>\n<meta name=\"twitter:card\" content=\"summary_large_image\" \/>\n<meta name=\"twitter:label1\" content=\"Gesch\u00e4tzte Lesezeit\" \/>\n\t<meta name=\"twitter:data1\" content=\"5\u00a0Minuten\" \/>\n<script type=\"application\/ld+json\" class=\"yoast-schema-graph\">{\"@context\":\"https:\/\/schema.org\",\"@graph\":[{\"@type\":\"WebPage\",\"@id\":\"https:\/\/www.myvaldetravers.ch\/de\/neuchatel-tourist-card\/\",\"url\":\"https:\/\/www.myvaldetravers.ch\/de\/neuchatel-tourist-card\/\",\"name\":\"Neuch\u00e2tel Tourist Card - Destination Val-de-Travers\",\"isPartOf\":{\"@id\":\"https:\/\/www.myvaldetravers.ch\/de\/#website\"},\"primaryImageOfPage\":{\"@id\":\"https:\/\/www.myvaldetravers.ch\/de\/neuchatel-tourist-card\/#primaryimage\"},\"image\":{\"@id\":\"https:\/\/www.myvaldetravers.ch\/de\/neuchatel-tourist-card\/#primaryimage\"},\"thumbnailUrl\":\"https:\/\/www.myvaldetravers.ch\/wp-content\/uploads\/2024\/07\/Design-sans-titre-36.png\",\"datePublished\":\"2024-07-11T08:09:01+00:00\",\"dateModified\":\"2025-03-25T14:40:04+00:00\",\"description\":\"Nutzen Sie die Vorteile der Neuch\u00e2tel Tourist Card, um das Val-de-Travers und seine kulturellen, historischen und symboltr\u00e4chtigen Orte zu entdecken!\",\"breadcrumb\":{\"@id\":\"https:\/\/www.myvaldetravers.ch\/de\/neuchatel-tourist-card\/#breadcrumb\"},\"inLanguage\":\"de\",\"potentialAction\":[{\"@type\":\"ReadAction\",\"target\":[\"https:\/\/www.myvaldetravers.ch\/de\/neuchatel-tourist-card\/\"]}]},{\"@type\":\"ImageObject\",\"inLanguage\":\"de\",\"@id\":\"https:\/\/www.myvaldetravers.ch\/de\/neuchatel-tourist-card\/#primaryimage\",\"url\":\"https:\/\/www.myvaldetravers.ch\/wp-content\/uploads\/2024\/07\/Design-sans-titre-36.png\",\"contentUrl\":\"https:\/\/www.myvaldetravers.ch\/wp-content\/uploads\/2024\/07\/Design-sans-titre-36.png\"},{\"@type\":\"BreadcrumbList\",\"@id\":\"https:\/\/www.myvaldetravers.ch\/de\/neuchatel-tourist-card\/#breadcrumb\",\"itemListElement\":[{\"@type\":\"ListItem\",\"position\":1,\"name\":\"Accueil\",\"item\":\"https:\/\/www.myvaldetravers.ch\/de\/\"},{\"@type\":\"ListItem\",\"position\":2,\"name\":\"Neuch\u00e2tel Tourist Card\"}]},{\"@type\":\"WebSite\",\"@id\":\"https:\/\/www.myvaldetravers.ch\/de\/#website\",\"url\":\"https:\/\/www.myvaldetravers.ch\/de\/\",\"name\":\"Destination Val-de-Travers\",\"description\":\"Il y a toujours quelque chose \u00e0 faire au Val-de-Travers.\",\"potentialAction\":[{\"@type\":\"SearchAction\",\"target\":{\"@type\":\"EntryPoint\",\"urlTemplate\":\"https:\/\/www.myvaldetravers.ch\/de\/?s={search_term_string}\"},\"query-input\":{\"@type\":\"PropertyValueSpecification\",\"valueRequired\":true,\"valueName\":\"search_term_string\"}}],\"inLanguage\":\"de\"}]}<\/script>\n<!-- \/ Yoast SEO plugin. -->","yoast_head_json":{"title":"Neuch\u00e2tel Tourist Card - Destination Val-de-Travers","description":"Nutzen Sie die Vorteile der Neuch\u00e2tel Tourist Card, um das Val-de-Travers und seine kulturellen, historischen und symboltr\u00e4chtigen Orte zu entdecken!","robots":{"index":"index","follow":"follow","max-snippet":"max-snippet:-1","max-image-preview":"max-image-preview:large","max-video-preview":"max-video-preview:-1"},"canonical":"https:\/\/www.myvaldetravers.ch\/de\/neuchatel-tourist-card\/","og_locale":"de_DE","og_type":"article","og_title":"Neuch\u00e2tel Tourist Card - Destination Val-de-Travers","og_description":"Nutzen Sie die Vorteile der Neuch\u00e2tel Tourist Card, um das Val-de-Travers und seine kulturellen, historischen und symboltr\u00e4chtigen Orte zu entdecken!","og_url":"https:\/\/www.myvaldetravers.ch\/de\/neuchatel-tourist-card\/","og_site_name":"Destination Val-de-Travers","article_publisher":"https:\/\/www.facebook.com\/DestinationValdeTravers\/","article_modified_time":"2025-03-25T14:40:04+00:00","og_image":[{"url":"https:\/\/www.myvaldetravers.ch\/wp-content\/uploads\/2024\/07\/Design-sans-titre-36.png"}],"twitter_card":"summary_large_image","twitter_misc":{"Gesch\u00e4tzte Lesezeit":"5\u00a0Minuten"},"schema":{"@context":"https:\/\/schema.org","@graph":[{"@type":"WebPage","@id":"https:\/\/www.myvaldetravers.ch\/de\/neuchatel-tourist-card\/","url":"https:\/\/www.myvaldetravers.ch\/de\/neuchatel-tourist-card\/","name":"Neuch\u00e2tel Tourist Card - Destination Val-de-Travers","isPartOf":{"@id":"https:\/\/www.myvaldetravers.ch\/de\/#website"},"primaryImageOfPage":{"@id":"https:\/\/www.myvaldetravers.ch\/de\/neuchatel-tourist-card\/#primaryimage"},"image":{"@id":"https:\/\/www.myvaldetravers.ch\/de\/neuchatel-tourist-card\/#primaryimage"},"thumbnailUrl":"https:\/\/www.myvaldetravers.ch\/wp-content\/uploads\/2024\/07\/Design-sans-titre-36.png","datePublished":"2024-07-11T08:09:01+00:00","dateModified":"2025-03-25T14:40:04+00:00","description":"Nutzen Sie die Vorteile der Neuch\u00e2tel Tourist Card, um das Val-de-Travers und seine kulturellen, historischen und symboltr\u00e4chtigen Orte zu entdecken!","breadcrumb":{"@id":"https:\/\/www.myvaldetravers.ch\/de\/neuchatel-tourist-card\/#breadcrumb"},"inLanguage":"de","potentialAction":[{"@type":"ReadAction","target":["https:\/\/www.myvaldetravers.ch\/de\/neuchatel-tourist-card\/"]}]},{"@type":"ImageObject","inLanguage":"de","@id":"https:\/\/www.myvaldetravers.ch\/de\/neuchatel-tourist-card\/#primaryimage","url":"https:\/\/www.myvaldetravers.ch\/wp-content\/uploads\/2024\/07\/Design-sans-titre-36.png","contentUrl":"https:\/\/www.myvaldetravers.ch\/wp-content\/uploads\/2024\/07\/Design-sans-titre-36.png"},{"@type":"BreadcrumbList","@id":"https:\/\/www.myvaldetravers.ch\/de\/neuchatel-tourist-card\/#breadcrumb","itemListElement":[{"@type":"ListItem","position":1,"name":"Accueil","item":"https:\/\/www.myvaldetravers.ch\/de\/"},{"@type":"ListItem","position":2,"name":"Neuch\u00e2tel Tourist Card"}]},{"@type":"WebSite","@id":"https:\/\/www.myvaldetravers.ch\/de\/#website","url":"https:\/\/www.myvaldetravers.ch\/de\/","name":"Destination Val-de-Travers","description":"Il y a toujours quelque chose \u00e0 faire au Val-de-Travers.","potentialAction":[{"@type":"SearchAction","target":{"@type":"EntryPoint","urlTemplate":"https:\/\/www.myvaldetravers.ch\/de\/?s={search_term_string}"},"query-input":{"@type":"PropertyValueSpecification","valueRequired":true,"valueName":"search_term_string"}}],"inLanguage":"de"}]}},"_links":{"self":[{"href":"https:\/\/www.myvaldetravers.ch\/de\/wp-json\/wp\/v2\/pages\/13139"}],"collection":[{"href":"https:\/\/www.myvaldetravers.ch\/de\/wp-json\/wp\/v2\/pages"}],"about":[{"href":"https:\/\/www.myvaldetravers.ch\/de\/wp-json\/wp\/v2\/types\/page"}],"author":[{"embeddable":true,"href":"https:\/\/www.myvaldetravers.ch\/de\/wp-json\/wp\/v2\/users\/73"}],"replies":[{"embeddable":true,"href":"https:\/\/www.myvaldetravers.ch\/de\/wp-json\/wp\/v2\/comments?post=13139"}],"version-history":[{"count":4,"href":"https:\/\/www.myvaldetravers.ch\/de\/wp-json\/wp\/v2\/pages\/13139\/revisions"}],"predecessor-version":[{"id":14070,"href":"https:\/\/www.myvaldetravers.ch\/de\/wp-json\/wp\/v2\/pages\/13139\/revisions\/14070"}],"wp:attachment":[{"href":"https:\/\/www.myvaldetravers.ch\/de\/wp-json\/wp\/v2\/media?parent=13139"}],"curies":[{"name":"wp","href":"https:\/\/api.w.org\/{rel}","templated":true}]}}