{"id":13796,"date":"2025-01-09T11:31:47","date_gmt":"2025-01-09T10:31:47","guid":{"rendered":"https:\/\/www.myvaldetravers.ch\/?page_id=13796"},"modified":"2025-01-17T16:09:23","modified_gmt":"2025-01-17T15:09:23","slug":"raquettes-a-neige-et-randonnees-hivernales","status":"publish","type":"page","link":"https:\/\/www.myvaldetravers.ch\/de\/raquettes-a-neige-et-randonnees-hivernales\/","title":{"rendered":"Raquettes \u00e0 neige et randonn\u00e9es hivernales"},"content":{"rendered":"<p>[vc_row][vc_column][vc_column_text]<\/p>\n<h3><strong>Profitez des raquettes et randonn\u00e9es hivernales au Val-de-Travers<\/strong><\/h3>\n<p>Quand la neige recouvre le Val-de-Travers, les paysages deviennent f\u00e9\u00e9riques. En raquettes ou \u00e0 pied, explorez des sentiers tranquilles au c\u0153ur de la nature, entre for\u00eats enneig\u00e9es et panoramas apaisants.<\/p>\n<p>Accessible \u00e0 tous les niveaux, ces balades hivernales offrent une belle occasion de se ressourcer, loin du quotidien.<\/p>\n<p>Laissez-vous tenter par la magie de l\u2019hiver et venez d\u00e9couvrir le Val-de-Travers autrement.[\/vc_column_text][vc_empty_space alter_height=&#8221;medium&#8221; hide_on_mobile=&#8221;&#8221;][\/vc_column][\/vc_row][vc_row css=&#8221;.vc_custom_1737120880380{padding-top: 143.62px !important;padding-bottom: 143.62px !important;background-image: url(https:\/\/www.myvaldetravers.ch\/wp-content\/uploads\/2025\/01\/Design-sans-titre-60.png?id=13819) !important;}&#8221;][vc_column][vc_column_text]<\/p>\n<h2 style=\"text-align: center;\"><span style=\"color: #ffffff;\">Itin\u00e9raires raquettes<\/span><\/h2>\n<p>[\/vc_column_text][\/vc_column][\/vc_row][vc_row][vc_column][vc_empty_space alter_height=&#8221;medium&#8221; hide_on_mobile=&#8221;&#8221;][vc_column_text]<\/p>\n<h4>Buttes, La Robella<\/h4>\n<p><a href=\"https:\/\/www.robella.ch\/images\/Plan_des_pistes\/Robella_hiver.png\" target=\"_blank\" rel=\"noopener\">Les deux itin\u00e9raires raquettes balis\u00e9s<\/a> de la station de ski de <a href=\"https:\/\/www.robella.ch\/fr\/raquettes.html\">La Robella<\/a> permettront aux raquettistes de tous niveaux d&#8217;explorer les for\u00eats enchanteresses du Val-de-Travers et le massif du Chasseron, loin du stress quotidien et en toute s\u00e9curit\u00e9.<\/p>\n<p><a href=\"https:\/\/map.schweizmobil.ch\/?lang=fr&amp;bgLayer=pk&amp;season=winter&amp;resolution=3.17&amp;E=2532157&amp;N=1190691&amp;photos=yes&amp;logo=yes&amp;detours=yes&amp;layers=Snowshoe&amp;trackId=1444766433\">L&#8217;itin\u00e9raire 244<\/a> de <strong>randonn\u00e9e hivernale, balis\u00e9 et r\u00e9guli\u00e8rement dam\u00e9, <\/strong>vous emm\u00e8ne entre les sapins, de la Robella au sommet du Chasseron, o\u00f9 vous pourrez admirer une vue idyllique sur le lac de Neuch\u00e2tel et les Alpes. Accordez-vous une pause gourmande \u00e0 l&#8217;<a href=\"http:\/\/www.chasseron.ch\/\" target=\"_blank\" rel=\"noopener noreferrer\">H\u00f4tel du Chasseron<\/a> (r\u00e9servation recommand\u00e9e) et d\u00e9gustez quelques sp\u00e9cialit\u00e9s de la r\u00e9gion. Depuis le Chasseron, il est possible de redescendre sur Les Rasses ou Les Cluds en suivant l&#8217;itin\u00e9raire raquettes balis\u00e9 n\u00b0 470 de Suisse Mobile, et de rentrer chez soi avec les transports publics (TRAVYS, ligne 615 pour Ste-Croix, puis Car postal ligne 392 pour Buttes).<\/p>\n<p>Le <a href=\"https:\/\/map.schweizmobil.ch\/?lang=fr&amp;bgLayer=pk&amp;season=winter&amp;resolution=10.39&amp;E=2530228&amp;N=1190563&amp;photos=yes&amp;logo=yes&amp;detours=yes&amp;layers=Snowshoe&amp;trackId=1800646784\">parcours raquettes Robella &#8211; Beauregard<\/a> est piquet\u00e9 en rose mais n&#8217;est pas dam\u00e9. Il s&#8217;agit une magnifique boucle dans des paysages hivernaux intactes, avec un point de vue remarquable sur le Val-de-Travers et au-del\u00e0, depuis le lieu-dit Petit Beauregard. Ce parcours convient pour une journ\u00e9e d&#8217;excursion en raquettes (compter 3-4 heures si vous devez faire la trace), avec pique-nique tir\u00e9 du sac au Petit-Beauregard.[\/vc_column_text][vc_column_text]<\/p>\n<h2 style=\"text-align: center;\"><span style=\"color: #ffffff;\">Itin\u00e9raires raquettes<\/span><\/h2>\n<p>[\/vc_column_text][vc_column_text]<\/p>\n<h4>Les Cernets-s\/Les Verri\u00e8res<\/h4>\n<p>Situ\u00e9 \u00e0 la crois\u00e9e du Val-de-Travers et de la Vall\u00e9e de la Br\u00e9vine, ce <a href=\"https:\/\/map.schweizmobil.ch\/?lang=fr&amp;bgLayer=pk&amp;resolution=5.7&amp;E=2526232&amp;N=1197294&amp;season=winter&amp;photos=yes&amp;logo=yes&amp;detours=yes&amp;trackId=703149662\">parcours<\/a> en bordure de for\u00eat d\u00e9voile de vastes horizons et des paysages typiques du Jura. Depuis l&#8217;H\u00f4tel des Cernets, vous pourrez rejoindre la grotte de Vers-chez-le-Brandt. Un raccourci existe juste apr\u00e8s le sommet panoramique du Pussin, qui vous offrira d&#8217;ailleurs une magnifique vue sur le Mont-Blanc.[\/vc_column_text][vc_column_text]<\/p>\n<h2 style=\"text-align: center;\"><span style=\"color: #ffffff;\">Itin\u00e9raires raquettes<\/span><\/h2>\n<p>[\/vc_column_text][vc_column_text]<\/p>\n<h4>La Br\u00e9vine &#8211; Mont Ch\u00e2teleu (France)<\/h4>\n<div class=\"group\/conversation-turn relative flex w-full min-w-0 flex-col agent-turn\">\n<div class=\"flex-col gap-1 md:gap-3\">\n<div class=\"flex max-w-full flex-col flex-grow\">\n<div class=\"min-h-8 text-message flex w-full flex-col items-end gap-2 whitespace-normal break-words text-start [.text-message+&amp;]:mt-5\" dir=\"auto\" data-message-author-role=\"assistant\" data-message-id=\"cc6503a0-f47a-4321-864e-664910512e59\" data-message-model-slug=\"gpt-4o\">\n<div class=\"flex w-full flex-col gap-1 empty:hidden first:pt-[3px]\">\n<div class=\"markdown prose w-full break-words dark:prose-invert light\">\n<p>Ce parcours (<a href=\"https:\/\/map.wanderland.ch\/?lang=fr&amp;route=all&amp;bgLayer=pk&amp;resolution=1.68&amp;season=winter&amp;E=2535438&amp;N=1204330&amp;photos=yes&amp;logo=yes&amp;detours=yes&amp;trackId=68008707\">Suisse Mobile n\u00b0241<\/a>) transfrontalier d\u00e9bute \u00e0 La Br\u00e9vine. L\u00e0 vous entamez une mont\u00e9e en direction du Mont-Ch\u00e2teleu, franchissant la fronti\u00e8re entre la France et la Suisse. En chemin, une vue spectaculaire s&#8217;offre \u00e0 vous : la vall\u00e9e de La Br\u00e9vine, la cha\u00eene des Alpes en arri\u00e8re-plan, et le Val Morteau au nord. Pour une halte gourmande, arr\u00eatez-vous \u00e0 l&#8217;Auberge du Ch\u00e2teleu en France (r\u00e9servation recommand\u00e9e)<\/p>\n<\/div>\n<\/div>\n<\/div>\n<\/div>\n<\/div>\n<\/div>\n<p>[\/vc_column_text][vc_empty_space alter_height=&#8221;medium&#8221; hide_on_mobile=&#8221;&#8221;][vc_column_text]<\/p>\n<h4>Sommartel<\/h4>\n<div class=\"group\/conversation-turn relative flex w-full min-w-0 flex-col agent-turn\">\n<div class=\"flex-col gap-1 md:gap-3\">\n<div class=\"flex max-w-full flex-col flex-grow\">\n<div class=\"min-h-8 text-message flex w-full flex-col items-end gap-2 whitespace-normal break-words text-start [.text-message+&amp;]:mt-5\" dir=\"auto\" data-message-author-role=\"assistant\" data-message-id=\"cc6503a0-f47a-4321-864e-664910512e59\" data-message-model-slug=\"gpt-4o\">\n<div class=\"flex w-full flex-col gap-1 empty:hidden first:pt-[3px]\">\n<div class=\"markdown prose w-full break-words dark:prose-invert light\">\n<p>La Ville du Locle vous propose <a href=\"https:\/\/www.lelocle.ch\/wp-content\/uploads\/2021\/02\/parcours-raquettes-2021.pdf\">ses parcours raquettes balis\u00e9s<\/a>, dont celui menant des Ponts-de-Martel (ou du col de la Grande Joux) au sommet du Grand Sommartel via la Pinte de la Petite Joux et le Restaurant du Petit-Sommartel. Pour cette balade, la descente s&#8217;effectue par la m\u00eame trace, ou bien sur Le Locle ou La Sagne.<\/p>\n<p>Sommartel en travers\u00e9e nord-sud est une autre proposition. Cette itin\u00e9raire raquettes (<a href=\"https:\/\/schweizmobil.ch\/fr\/randonnees-en-raquettes\/itineraire-242\">Suisse Mobile n\u00b0 242)<\/a>, relie Le Locle \u00e0 La Sagne par le sommet du Sommartel. Veuillez noter : cet hiver 2024-2025, le Restaurant du Grand Sommartel est ferm\u00e9. Prenez votre pique-nique et thermos avec vous, ou bien faites le d\u00e9tour par le Restaurant du Petit-Sommartel.<\/p>\n<\/div>\n<\/div>\n<\/div>\n<\/div>\n<\/div>\n<\/div>\n<p>[\/vc_column_text][vc_empty_space alter_height=&#8221;medium&#8221; hide_on_mobile=&#8221;&#8221;][vc_column_text]<\/p>\n<h4>Rochers de Tablettes<\/h4>\n<div class=\"group\/conversation-turn relative flex w-full min-w-0 flex-col agent-turn\">\n<div class=\"flex-col gap-1 md:gap-3\">\n<div class=\"flex max-w-full flex-col flex-grow\">\n<div class=\"min-h-8 text-message flex w-full flex-col items-end gap-2 whitespace-normal break-words text-start [.text-message+&amp;]:mt-5\" dir=\"auto\" data-message-author-role=\"assistant\" data-message-id=\"cc6503a0-f47a-4321-864e-664910512e59\" data-message-model-slug=\"gpt-4o\">\n<div class=\"flex w-full flex-col gap-1 empty:hidden first:pt-[3px]\">\n<div class=\"markdown prose w-full break-words dark:prose-invert light\">\n<p>Pour un parcours plus court, optez pour <a href=\"https:\/\/map.wanderland.ch\/?lang=fr&amp;route=all&amp;bgLayer=pk&amp;resolution=2.23&amp;season=winter&amp;E=2550769&amp;N=1203686&amp;logo=yes&amp;photos=yes&amp;detours=yes&amp;trackId=5130310\">cette balade<\/a>. Une belle ascension \u00e0 travers la for\u00eat m\u00e8ne au spectaculaire belv\u00e9d\u00e8re des Rochers de Tablettes, offrant une vue d\u00e9gag\u00e9e sur les Trois-Lacs, le Plateau et les Alpes en toile de fond.<\/p>\n<\/div>\n<\/div>\n<\/div>\n<\/div>\n<\/div>\n<\/div>\n<p>[\/vc_column_text][vc_empty_space alter_height=&#8221;medium&#8221; hide_on_mobile=&#8221;&#8221;][vc_column_text]<\/p>\n<h4>Le Plateau des Granges et Mont-des-Cerfs (Canton de Vaud)<\/h4>\n<div class=\"group\/conversation-turn relative flex w-full min-w-0 flex-col agent-turn\">\n<div class=\"flex-col gap-1 md:gap-3\">\n<div class=\"flex max-w-full flex-col flex-grow\">\n<div class=\"min-h-8 text-message flex w-full flex-col items-end gap-2 whitespace-normal break-words text-start [.text-message+&amp;]:mt-5\" dir=\"auto\" data-message-author-role=\"assistant\" data-message-id=\"cc6503a0-f47a-4321-864e-664910512e59\" data-message-model-slug=\"gpt-4o\">\n<div class=\"flex w-full flex-col gap-1 empty:hidden first:pt-[3px]\">\n<div class=\"markdown prose w-full break-words dark:prose-invert light\">\n<p>Depuis le Col-des-Etroits (\u00e0 la limite du Val-de-Travers), cette boucle (<a href=\"https:\/\/schweizmobil.ch\/fr\/randonnees-en-raquettes\/itineraire-469\">Suisse Mobile n\u00b0469<\/a>) vous permet de rejoindre L&#8217;Auberson, petit village-rue du canton de Vaud, puis le hameau La Vraconnaz. N&#8217;h\u00e9sitez pas \u00e0 faire une halte r\u00e9confortante au Tea-Room chez Taggi en chemin!<\/p>\n<p>Un autre parcours au d\u00e9part du Col-des-Etroits (<a href=\"https:\/\/schweizmobil.ch\/fr\/randonnees-en-raquettes\/itineraire-471\">Suisse Mobile n\u00b0471<\/a>) vous fera passer au sud de L&#8217;Auberson, puis sur le Mont-des-Cerfs. Ici, profitez de vous r\u00e9galer au G\u00eete rural du Mont-des-Cerfs.<\/p>\n<\/div>\n<\/div>\n<\/div>\n<\/div>\n<\/div>\n<\/div>\n<p>[\/vc_column_text][vc_empty_space alter_height=&#8221;medium&#8221; hide_on_mobile=&#8221;&#8221;][\/vc_column][\/vc_row][vc_row css=&#8221;.vc_custom_1737124666121{padding-top: 143.62px !important;padding-bottom: 143.62px !important;background-image: url(https:\/\/www.myvaldetravers.ch\/wp-content\/uploads\/2025\/01\/Design-sans-titre-61.png?id=13832) !important;}&#8221;][vc_column][vc_column_text]<\/p>\n<h2 style=\"text-align: center;\"><span style=\"color: #ffffff;\">Randonn\u00e9es hivernales<\/span><\/h2>\n<p>[\/vc_column_text][\/vc_column][\/vc_row][vc_row][vc_column][vc_empty_space alter_height=&#8221;medium&#8221; hide_on_mobile=&#8221;&#8221;][vc_column_text]<\/p>\n<h4>Robella &#8211; Chasseron<\/h4>\n<div class=\"group\/conversation-turn relative flex w-full min-w-0 flex-col agent-turn\">\n<div class=\"flex-col gap-1 md:gap-3\">\n<div class=\"flex max-w-full flex-col flex-grow\">\n<div class=\"min-h-8 text-message flex w-full flex-col items-end gap-2 whitespace-normal break-words text-start [.text-message+&amp;]:mt-5\" dir=\"auto\" data-message-author-role=\"assistant\" data-message-id=\"cc6503a0-f47a-4321-864e-664910512e59\" data-message-model-slug=\"gpt-4o\">\n<div class=\"flex w-full flex-col gap-1 empty:hidden first:pt-[3px]\">\n<div class=\"markdown prose w-full break-words dark:prose-invert light\">\n<div class=\"group\/conversation-turn relative flex w-full min-w-0 flex-col agent-turn\">\n<div class=\"flex-col gap-1 md:gap-3\">\n<div class=\"flex max-w-full flex-col flex-grow\">\n<div class=\"min-h-8 text-message flex w-full flex-col items-end gap-2 whitespace-normal break-words text-start [.text-message+&amp;]:mt-5\" dir=\"auto\" data-message-author-role=\"assistant\" data-message-id=\"9c24f4c2-5f1f-4a0a-8b70-d63f3fe29ae3\" data-message-model-slug=\"gpt-4o\">\n<div class=\"flex w-full flex-col gap-1 empty:hidden first:pt-[3px]\">\n<div class=\"markdown prose w-full break-words dark:prose-invert light\">\n<p>Cet <a href=\"https:\/\/schweizmobil.ch\/fr\/randonnees-en-raquettes\/itineraire-244\">itin\u00e9raire de randonn\u00e9e hivernale<\/a> vous guide \u00e0 travers les sapins, de la Robella jusqu&#8217;au sommet du Chasseron. L\u00e0, un panorama enchanteur sur le lac de Neuch\u00e2tel et les Alpes vous attend. Profitez d&#8217;une pause gourmande \u00e0 l&#8217;H\u00f4tel du Chasseron et sa terrasse panoramique chauff\u00e9e (r\u00e9servations recommand\u00e9es) pour savourer les sp\u00e9cialit\u00e9s de la r\u00e9gion. Le parcours est balis\u00e9 et entretenu r\u00e9guli\u00e8rement, selon les <a href=\"https:\/\/www.robella.ch\/fr\/horaires\/horaires-d-hiver.html\">conditions m\u00e9t\u00e9orologiques<\/a>.<\/p>\n<p>Bon \u00e0 savoir: Il est possible de redescendre sur Les Rasses ou Les Cluds en suivant l&#8217;itin\u00e9raire raquettes balis\u00e9 n\u00b0 470 de Suisse Mobile, et de rentrer chez soi avec les transports publics (TRAVYS, ligne 615 pour Ste-Croix, puis Car postal ligne 392 pour Buttes).<\/p>\n<\/div>\n<\/div>\n<\/div>\n<\/div>\n<\/div>\n<\/div>\n<\/div>\n<\/div>\n<\/div>\n<\/div>\n<\/div>\n<\/div>\n<p>[\/vc_column_text][vc_empty_space alter_height=&#8221;medium&#8221; hide_on_mobile=&#8221;&#8221;][vc_column_text]<\/p>\n<h4>Parcours Bourbaki aux Verri\u00e8res<\/h4>\n<div class=\"group\/conversation-turn relative flex w-full min-w-0 flex-col agent-turn\">\n<div class=\"flex-col gap-1 md:gap-3\">\n<div class=\"flex max-w-full flex-col flex-grow\">\n<div class=\"min-h-8 text-message flex w-full flex-col items-end gap-2 whitespace-normal break-words text-start [.text-message+&amp;]:mt-5\" dir=\"auto\" data-message-author-role=\"assistant\" data-message-id=\"cc6503a0-f47a-4321-864e-664910512e59\" data-message-model-slug=\"gpt-4o\">\n<div class=\"flex w-full flex-col gap-1 empty:hidden first:pt-[3px]\">\n<div class=\"markdown prose w-full break-words dark:prose-invert light\">\n<div class=\"group\/conversation-turn relative flex w-full min-w-0 flex-col agent-turn\">\n<div class=\"flex-col gap-1 md:gap-3\">\n<div class=\"flex max-w-full flex-col flex-grow\">\n<div class=\"min-h-8 text-message flex w-full flex-col items-end gap-2 whitespace-normal break-words text-start [.text-message+&amp;]:mt-5\" dir=\"auto\" data-message-author-role=\"assistant\" data-message-id=\"9c24f4c2-5f1f-4a0a-8b70-d63f3fe29ae3\" data-message-model-slug=\"gpt-4o\">\n<div class=\"flex w-full flex-col gap-1 empty:hidden first:pt-[3px]\">\n<div class=\"markdown prose w-full break-words dark:prose-invert light\">\n<p>Le <a href=\"https:\/\/www.bourbaki-verrieres.ch\/02-le-parcours.html\">parcours didactique des Bourbaki aux Verri\u00e8res<\/a> est \u00e9galement praticable en hiver, et repr\u00e9sente donc une promenade d&#8217;environ 1h30 dans la localit\u00e9. Le d\u00e9part se fait depuis la gare des Verri\u00e8res (arr\u00eat de bus transN, ligne n\u00b0 590). En passant devant l&#8217;h\u00f4tel-restaurant de l&#8217;H\u00f4tel-de-Ville, sur la droite de celui-ci, le kiosque napol\u00e9onien en bois vous propose la documentation papier de cet itin\u00e9raire, avec mention des hauts faits humanitaires de cet \u00e9v\u00e9nement historique. Le Temple des Verri\u00e8res, chauff\u00e9, est en g\u00e9n\u00e9ral accessible. L&#8217;escalier descendant devant le b\u00e2timent de la douane des Verri\u00e8res donne acc\u00e8s \u00e0 des WC toujours ouvert. Au retour, entre le wagon et le panneau fribourgeois, il se peut que la piste carrossable soit dam\u00e9e ; si toutefois impraticable, n&#8217;h\u00e9sitez pas \u00e0 pratiquer le pont routier sur la voie de chemin de fer. A l&#8217;arriv\u00e9e \u00e0 l&#8217;H\u00f4tel-de-Ville, n&#8217;oubliez pas de monter au 1er \u00e9tage voir la salle Bourbaki comprenant la reproduction du Panorama Bourbaki d&#8217;Edouard Castres, et le petit mus\u00e9e sur cette th\u00e9matique.<\/p>\n<\/div>\n<\/div>\n<\/div>\n<\/div>\n<\/div>\n<\/div>\n<\/div>\n<\/div>\n<\/div>\n<\/div>\n<\/div>\n<\/div>\n<p>[\/vc_column_text][vc_empty_space alter_height=&#8221;medium&#8221; hide_on_mobile=&#8221;&#8221;][vc_column_text]<\/p>\n<h4>La Br\u00e9vine &#8211; Les Taill\u00e8res &#8211; B\u00e9mont<\/h4>\n<div class=\"group\/conversation-turn relative flex w-full min-w-0 flex-col agent-turn\">\n<div class=\"flex-col gap-1 md:gap-3\">\n<div class=\"flex max-w-full flex-col flex-grow\">\n<div class=\"min-h-8 text-message flex w-full flex-col items-end gap-2 whitespace-normal break-words text-start [.text-message+&amp;]:mt-5\" dir=\"auto\" data-message-author-role=\"assistant\" data-message-id=\"cc6503a0-f47a-4321-864e-664910512e59\" data-message-model-slug=\"gpt-4o\">\n<div class=\"flex w-full flex-col gap-1 empty:hidden first:pt-[3px]\">\n<div class=\"markdown prose w-full break-words dark:prose-invert light\">\n<div class=\"group\/conversation-turn relative flex w-full min-w-0 flex-col agent-turn\">\n<div class=\"flex-col gap-1 md:gap-3\">\n<div class=\"flex max-w-full flex-col flex-grow\">\n<div class=\"min-h-8 text-message flex w-full flex-col items-end gap-2 whitespace-normal break-words text-start [.text-message+&amp;]:mt-5\" dir=\"auto\" data-message-author-role=\"assistant\" data-message-id=\"9c24f4c2-5f1f-4a0a-8b70-d63f3fe29ae3\" data-message-model-slug=\"gpt-4o\">\n<div class=\"flex w-full flex-col gap-1 empty:hidden first:pt-[3px]\">\n<div class=\"markdown prose w-full break-words dark:prose-invert light\">\n<p>Bienvenue dans la \u00ab Sib\u00e9rie de la Suisse \u00bb, o\u00f9, malgr\u00e9 les temp\u00e9ratures glaciales, vous ne finirez pas fig\u00e9 comme l\u2019eau du lac des Taill\u00e8res, qui borde ce magnifique itin\u00e9raire de randonn\u00e9e (<a href=\"https:\/\/schweizmobil.ch\/fr\/randonnees-hivernales\/itineraire-804\">Suisse Mobile n\u00b0 804<\/a>).<\/p>\n<\/div>\n<\/div>\n<\/div>\n<\/div>\n<\/div>\n<\/div>\n<\/div>\n<\/div>\n<\/div>\n<\/div>\n<\/div>\n<\/div>\n<p>[\/vc_column_text][vc_empty_space alter_height=&#8221;medium&#8221; hide_on_mobile=&#8221;&#8221;][vc_column_text]<\/p>\n<h4>Les Ponts-de-Martel &#8211; Les Petits-Ponts ou Brot-Dessus<\/h4>\n<div class=\"group\/conversation-turn relative flex w-full min-w-0 flex-col agent-turn\">\n<div class=\"flex-col gap-1 md:gap-3\">\n<div class=\"flex max-w-full flex-col flex-grow\">\n<div class=\"min-h-8 text-message flex w-full flex-col items-end gap-2 whitespace-normal break-words text-start [.text-message+&amp;]:mt-5\" dir=\"auto\" data-message-author-role=\"assistant\" data-message-id=\"cc6503a0-f47a-4321-864e-664910512e59\" data-message-model-slug=\"gpt-4o\">\n<div class=\"flex w-full flex-col gap-1 empty:hidden first:pt-[3px]\">\n<div class=\"markdown prose w-full break-words dark:prose-invert light\">\n<div class=\"group\/conversation-turn relative flex w-full min-w-0 flex-col agent-turn\">\n<div class=\"flex-col gap-1 md:gap-3\">\n<div class=\"flex max-w-full flex-col flex-grow\">\n<div class=\"min-h-8 text-message flex w-full flex-col items-end gap-2 whitespace-normal break-words text-start [.text-message+&amp;]:mt-5\" dir=\"auto\" data-message-author-role=\"assistant\" data-message-id=\"9c24f4c2-5f1f-4a0a-8b70-d63f3fe29ae3\" data-message-model-slug=\"gpt-4o\">\n<div class=\"flex w-full flex-col gap-1 empty:hidden first:pt-[3px]\">\n<div class=\"markdown prose w-full break-words dark:prose-invert light\">\n<p>Depuis Les Ponts-de-Martel (d\u00e9part pr\u00e8s du parking du Bugnon), cette balade vous m\u00e8ne jusqu&#8217;\u00e0 l&#8217;Eau Souffr\u00e9e. Ensuite, partez soit vers Les Petits-Ponts, soit vers Brot-Dessus. En tout jusqu&#8217;\u00e0 7-8 km de <a href=\"https:\/\/www.neuchatelskidefond.ch\/centres\/les-ponts-de-martel\/\">chemin dam\u00e9s par le Centre Nordique<\/a> des Ponts-de-Martel vous offriront un cadre enchanteur!<\/p>\n<\/div>\n<\/div>\n<\/div>\n<\/div>\n<\/div>\n<\/div>\n<\/div>\n<\/div>\n<\/div>\n<\/div>\n<\/div>\n<\/div>\n<p>[\/vc_column_text][vc_empty_space alter_height=&#8221;medium&#8221; hide_on_mobile=&#8221;&#8221;][vc_column_text]<\/p>\n<h4>Rochers de Tablettes<\/h4>\n<div class=\"group\/conversation-turn relative flex w-full min-w-0 flex-col agent-turn\">\n<div class=\"flex-col gap-1 md:gap-3\">\n<div class=\"flex max-w-full flex-col flex-grow\">\n<div class=\"min-h-8 text-message flex w-full flex-col items-end gap-2 whitespace-normal break-words text-start [.text-message+&amp;]:mt-5\" dir=\"auto\" data-message-author-role=\"assistant\" data-message-id=\"cc6503a0-f47a-4321-864e-664910512e59\" data-message-model-slug=\"gpt-4o\">\n<div class=\"flex w-full flex-col gap-1 empty:hidden first:pt-[3px]\">\n<div class=\"markdown prose w-full break-words dark:prose-invert light\">\n<div class=\"group\/conversation-turn relative flex w-full min-w-0 flex-col agent-turn\">\n<div class=\"flex-col gap-1 md:gap-3\">\n<div class=\"flex max-w-full flex-col flex-grow\">\n<div class=\"min-h-8 text-message flex w-full flex-col items-end gap-2 whitespace-normal break-words text-start [.text-message+&amp;]:mt-5\" dir=\"auto\" data-message-author-role=\"assistant\" data-message-id=\"9c24f4c2-5f1f-4a0a-8b70-d63f3fe29ae3\" data-message-model-slug=\"gpt-4o\">\n<div class=\"flex w-full flex-col gap-1 empty:hidden first:pt-[3px]\">\n<div class=\"markdown prose w-full break-words dark:prose-invert light\">\n<p>Depuis le col de la Tourne, empruntez un <a href=\"https:\/\/map.schweizmobil.ch\/?lang=fr&amp;bgLayer=pk&amp;resolution=1.46&amp;E=2550582&amp;N=1203671&amp;season=winter&amp;photos=yes&amp;logo=yes&amp;detours=yes&amp;trackId=1354817815\">sentier<\/a> paisible qui monte l\u00e9g\u00e8rement jusqu&#8217;au superbe belv\u00e9d\u00e8re du Rocher de Tablettes. Une fois arriv\u00e9, profitez d\u2019un panorama exceptionnel sur les Trois-Lacs, le Plateau et les Alpes. Le retour s\u2019effectue par le m\u00eame itin\u00e9raire.<\/p>\n<\/div>\n<\/div>\n<\/div>\n<\/div>\n<\/div>\n<\/div>\n<\/div>\n<\/div>\n<\/div>\n<\/div>\n<\/div>\n<\/div>\n<p>[\/vc_column_text][vc_empty_space alter_height=&#8221;medium&#8221; hide_on_mobile=&#8221;&#8221;][vc_column_text]<\/p>\n<h4>Plateau des Granges (Canton de Vaud)<\/h4>\n<div class=\"group\/conversation-turn relative flex w-full min-w-0 flex-col agent-turn\">\n<div class=\"flex-col gap-1 md:gap-3\">\n<div class=\"flex max-w-full flex-col flex-grow\">\n<div class=\"min-h-8 text-message flex w-full flex-col items-end gap-2 whitespace-normal break-words text-start [.text-message+&amp;]:mt-5\" dir=\"auto\" data-message-author-role=\"assistant\" data-message-id=\"cc6503a0-f47a-4321-864e-664910512e59\" data-message-model-slug=\"gpt-4o\">\n<div class=\"flex w-full flex-col gap-1 empty:hidden first:pt-[3px]\">\n<div class=\"markdown prose w-full break-words dark:prose-invert light\">\n<div class=\"group\/conversation-turn relative flex w-full min-w-0 flex-col agent-turn\">\n<div class=\"flex-col gap-1 md:gap-3\">\n<div class=\"flex max-w-full flex-col flex-grow\">\n<div class=\"min-h-8 text-message flex w-full flex-col items-end gap-2 whitespace-normal break-words text-start [.text-message+&amp;]:mt-5\" dir=\"auto\" data-message-author-role=\"assistant\" data-message-id=\"9c24f4c2-5f1f-4a0a-8b70-d63f3fe29ae3\" data-message-model-slug=\"gpt-4o\">\n<div class=\"flex w-full flex-col gap-1 empty:hidden first:pt-[3px]\">\n<div class=\"markdown prose w-full break-words dark:prose-invert light\">\n<p><a href=\"https:\/\/static.mycity.travel\/manage\/uploads\/6\/27\/70519\/1\/randonnee-hiver-l-auberson.pdf\">Cette boucle<\/a> depuis la salle de gymnastique de L&#8217;Auberson (VD), d&#8217;une dur\u00e9e d&#8217;environ 45 minutes, permet une bonne appr\u00e9ciation de ce magnifique site nordique.<\/p>\n<\/div>\n<\/div>\n<\/div>\n<\/div>\n<\/div>\n<\/div>\n<\/div>\n<\/div>\n<\/div>\n<\/div>\n<\/div>\n<\/div>\n<p>[\/vc_column_text][vc_empty_space alter_height=&#8221;medium&#8221; hide_on_mobile=&#8221;&#8221;][\/vc_column][\/vc_row]<\/p>\n","protected":false},"excerpt":{"rendered":"<p>[vc_row][vc_column][vc_column_text] Profitez des raquettes et randonn\u00e9es hivernales au Val-de-Travers Quand la neige recouvre le Val-de-Travers, les paysages deviennent f\u00e9\u00e9riques. En raquettes ou \u00e0 pied, explorez des sentiers tranquilles au c\u0153ur&hellip;<\/p>\n","protected":false},"author":73,"featured_media":13721,"parent":0,"menu_order":0,"comment_status":"closed","ping_status":"closed","template":"","meta":{"footnotes":""},"yoast_head":"<!-- This site is optimized with the Yoast SEO plugin v23.5 - https:\/\/yoast.com\/wordpress\/plugins\/seo\/ -->\n<title>Raquettes \u00e0 neige et randonn\u00e9es hivernales - Destination Val-de-Travers<\/title>\n<meta name=\"robots\" content=\"index, follow, max-snippet:-1, max-image-preview:large, max-video-preview:-1\" \/>\n<link rel=\"canonical\" href=\"https:\/\/www.myvaldetravers.ch\/de\/raquettes-a-neige-et-randonnees-hivernales\/\" \/>\n<meta property=\"og:locale\" content=\"de_DE\" \/>\n<meta property=\"og:type\" content=\"article\" \/>\n<meta property=\"og:title\" content=\"Raquettes \u00e0 neige et randonn\u00e9es hivernales - Destination Val-de-Travers\" \/>\n<meta property=\"og:description\" content=\"[vc_row][vc_column][vc_column_text] Profitez des raquettes et randonn\u00e9es hivernales au Val-de-Travers Quand la neige recouvre le Val-de-Travers, les paysages deviennent f\u00e9\u00e9riques. En raquettes ou \u00e0 pied, explorez des sentiers tranquilles au c\u0153ur&hellip;\" \/>\n<meta property=\"og:url\" content=\"https:\/\/www.myvaldetravers.ch\/de\/raquettes-a-neige-et-randonnees-hivernales\/\" \/>\n<meta property=\"og:site_name\" content=\"Destination Val-de-Travers\" \/>\n<meta property=\"article:publisher\" content=\"https:\/\/www.facebook.com\/DestinationValdeTravers\/\" \/>\n<meta property=\"article:modified_time\" content=\"2025-01-17T15:09:23+00:00\" \/>\n<meta property=\"og:image\" content=\"https:\/\/www.myvaldetravers.ch\/wp-content\/uploads\/2024\/11\/Design-sans-titre-58-1024x321.png\" \/>\n\t<meta property=\"og:image:width\" content=\"1024\" \/>\n\t<meta property=\"og:image:height\" content=\"321\" \/>\n\t<meta property=\"og:image:type\" content=\"image\/png\" \/>\n<meta name=\"twitter:card\" content=\"summary_large_image\" \/>\n<meta name=\"twitter:label1\" content=\"Gesch\u00e4tzte Lesezeit\" \/>\n\t<meta name=\"twitter:data1\" content=\"7\u00a0Minuten\" \/>\n<script type=\"application\/ld+json\" class=\"yoast-schema-graph\">{\"@context\":\"https:\/\/schema.org\",\"@graph\":[{\"@type\":\"WebPage\",\"@id\":\"https:\/\/www.myvaldetravers.ch\/de\/raquettes-a-neige-et-randonnees-hivernales\/\",\"url\":\"https:\/\/www.myvaldetravers.ch\/de\/raquettes-a-neige-et-randonnees-hivernales\/\",\"name\":\"Raquettes \u00e0 neige et randonn\u00e9es hivernales - Destination Val-de-Travers\",\"isPartOf\":{\"@id\":\"https:\/\/www.myvaldetravers.ch\/de\/#website\"},\"primaryImageOfPage\":{\"@id\":\"https:\/\/www.myvaldetravers.ch\/de\/raquettes-a-neige-et-randonnees-hivernales\/#primaryimage\"},\"image\":{\"@id\":\"https:\/\/www.myvaldetravers.ch\/de\/raquettes-a-neige-et-randonnees-hivernales\/#primaryimage\"},\"thumbnailUrl\":\"https:\/\/www.myvaldetravers.ch\/wp-content\/uploads\/2024\/11\/Design-sans-titre-58.png\",\"datePublished\":\"2025-01-09T10:31:47+00:00\",\"dateModified\":\"2025-01-17T15:09:23+00:00\",\"breadcrumb\":{\"@id\":\"https:\/\/www.myvaldetravers.ch\/de\/raquettes-a-neige-et-randonnees-hivernales\/#breadcrumb\"},\"inLanguage\":\"de\",\"potentialAction\":[{\"@type\":\"ReadAction\",\"target\":[\"https:\/\/www.myvaldetravers.ch\/de\/raquettes-a-neige-et-randonnees-hivernales\/\"]}]},{\"@type\":\"ImageObject\",\"inLanguage\":\"de\",\"@id\":\"https:\/\/www.myvaldetravers.ch\/de\/raquettes-a-neige-et-randonnees-hivernales\/#primaryimage\",\"url\":\"https:\/\/www.myvaldetravers.ch\/wp-content\/uploads\/2024\/11\/Design-sans-titre-58.png\",\"contentUrl\":\"https:\/\/www.myvaldetravers.ch\/wp-content\/uploads\/2024\/11\/Design-sans-titre-58.png\",\"width\":1919,\"height\":601,\"caption\":\"Paysage hivernal \u00e0 la Ribella\"},{\"@type\":\"BreadcrumbList\",\"@id\":\"https:\/\/www.myvaldetravers.ch\/de\/raquettes-a-neige-et-randonnees-hivernales\/#breadcrumb\",\"itemListElement\":[{\"@type\":\"ListItem\",\"position\":1,\"name\":\"Accueil\",\"item\":\"https:\/\/www.myvaldetravers.ch\/de\/\"},{\"@type\":\"ListItem\",\"position\":2,\"name\":\"Raquettes \u00e0 neige et randonn\u00e9es hivernales\"}]},{\"@type\":\"WebSite\",\"@id\":\"https:\/\/www.myvaldetravers.ch\/de\/#website\",\"url\":\"https:\/\/www.myvaldetravers.ch\/de\/\",\"name\":\"Destination Val-de-Travers\",\"description\":\"Il y a toujours quelque chose \u00e0 faire au Val-de-Travers.\",\"potentialAction\":[{\"@type\":\"SearchAction\",\"target\":{\"@type\":\"EntryPoint\",\"urlTemplate\":\"https:\/\/www.myvaldetravers.ch\/de\/?s={search_term_string}\"},\"query-input\":{\"@type\":\"PropertyValueSpecification\",\"valueRequired\":true,\"valueName\":\"search_term_string\"}}],\"inLanguage\":\"de\"}]}<\/script>\n<!-- \/ Yoast SEO plugin. -->","yoast_head_json":{"title":"Raquettes \u00e0 neige et randonn\u00e9es hivernales - Destination Val-de-Travers","robots":{"index":"index","follow":"follow","max-snippet":"max-snippet:-1","max-image-preview":"max-image-preview:large","max-video-preview":"max-video-preview:-1"},"canonical":"https:\/\/www.myvaldetravers.ch\/de\/raquettes-a-neige-et-randonnees-hivernales\/","og_locale":"de_DE","og_type":"article","og_title":"Raquettes \u00e0 neige et randonn\u00e9es hivernales - Destination Val-de-Travers","og_description":"[vc_row][vc_column][vc_column_text] Profitez des raquettes et randonn\u00e9es hivernales au Val-de-Travers Quand la neige recouvre le Val-de-Travers, les paysages deviennent f\u00e9\u00e9riques. En raquettes ou \u00e0 pied, explorez des sentiers tranquilles au c\u0153ur&hellip;","og_url":"https:\/\/www.myvaldetravers.ch\/de\/raquettes-a-neige-et-randonnees-hivernales\/","og_site_name":"Destination Val-de-Travers","article_publisher":"https:\/\/www.facebook.com\/DestinationValdeTravers\/","article_modified_time":"2025-01-17T15:09:23+00:00","og_image":[{"width":1024,"height":321,"url":"https:\/\/www.myvaldetravers.ch\/wp-content\/uploads\/2024\/11\/Design-sans-titre-58-1024x321.png","type":"image\/png"}],"twitter_card":"summary_large_image","twitter_misc":{"Gesch\u00e4tzte Lesezeit":"7\u00a0Minuten"},"schema":{"@context":"https:\/\/schema.org","@graph":[{"@type":"WebPage","@id":"https:\/\/www.myvaldetravers.ch\/de\/raquettes-a-neige-et-randonnees-hivernales\/","url":"https:\/\/www.myvaldetravers.ch\/de\/raquettes-a-neige-et-randonnees-hivernales\/","name":"Raquettes \u00e0 neige et randonn\u00e9es hivernales - Destination Val-de-Travers","isPartOf":{"@id":"https:\/\/www.myvaldetravers.ch\/de\/#website"},"primaryImageOfPage":{"@id":"https:\/\/www.myvaldetravers.ch\/de\/raquettes-a-neige-et-randonnees-hivernales\/#primaryimage"},"image":{"@id":"https:\/\/www.myvaldetravers.ch\/de\/raquettes-a-neige-et-randonnees-hivernales\/#primaryimage"},"thumbnailUrl":"https:\/\/www.myvaldetravers.ch\/wp-content\/uploads\/2024\/11\/Design-sans-titre-58.png","datePublished":"2025-01-09T10:31:47+00:00","dateModified":"2025-01-17T15:09:23+00:00","breadcrumb":{"@id":"https:\/\/www.myvaldetravers.ch\/de\/raquettes-a-neige-et-randonnees-hivernales\/#breadcrumb"},"inLanguage":"de","potentialAction":[{"@type":"ReadAction","target":["https:\/\/www.myvaldetravers.ch\/de\/raquettes-a-neige-et-randonnees-hivernales\/"]}]},{"@type":"ImageObject","inLanguage":"de","@id":"https:\/\/www.myvaldetravers.ch\/de\/raquettes-a-neige-et-randonnees-hivernales\/#primaryimage","url":"https:\/\/www.myvaldetravers.ch\/wp-content\/uploads\/2024\/11\/Design-sans-titre-58.png","contentUrl":"https:\/\/www.myvaldetravers.ch\/wp-content\/uploads\/2024\/11\/Design-sans-titre-58.png","width":1919,"height":601,"caption":"Paysage hivernal \u00e0 la Ribella"},{"@type":"BreadcrumbList","@id":"https:\/\/www.myvaldetravers.ch\/de\/raquettes-a-neige-et-randonnees-hivernales\/#breadcrumb","itemListElement":[{"@type":"ListItem","position":1,"name":"Accueil","item":"https:\/\/www.myvaldetravers.ch\/de\/"},{"@type":"ListItem","position":2,"name":"Raquettes \u00e0 neige et randonn\u00e9es hivernales"}]},{"@type":"WebSite","@id":"https:\/\/www.myvaldetravers.ch\/de\/#website","url":"https:\/\/www.myvaldetravers.ch\/de\/","name":"Destination Val-de-Travers","description":"Il y a toujours quelque chose \u00e0 faire au Val-de-Travers.","potentialAction":[{"@type":"SearchAction","target":{"@type":"EntryPoint","urlTemplate":"https:\/\/www.myvaldetravers.ch\/de\/?s={search_term_string}"},"query-input":{"@type":"PropertyValueSpecification","valueRequired":true,"valueName":"search_term_string"}}],"inLanguage":"de"}]}},"_links":{"self":[{"href":"https:\/\/www.myvaldetravers.ch\/de\/wp-json\/wp\/v2\/pages\/13796"}],"collection":[{"href":"https:\/\/www.myvaldetravers.ch\/de\/wp-json\/wp\/v2\/pages"}],"about":[{"href":"https:\/\/www.myvaldetravers.ch\/de\/wp-json\/wp\/v2\/types\/page"}],"author":[{"embeddable":true,"href":"https:\/\/www.myvaldetravers.ch\/de\/wp-json\/wp\/v2\/users\/73"}],"replies":[{"embeddable":true,"href":"https:\/\/www.myvaldetravers.ch\/de\/wp-json\/wp\/v2\/comments?post=13796"}],"version-history":[{"count":18,"href":"https:\/\/www.myvaldetravers.ch\/de\/wp-json\/wp\/v2\/pages\/13796\/revisions"}],"predecessor-version":[{"id":13839,"href":"https:\/\/www.myvaldetravers.ch\/de\/wp-json\/wp\/v2\/pages\/13796\/revisions\/13839"}],"wp:featuredmedia":[{"embeddable":true,"href":"https:\/\/www.myvaldetravers.ch\/de\/wp-json\/wp\/v2\/media\/13721"}],"wp:attachment":[{"href":"https:\/\/www.myvaldetravers.ch\/de\/wp-json\/wp\/v2\/media?parent=13796"}],"curies":[{"name":"wp","href":"https:\/\/api.w.org\/{rel}","templated":true}]}}