{"id":2155,"date":"2019-04-01T17:55:06","date_gmt":"2019-04-01T15:55:06","guid":{"rendered":"https:\/\/www.myvaldetravers.ch\/experiences\/"},"modified":"2024-11-13T11:53:57","modified_gmt":"2024-11-13T10:53:57","slug":"erlebnisse","status":"publish","type":"page","link":"https:\/\/www.myvaldetravers.ch\/de\/erlebnisse\/","title":{"rendered":"Erlebnisse"},"content":{"rendered":"<p>[vc_row css=&#8221;.vc_custom_1554128789554{margin-top: -0.3em !important;}&#8221;][vc_column][vc_column_text]<\/p>\n<h3>Entdecken Sie alle Angebote des Val-de-Travers<\/h3>\n<p>In der Destination Val-de-Travers gibt es immer etwas zu erleben.<br \/>\nEntdecken Sie unsere vielen Partner und ihre Angebote und Aktivit\u00e4ten.[\/vc_column_text][vc_separator][\/vc_column][\/vc_row][vc_row css=&#8221;.vc_custom_1554128789554{margin-top: -0.3em !important;}&#8221;][vc_column width=&#8221;1\/3&#8243;][vc_empty_space hide_on_mobile=&#8221;&#8221;][vc_column_text]<\/p>\n<h4><a href=\"https:\/\/www.myvaldetravers.ch\/de\/experiences\/absinth-land\/\" target=\"_blank\" rel=\"noopener noreferrer\">Val-de-Travers: Im Land des Absinth<\/a><\/h4>\n<p>[\/vc_column_text][vc_column_text]Absinth: Eine Spezialit\u00e4t zwischen Mythos und gelebter Realit\u00e4t, ein genussvoller Teil unserer Kultur und ein Muss im Val-de-Travers!<\/p>\n<p><a href=\"https:\/\/www.myvaldetravers.ch\/de\/experiences\/absinth-land\/\" target=\"_blank\" rel=\"noopener\"><img loading=\"lazy\" decoding=\"async\" class=\"alignnone wp-image-2484 size-medium\" src=\"https:\/\/www.myvaldetravers.ch\/wp-content\/uploads\/2019\/05\/F\u00eate-de-labsinthe-d\u00e9gustation-300x169.jpg\" alt=\"Route de l'Absinthe, Val-de-Travers\" width=\"300\" height=\"169\" srcset=\"https:\/\/www.myvaldetravers.ch\/wp-content\/uploads\/2019\/05\/F\u00eate-de-labsinthe-d\u00e9gustation-300x169.jpg 300w, https:\/\/www.myvaldetravers.ch\/wp-content\/uploads\/2019\/05\/F\u00eate-de-labsinthe-d\u00e9gustation-768x432.jpg 768w, https:\/\/www.myvaldetravers.ch\/wp-content\/uploads\/2019\/05\/F\u00eate-de-labsinthe-d\u00e9gustation-1024x576.jpg 1024w, https:\/\/www.myvaldetravers.ch\/wp-content\/uploads\/2019\/05\/F\u00eate-de-labsinthe-d\u00e9gustation-370x208.jpg 370w, https:\/\/www.myvaldetravers.ch\/wp-content\/uploads\/2019\/05\/F\u00eate-de-labsinthe-d\u00e9gustation-1170x658.jpg 1170w, https:\/\/www.myvaldetravers.ch\/wp-content\/uploads\/2019\/05\/F\u00eate-de-labsinthe-d\u00e9gustation-760x427.jpg 760w, https:\/\/www.myvaldetravers.ch\/wp-content\/uploads\/2019\/05\/F\u00eate-de-labsinthe-d\u00e9gustation-270x152.jpg 270w\" sizes=\"(max-width: 300px) 100vw, 300px\" \/><\/a>[\/vc_column_text][vc_empty_space hide_on_mobile=&#8221;&#8221;][\/vc_column][vc_column width=&#8221;1\/3&#8243;][vc_empty_space hide_on_mobile=&#8221;&#8221;][vc_column_text]<\/p>\n<h4><a href=\"https:\/\/www.myvaldetravers.ch\/de\/experiences\/freizeitaktivitaeten\/\" target=\"_blank\" rel=\"noopener noreferrer\">Freizeitaktivit\u00e4ten im Val-de-Travers<\/a><\/h4>\n<p>[\/vc_column_text][vc_column_text]Das Val-de-Travers bietet die vielf\u00e4ltigsten M\u00f6glichkeiten f\u00fcr Freizeitaktivit\u00e4ten in der Natur.<\/p>\n<p><img loading=\"lazy\" decoding=\"async\" class=\"wp-image-5548 size-full\" src=\"https:\/\/www.myvaldetravers.ch\/wp-content\/uploads\/2021\/01\/6-1.jpg\" alt=\"Arbal\u00e8te de la Robella\" width=\"300\" height=\"169\" srcset=\"https:\/\/www.myvaldetravers.ch\/wp-content\/uploads\/2021\/01\/6-1.jpg 300w, https:\/\/www.myvaldetravers.ch\/wp-content\/uploads\/2021\/01\/6-1-270x152.jpg 270w\" sizes=\"(max-width: 300px) 100vw, 300px\" \/>[\/vc_column_text][vc_empty_space hide_on_mobile=&#8221;&#8221;][\/vc_column][vc_column width=&#8221;1\/3&#8243;][vc_empty_space hide_on_mobile=&#8221;&#8221;][vc_column_text]<\/p>\n<h4><a href=\"https:\/\/www.myvaldetravers.ch\/de\/experiences\/kulturelle-aktivitaeten\/\" target=\"_blank\" rel=\"noopener noreferrer\">Kultur-Erlebnisse im Val-de-Travers<\/a><\/h4>\n<p>[\/vc_column_text][vc_column_text]Museen, Sehensw\u00fcrdigkeiten, Kunst und Geschichte: Das Val-de-Travers bietet auch eine gro\u00dfe Auswahl an kulturellen Aktivit\u00e4ten.<\/p>\n<p><a href=\"https:\/\/www.myvaldetravers.ch\/de\/experiences\/kulturelle-aktivitaeten\/\" target=\"_blank\" rel=\"noopener\"><img loading=\"lazy\" decoding=\"async\" class=\"alignnone wp-image-4917 size-medium\" src=\"https:\/\/www.myvaldetravers.ch\/wp-content\/uploads\/2020\/11\/DSC_0033-300x169.jpg\" alt=\"\" width=\"300\" height=\"169\" srcset=\"https:\/\/www.myvaldetravers.ch\/wp-content\/uploads\/2020\/11\/DSC_0033-300x169.jpg 300w, https:\/\/www.myvaldetravers.ch\/wp-content\/uploads\/2020\/11\/DSC_0033-1024x576.jpg 1024w, https:\/\/www.myvaldetravers.ch\/wp-content\/uploads\/2020\/11\/DSC_0033-768x432.jpg 768w, https:\/\/www.myvaldetravers.ch\/wp-content\/uploads\/2020\/11\/DSC_0033-1536x865.jpg 1536w, https:\/\/www.myvaldetravers.ch\/wp-content\/uploads\/2020\/11\/DSC_0033-2048x1153.jpg 2048w, https:\/\/www.myvaldetravers.ch\/wp-content\/uploads\/2020\/11\/DSC_0033-370x208.jpg 370w, https:\/\/www.myvaldetravers.ch\/wp-content\/uploads\/2020\/11\/DSC_0033-1170x658.jpg 1170w, https:\/\/www.myvaldetravers.ch\/wp-content\/uploads\/2020\/11\/DSC_0033-760x428.jpg 760w, https:\/\/www.myvaldetravers.ch\/wp-content\/uploads\/2020\/11\/DSC_0033-270x152.jpg 270w\" sizes=\"(max-width: 300px) 100vw, 300px\" \/><\/a>[\/vc_column_text][vc_empty_space hide_on_mobile=&#8221;&#8221;][\/vc_column][\/vc_row][vc_row css=&#8221;.vc_custom_1554128789554{margin-top: -0.3em !important;}&#8221;][vc_column width=&#8221;1\/3&#8243;][vc_empty_space hide_on_mobile=&#8221;&#8221;][vc_column_text]<\/p>\n<h4><a href=\"https:\/\/www.myvaldetravers.ch\/de\/experiences\/mobilitaeten\/\" target=\"_blank\" rel=\"noopener noreferrer\">Mobilit\u00e4t im Val-de-Travers<\/a><\/h4>\n<p>[\/vc_column_text][vc_column_text]Ob zu Fu\u00df oder mit dem Fahrrad, mit dem Regionalzug oder mit dem Dampfzug \u2013 oder mit dem Auto auf der Grand Tour of Switzerland: Das Val-de-Travers l\u00e4sst sich auf unterschiedlichste Arten entdecken.<\/p>\n<p><a href=\"https:\/\/www.myvaldetravers.ch\/de\/experiences\/mobilitaeten\/\" target=\"_blank\" rel=\"noopener\"><img loading=\"lazy\" decoding=\"async\" class=\"alignnone wp-image-1707 size-medium\" src=\"https:\/\/www.myvaldetravers.ch\/wp-content\/uploads\/2019\/04\/RVT_Histo_ABDe_VVT_Be44_Tem_2912_JPB2019-300x169.jpg\" alt=\"RVT Zug \/ train historique, Val-de-Travers\" width=\"300\" height=\"169\" srcset=\"https:\/\/www.myvaldetravers.ch\/wp-content\/uploads\/2019\/04\/RVT_Histo_ABDe_VVT_Be44_Tem_2912_JPB2019-300x169.jpg 300w, https:\/\/www.myvaldetravers.ch\/wp-content\/uploads\/2019\/04\/RVT_Histo_ABDe_VVT_Be44_Tem_2912_JPB2019-768x432.jpg 768w, https:\/\/www.myvaldetravers.ch\/wp-content\/uploads\/2019\/04\/RVT_Histo_ABDe_VVT_Be44_Tem_2912_JPB2019-1024x576.jpg 1024w, https:\/\/www.myvaldetravers.ch\/wp-content\/uploads\/2019\/04\/RVT_Histo_ABDe_VVT_Be44_Tem_2912_JPB2019-370x208.jpg 370w, https:\/\/www.myvaldetravers.ch\/wp-content\/uploads\/2019\/04\/RVT_Histo_ABDe_VVT_Be44_Tem_2912_JPB2019-1170x658.jpg 1170w, https:\/\/www.myvaldetravers.ch\/wp-content\/uploads\/2019\/04\/RVT_Histo_ABDe_VVT_Be44_Tem_2912_JPB2019-760x427.jpg 760w, https:\/\/www.myvaldetravers.ch\/wp-content\/uploads\/2019\/04\/RVT_Histo_ABDe_VVT_Be44_Tem_2912_JPB2019-270x152.jpg 270w\" sizes=\"(max-width: 300px) 100vw, 300px\" \/><\/a>[\/vc_column_text][vc_empty_space hide_on_mobile=&#8221;&#8221;][\/vc_column][vc_column width=&#8221;1\/3&#8243;][vc_empty_space hide_on_mobile=&#8221;&#8221;][vc_column_text]<\/p>\n<h4><a href=\"https:\/\/www.myvaldetravers.ch\/de\/restaurants-regionalen-spezialitaeten\/\" target=\"_blank\" rel=\"noopener noreferrer\">Essen, Trinken und Geniessen im Val-de-Travers<\/a><\/h4>\n<p>[\/vc_column_text][vc_column_text]Das Val-de-Travers bietet viele Gelegenheiten, um regionale Spezialit\u00e4ten zu entdecken, zu geniessen und mit nach Hause zu nehmen.<\/p>\n<p><a href=\"https:\/\/www.myvaldetravers.ch\/de\/restaurants-regionalen-spezialitaeten\/\" target=\"_blank\" rel=\"noopener\"><img loading=\"lazy\" decoding=\"async\" class=\"alignnone wp-image-1559 size-medium\" src=\"https:\/\/www.myvaldetravers.ch\/wp-content\/uploads\/2019\/04\/Mabs_Atelier_1313473-50088800-1464091907-300x169.jpeg\" alt=\"Atelier, Maison de l'Absinthe, Motiers, Val-de-Travers\" width=\"300\" height=\"169\" srcset=\"https:\/\/www.myvaldetravers.ch\/wp-content\/uploads\/2019\/04\/Mabs_Atelier_1313473-50088800-1464091907-300x169.jpeg 300w, https:\/\/www.myvaldetravers.ch\/wp-content\/uploads\/2019\/04\/Mabs_Atelier_1313473-50088800-1464091907-768x432.jpeg 768w, https:\/\/www.myvaldetravers.ch\/wp-content\/uploads\/2019\/04\/Mabs_Atelier_1313473-50088800-1464091907-1024x576.jpeg 1024w, https:\/\/www.myvaldetravers.ch\/wp-content\/uploads\/2019\/04\/Mabs_Atelier_1313473-50088800-1464091907-370x208.jpeg 370w, https:\/\/www.myvaldetravers.ch\/wp-content\/uploads\/2019\/04\/Mabs_Atelier_1313473-50088800-1464091907-1170x658.jpeg 1170w, https:\/\/www.myvaldetravers.ch\/wp-content\/uploads\/2019\/04\/Mabs_Atelier_1313473-50088800-1464091907-760x427.jpeg 760w, https:\/\/www.myvaldetravers.ch\/wp-content\/uploads\/2019\/04\/Mabs_Atelier_1313473-50088800-1464091907-270x152.jpeg 270w\" sizes=\"(max-width: 300px) 100vw, 300px\" \/><\/a>[\/vc_column_text][vc_empty_space hide_on_mobile=&#8221;&#8221;][\/vc_column][vc_column width=&#8221;1\/3&#8243;][vc_empty_space hide_on_mobile=&#8221;&#8221;][vc_column_text]<\/p>\n<h4><a href=\"https:\/\/www.myvaldetravers.ch\/de\/erlebnisse\/unterkuenfte-im-val-de-travers\/\" target=\"_blank\" rel=\"noopener\">Unterkunft im Val-de-Travers<\/a><\/h4>\n<p>[\/vc_column_text][vc_column_text]Das Val-de-Travers bietet verschiedenste Unterk\u00fcnfte f\u00fcr jeden Geschmack, jede Gelegenheit und jedes Budget: vom Hotel bis zum Bed &amp; Breakfast, von der Ferienwohnung bis zum Campingplatz oder Ferienlager ist alles dabei.<\/p>\n<p><a href=\"https:\/\/www.myvaldetravers.ch\/de\/erlebnisse\/unterkuenfte-im-val-de-travers\/\" target=\"_blank\" rel=\"noopener\"><img loading=\"lazy\" decoding=\"async\" class=\"alignnone wp-image-2758 size-medium\" src=\"https:\/\/www.myvaldetravers.ch\/wp-content\/uploads\/2019\/10\/H\u00f4tel-de-lAigle-chambre-double-300x169.jpg\" alt=\"H\u00f4tel de l'Aigle, Couvet, Val-de-Travers\" width=\"300\" height=\"169\" srcset=\"https:\/\/www.myvaldetravers.ch\/wp-content\/uploads\/2019\/10\/H\u00f4tel-de-lAigle-chambre-double-300x169.jpg 300w, https:\/\/www.myvaldetravers.ch\/wp-content\/uploads\/2019\/10\/H\u00f4tel-de-lAigle-chambre-double-768x432.jpg 768w, https:\/\/www.myvaldetravers.ch\/wp-content\/uploads\/2019\/10\/H\u00f4tel-de-lAigle-chambre-double-1024x576.jpg 1024w, https:\/\/www.myvaldetravers.ch\/wp-content\/uploads\/2019\/10\/H\u00f4tel-de-lAigle-chambre-double-370x208.jpg 370w, https:\/\/www.myvaldetravers.ch\/wp-content\/uploads\/2019\/10\/H\u00f4tel-de-lAigle-chambre-double-1170x658.jpg 1170w, https:\/\/www.myvaldetravers.ch\/wp-content\/uploads\/2019\/10\/H\u00f4tel-de-lAigle-chambre-double-760x428.jpg 760w, https:\/\/www.myvaldetravers.ch\/wp-content\/uploads\/2019\/10\/H\u00f4tel-de-lAigle-chambre-double-270x152.jpg 270w, https:\/\/www.myvaldetravers.ch\/wp-content\/uploads\/2019\/10\/H\u00f4tel-de-lAigle-chambre-double.jpg 1770w\" sizes=\"(max-width: 300px) 100vw, 300px\" \/><\/a>[\/vc_column_text][vc_empty_space hide_on_mobile=&#8221;&#8221;][\/vc_column][\/vc_row][vc_column width=&#8221;1\/4&#8243;][\/vc_column]<\/p>\n","protected":false},"excerpt":{"rendered":"<p>[vc_row css=&#8221;.vc_custom_1554128789554{margin-top: -0.3em !important;}&#8221;][vc_column][vc_column_text] Entdecken Sie alle Angebote des Val-de-Travers In der Destination Val-de-Travers gibt es immer etwas zu erleben. Entdecken Sie unsere vielen Partner und ihre Angebote und Aktivit\u00e4ten.[\/vc_column_text][vc_separator][\/vc_column][\/vc_row][vc_row&hellip;<\/p>\n","protected":false},"author":1,"featured_media":7799,"parent":0,"menu_order":0,"comment_status":"closed","ping_status":"closed","template":"","meta":{"footnotes":""},"yoast_head":"<!-- This site is optimized with the Yoast SEO plugin v23.5 - https:\/\/yoast.com\/wordpress\/plugins\/seo\/ -->\n<title>Destination Val-de-Travers: Erlebnisse &amp; Angebote<\/title>\n<meta name=\"description\" content=\"Alle Angebote des Val-de-Travers: Freizeiterlebnisse, kulturelle Aktivit\u00e4ten, Hotels und Restaurants, Mobilit\u00e4t und regionale Spezialit\u00e4ten.\" \/>\n<meta name=\"robots\" content=\"index, follow, max-snippet:-1, max-image-preview:large, max-video-preview:-1\" \/>\n<link rel=\"canonical\" href=\"https:\/\/www.myvaldetravers.ch\/de\/erlebnisse\/\" \/>\n<meta property=\"og:locale\" content=\"de_DE\" \/>\n<meta property=\"og:type\" content=\"article\" \/>\n<meta property=\"og:title\" content=\"Destination Val-de-Travers: Erlebnisse &amp; Angebote\" \/>\n<meta property=\"og:description\" content=\"Alle Angebote des Val-de-Travers: Freizeiterlebnisse, kulturelle Aktivit\u00e4ten, Hotels und Restaurants, Mobilit\u00e4t und regionale Spezialit\u00e4ten.\" \/>\n<meta property=\"og:url\" content=\"https:\/\/www.myvaldetravers.ch\/de\/erlebnisse\/\" \/>\n<meta property=\"og:site_name\" content=\"Destination Val-de-Travers\" \/>\n<meta property=\"article:publisher\" content=\"https:\/\/www.facebook.com\/DestinationValdeTravers\/\" \/>\n<meta property=\"article:modified_time\" content=\"2024-11-13T10:53:57+00:00\" \/>\n<meta property=\"og:image\" content=\"https:\/\/www.myvaldetravers.ch\/wp-content\/uploads\/2021\/11\/Desti_VDT_LR-1C0A3417-1024x682.jpg\" \/>\n\t<meta property=\"og:image:width\" content=\"1024\" \/>\n\t<meta property=\"og:image:height\" content=\"682\" \/>\n\t<meta property=\"og:image:type\" content=\"image\/jpeg\" \/>\n<meta name=\"twitter:card\" content=\"summary_large_image\" \/>\n<meta name=\"twitter:label1\" content=\"Gesch\u00e4tzte Lesezeit\" \/>\n\t<meta name=\"twitter:data1\" content=\"3\u00a0Minuten\" \/>\n<script type=\"application\/ld+json\" class=\"yoast-schema-graph\">{\"@context\":\"https:\/\/schema.org\",\"@graph\":[{\"@type\":\"WebPage\",\"@id\":\"https:\/\/www.myvaldetravers.ch\/de\/erlebnisse\/\",\"url\":\"https:\/\/www.myvaldetravers.ch\/de\/erlebnisse\/\",\"name\":\"Destination Val-de-Travers: Erlebnisse & Angebote\",\"isPartOf\":{\"@id\":\"https:\/\/www.myvaldetravers.ch\/de\/#website\"},\"primaryImageOfPage\":{\"@id\":\"https:\/\/www.myvaldetravers.ch\/de\/erlebnisse\/#primaryimage\"},\"image\":{\"@id\":\"https:\/\/www.myvaldetravers.ch\/de\/erlebnisse\/#primaryimage\"},\"thumbnailUrl\":\"https:\/\/www.myvaldetravers.ch\/wp-content\/uploads\/2021\/11\/Desti_VDT_LR-1C0A3417.jpg\",\"datePublished\":\"2019-04-01T15:55:06+00:00\",\"dateModified\":\"2024-11-13T10:53:57+00:00\",\"description\":\"Alle Angebote des Val-de-Travers: Freizeiterlebnisse, kulturelle Aktivit\u00e4ten, Hotels und Restaurants, Mobilit\u00e4t und regionale Spezialit\u00e4ten.\",\"breadcrumb\":{\"@id\":\"https:\/\/www.myvaldetravers.ch\/de\/erlebnisse\/#breadcrumb\"},\"inLanguage\":\"de\",\"potentialAction\":[{\"@type\":\"ReadAction\",\"target\":[\"https:\/\/www.myvaldetravers.ch\/de\/erlebnisse\/\"]}]},{\"@type\":\"ImageObject\",\"inLanguage\":\"de\",\"@id\":\"https:\/\/www.myvaldetravers.ch\/de\/erlebnisse\/#primaryimage\",\"url\":\"https:\/\/www.myvaldetravers.ch\/wp-content\/uploads\/2021\/11\/Desti_VDT_LR-1C0A3417.jpg\",\"contentUrl\":\"https:\/\/www.myvaldetravers.ch\/wp-content\/uploads\/2021\/11\/Desti_VDT_LR-1C0A3417.jpg\",\"width\":2000,\"height\":1333},{\"@type\":\"BreadcrumbList\",\"@id\":\"https:\/\/www.myvaldetravers.ch\/de\/erlebnisse\/#breadcrumb\",\"itemListElement\":[{\"@type\":\"ListItem\",\"position\":1,\"name\":\"Accueil\",\"item\":\"https:\/\/www.myvaldetravers.ch\/de\/\"},{\"@type\":\"ListItem\",\"position\":2,\"name\":\"Erlebnisse\"}]},{\"@type\":\"WebSite\",\"@id\":\"https:\/\/www.myvaldetravers.ch\/de\/#website\",\"url\":\"https:\/\/www.myvaldetravers.ch\/de\/\",\"name\":\"Destination Val-de-Travers\",\"description\":\"Il y a toujours quelque chose \u00e0 faire au Val-de-Travers.\",\"potentialAction\":[{\"@type\":\"SearchAction\",\"target\":{\"@type\":\"EntryPoint\",\"urlTemplate\":\"https:\/\/www.myvaldetravers.ch\/de\/?s={search_term_string}\"},\"query-input\":{\"@type\":\"PropertyValueSpecification\",\"valueRequired\":true,\"valueName\":\"search_term_string\"}}],\"inLanguage\":\"de\"}]}<\/script>\n<!-- \/ Yoast SEO plugin. -->","yoast_head_json":{"title":"Destination Val-de-Travers: Erlebnisse & Angebote","description":"Alle Angebote des Val-de-Travers: Freizeiterlebnisse, kulturelle Aktivit\u00e4ten, Hotels und Restaurants, Mobilit\u00e4t und regionale Spezialit\u00e4ten.","robots":{"index":"index","follow":"follow","max-snippet":"max-snippet:-1","max-image-preview":"max-image-preview:large","max-video-preview":"max-video-preview:-1"},"canonical":"https:\/\/www.myvaldetravers.ch\/de\/erlebnisse\/","og_locale":"de_DE","og_type":"article","og_title":"Destination Val-de-Travers: Erlebnisse & Angebote","og_description":"Alle Angebote des Val-de-Travers: Freizeiterlebnisse, kulturelle Aktivit\u00e4ten, Hotels und Restaurants, Mobilit\u00e4t und regionale Spezialit\u00e4ten.","og_url":"https:\/\/www.myvaldetravers.ch\/de\/erlebnisse\/","og_site_name":"Destination Val-de-Travers","article_publisher":"https:\/\/www.facebook.com\/DestinationValdeTravers\/","article_modified_time":"2024-11-13T10:53:57+00:00","og_image":[{"width":1024,"height":682,"url":"https:\/\/www.myvaldetravers.ch\/wp-content\/uploads\/2021\/11\/Desti_VDT_LR-1C0A3417-1024x682.jpg","type":"image\/jpeg"}],"twitter_card":"summary_large_image","twitter_misc":{"Gesch\u00e4tzte Lesezeit":"3\u00a0Minuten"},"schema":{"@context":"https:\/\/schema.org","@graph":[{"@type":"WebPage","@id":"https:\/\/www.myvaldetravers.ch\/de\/erlebnisse\/","url":"https:\/\/www.myvaldetravers.ch\/de\/erlebnisse\/","name":"Destination Val-de-Travers: Erlebnisse & Angebote","isPartOf":{"@id":"https:\/\/www.myvaldetravers.ch\/de\/#website"},"primaryImageOfPage":{"@id":"https:\/\/www.myvaldetravers.ch\/de\/erlebnisse\/#primaryimage"},"image":{"@id":"https:\/\/www.myvaldetravers.ch\/de\/erlebnisse\/#primaryimage"},"thumbnailUrl":"https:\/\/www.myvaldetravers.ch\/wp-content\/uploads\/2021\/11\/Desti_VDT_LR-1C0A3417.jpg","datePublished":"2019-04-01T15:55:06+00:00","dateModified":"2024-11-13T10:53:57+00:00","description":"Alle Angebote des Val-de-Travers: Freizeiterlebnisse, kulturelle Aktivit\u00e4ten, Hotels und Restaurants, Mobilit\u00e4t und regionale Spezialit\u00e4ten.","breadcrumb":{"@id":"https:\/\/www.myvaldetravers.ch\/de\/erlebnisse\/#breadcrumb"},"inLanguage":"de","potentialAction":[{"@type":"ReadAction","target":["https:\/\/www.myvaldetravers.ch\/de\/erlebnisse\/"]}]},{"@type":"ImageObject","inLanguage":"de","@id":"https:\/\/www.myvaldetravers.ch\/de\/erlebnisse\/#primaryimage","url":"https:\/\/www.myvaldetravers.ch\/wp-content\/uploads\/2021\/11\/Desti_VDT_LR-1C0A3417.jpg","contentUrl":"https:\/\/www.myvaldetravers.ch\/wp-content\/uploads\/2021\/11\/Desti_VDT_LR-1C0A3417.jpg","width":2000,"height":1333},{"@type":"BreadcrumbList","@id":"https:\/\/www.myvaldetravers.ch\/de\/erlebnisse\/#breadcrumb","itemListElement":[{"@type":"ListItem","position":1,"name":"Accueil","item":"https:\/\/www.myvaldetravers.ch\/de\/"},{"@type":"ListItem","position":2,"name":"Erlebnisse"}]},{"@type":"WebSite","@id":"https:\/\/www.myvaldetravers.ch\/de\/#website","url":"https:\/\/www.myvaldetravers.ch\/de\/","name":"Destination Val-de-Travers","description":"Il y a toujours quelque chose \u00e0 faire au Val-de-Travers.","potentialAction":[{"@type":"SearchAction","target":{"@type":"EntryPoint","urlTemplate":"https:\/\/www.myvaldetravers.ch\/de\/?s={search_term_string}"},"query-input":{"@type":"PropertyValueSpecification","valueRequired":true,"valueName":"search_term_string"}}],"inLanguage":"de"}]}},"_links":{"self":[{"href":"https:\/\/www.myvaldetravers.ch\/de\/wp-json\/wp\/v2\/pages\/2155"}],"collection":[{"href":"https:\/\/www.myvaldetravers.ch\/de\/wp-json\/wp\/v2\/pages"}],"about":[{"href":"https:\/\/www.myvaldetravers.ch\/de\/wp-json\/wp\/v2\/types\/page"}],"author":[{"embeddable":true,"href":"https:\/\/www.myvaldetravers.ch\/de\/wp-json\/wp\/v2\/users\/1"}],"replies":[{"embeddable":true,"href":"https:\/\/www.myvaldetravers.ch\/de\/wp-json\/wp\/v2\/comments?post=2155"}],"version-history":[{"count":20,"href":"https:\/\/www.myvaldetravers.ch\/de\/wp-json\/wp\/v2\/pages\/2155\/revisions"}],"predecessor-version":[{"id":13706,"href":"https:\/\/www.myvaldetravers.ch\/de\/wp-json\/wp\/v2\/pages\/2155\/revisions\/13706"}],"wp:featuredmedia":[{"embeddable":true,"href":"https:\/\/www.myvaldetravers.ch\/de\/wp-json\/wp\/v2\/media\/7799"}],"wp:attachment":[{"href":"https:\/\/www.myvaldetravers.ch\/de\/wp-json\/wp\/v2\/media?parent=2155"}],"curies":[{"name":"wp","href":"https:\/\/api.w.org\/{rel}","templated":true}]}}