{"id":2226,"date":"2019-04-25T06:28:03","date_gmt":"2019-04-25T04:28:03","guid":{"rendered":"https:\/\/www.myvaldetravers.ch\/experiences\/via-ferrata\/"},"modified":"2023-09-28T16:11:02","modified_gmt":"2023-09-28T14:11:02","slug":"via-ferrata","status":"publish","type":"page","link":"https:\/\/www.myvaldetravers.ch\/de\/erlebnisse\/via-ferrata\/","title":{"rendered":"Via ferrata Tichodrome"},"content":{"rendered":"<p>[vc_row][vc_column][vc_column_text el_class=&#8221;edsi&#8221;]<p><strong>Nervenkitzel in den Felsen hoch \u00fcber dem Dorf Noiraigue.<\/strong><\/p><p>Wer gern einmal eine Via Ferrata ausprobieren m\u00f6chte, ohne in Angst und Schrecken zu geraten, f\u00fcr den ist der Klettersteig \u00abTichodrome\u00bb eine ausgezeichnete Wahl. Ein sch\u00f6ner Blick auf das Dorf Noiraigue und das Tal sowie wohldosierte Adrenalinsch\u00fcbe sind das Besondere an dieser 550 m langen Route.<\/p><h5>Gut zu wissen<\/h5>- Anreise mit den \u00f6ffentlichen Verkehrsmitteln: SBB-Bahnhof von Noiraigue \r<br \/>- Es gibt keinen Ausweg\r<br \/>- F\u00fcr Kinder ab 10 Jahren, in Begleitung und angeseilt\r<br \/>- Ausr\u00fcstungsverleih bei espaceVAL (Couvet)<h5>Kontaktdaten des Partners<\/h5><span class='text-uppercase'>Via Ferrata du Tichodrome<\/span><br>Le Jorat<br>2103 Noiraigue<br><h5>\u00d6ffnungszeiten<\/h5><h5>Preise<\/h5><div class='edsi-title'>Preise Einzelg\u00e4ste (Leihmaterial )<\/div><div class='edsi-price-container'><div class='edsi-tarif'>Erwachsene<\/div><div class='edsi-prix'>CHF\u00a015.00<\/div><div class='edsi-tarif'>Kinder<\/div><div class='edsi-prix'>CHF\u00a010.00<\/div><\/div><h5>Karte<\/h5><div id='map' style='width:500px;height:300px;'><\/div>\n<script type=\"text\/javascript\" src=\"https:\/\/maps.googleapis.com\/maps\/api\/js?key=AIzaSyCTPTigCnFjWZE6vEYcD0SnK25h1MzvSMk\"><\/script>\n\n<script>\n  var markerCenter = new google.maps.LatLng(46.961085808742,6.7264223098755);\n  var marker = null;\n\n function initialize() {\n  var mapProp = {\n   center: markerCenter,\n   zoom: 13,\n   mapTypeId: google.maps.MapTypeId.ROADMAP\n   };\n  var map = new google.maps.Map(document.getElementById(\"map\"),mapProp);\n\n   var marker = new google.maps.Marker({\n\t position: markerCenter,\n\t \/\/ animation: google.maps.Animation.BOUNCE,\n   });\n   marker.setMap(map);\n   \n   var infowindow = new google.maps.InfoWindow();\n   infowindow.setContent(\"Via Ferrata \"Tichodrome\"\");\n   infowindow.open(map, marker);\n\n }\n\n google.maps.event.addDomListener(window, 'load', initialize);\n<\/script>\n[\/vc_column_text][\/vc_column][\/vc_row][vc_row css=&#8221;.vc_custom_1554128789554{margin-top: -0.3em !important;}&#8221;][vc_column width=&#8221;2\/3&#8243;][vc_column_text]Aussergew\u00f6hnlich sch\u00f6ne Kalkw\u00e4nde zieren das Relief des Val-de-Travers. Der Klettersteig Via Ferrata \u00abTichodrome\u00bb darf nur mit ad\u00e4quater Ausr\u00fcstung ben\u00fctzt werden. Ein spezielles Abenteuer, das Sie mit einer grandiosen Aussicht auf Noiraigue belohnt.<\/p>\n<h5>PRAKTISCHE TIPPS<\/h5>\n<p>Die Kletterausr\u00fcstung f\u00fcr die Via Ferrata ist im regionalen <a href=\"https:\/\/espaceval.ch\/sport\/\" target=\"_blank\" rel=\"noopener noreferrer\">Sportzentrum Espace Val<\/a> des Val-de-Travers in Couvet erh\u00e4ltlich.<\/p>\n<h5>\u00d6FFNUNGSZEITEN UND DETAILS<\/h5>\n<div class=\"tm_pb_column tm_pb_column_1_2 tm_pb_column_8 col-xs-12 col-sm-6 col-md-6 col-lg-6 col-xl-6\">\n<div class=\"tm_pb_text tm_pb_module tm_pb_bg_layout_light tm_pb_text_align_left tm_pb_text_7\">\n<p>Die Via Ferrata \u00abTichodrome\u00bb ist vom 1. Juli bis 31. Dezember ge\u00f6ffnet<\/p>\n<\/div>\n<\/div>\n<h5>KONTAKTDATEN DES PARTNERS<\/h5>\n<p>espaceVAL<br \/>\nClos-Pury 15<br \/>\n2108 Couvet<br \/>\nT 032 889 69 19<br \/>\n<a href=\"https:\/\/espaceval.ch\/tarifs\/\" target=\"_blank\" rel=\"noopener noreferrer\">www.espaceval.ch<\/a>[\/vc_column_text][\/vc_column][vc_column width=&#8221;1\/3&#8243; css=&#8221;.vc_custom_1554128972031{background-color: #f6f6f7 !important;}&#8221; el_class=&#8221;colonne-info-droite&#8221;][vc_column_text]<\/p>\n<h5><strong><a href=\"https:\/\/www.myvaldetravers.ch\/de\/freizeitkarte\/\">Freizeitkarte Val-de-Travers<\/a><\/strong><\/h5>\n<p><strong>Inbegriffen in der <\/strong><strong><a href=\"https:\/\/www.myvaldetravers.ch\/de\/freizeitkarte\/\">Freizeitkarte<\/a><\/strong><strong>:<\/strong><\/p>\n<p>Ausr\u00fcstungsverleih des oblig. Materials f\u00fcr die Via Ferrata (Kombigurt, VF-Seil und Helm).<br \/>\nMindestalter 10 Jahre. Kinder m\u00fcssen mit Seil gesichert werden.<\/p>\n<p><a href=\"https:\/\/espaceval.ch\/tarifs\/\" target=\"_blank\" rel=\"noopener noreferrer\">www.espaceval.ch<\/a>[\/vc_column_text][vc_empty_space hide_on_mobile=&#8221;&#8221;][\/vc_column][\/vc_row][vc_row disable_element=&#8221;yes&#8221;][vc_column][vc_column_text]<\/p>\n<h5>BUCHEN SIE IHRE BILLETTE ONLINE<\/h5>\n<p>F\u00fcr\u00a0<strong>Gruppenbuchungen<\/strong> kontaktieren Sie bitte espaceVAL direkt per <a href=\"tel:0041328631060\">Telefon<\/a>\u00a0oder\u00a0<a href=\"mailto:info@espaceval.ch\">E-Mail<\/a>.[\/vc_column_text][vc_empty_space hide_on_mobile=&#8221;&#8221;][vc_raw_js]JTBBJTNDc2NyaXB0JTNFJTBBd2luZG93LlRXRUJTSE9QJTIwJTNEJTIwJTdCJTBBY29uZmlnJTNBJTIwJTI3TmV1Y2hhdGVsLVNlcnZpY2VQcm92aWRlcl90ZHMlMjclMkMlMEFsYW5ndWFnZSUzQSUyMCUyN2RlJTI3JTJDJTBBdGhlbWUlM0ElMjAlN0IlMEFzdGlja3klM0ElMjAlN0IlMEFvZmZzZXQlM0ElMjAyMCUyQyUwQXpJbmRleCUzQSUyMDIlMEElN0QlMEElN0QlMEElN0QlMEElM0MlMkZzY3JpcHQlM0UlMEElMEElM0NzdHlsZSUzRSUwQSUyM3R3ZWJzaG9wJTIwJTdCJTBBLS10dy1idXR0b24tY29sb3IlM0ElMjAlMjNDREQzMDAlM0IlMEEtLXR3LWJ1dHRvbi10ZXh0LWNvbG9yJTNBJTIwJTIzZmZmJTNCJTBBLS10dy1idXR0b24tcHJpY2UtY29sb3IlM0ElMjAlMjNDREQzMDAlM0IlMEEtLXR3LWJ1dHRvbi1wcmljZS10ZXh0LWNvbG9yJTNBJTIwJTIzZmZmJTNCJTBBLS10dy1ib3gtY29sb3IlM0ElMjAlMjNDREQzMDAlM0IlMEEtLXR3LWJveC10ZXh0LWNvbG9yJTNBJTIwJTIzZmZmJTNCJTBBLS10dy1ib29raW5nLWNvbG9yJTNBJTIwJTIzQ0REMzAwJTNCJTBBLS10dy1ib29raW5nLXRleHQtY29sb3IlM0ElMjAlMjMzMzMlM0IlMEElN0QlMEElM0MlMkZzdHlsZSUzRSUwQSUzQ3R3cy1leHBlcmllbmNlLXdpZGdldCUyMGRhdGEtaWQlM0QlMjJURFMwMDAyMDAxMzU0MDcwNjQ4NyUyMiUzRSUzQyUyRnR3cy1leHBlcmllbmNlLXdpZGdldCUzRSUwQSUzQ3NjcmlwdCUyMHNyYyUzRCUyMmh0dHBzJTNBJTJGJTJGdHdlYnNob3AudG9tYXMtdHJhdmVsLmNvbSUyRmFwcCUyRmV4cGVyaWVuY2UlMkZ3aWRnZXQlMkZhcHAuanMlMjIlM0UlM0MlMkZzY3JpcHQlM0UlMEE=[\/vc_raw_js][\/vc_column][\/vc_row][vc_row][vc_column][vc_column_text][\/vc_column_text][vc_separator]<div class=\"cq-dagallery-container\" style=\"width:100%;margin:0 auto;\"><ul class=\"cq-dagallery\" data-gallerywidth=\"100%\" data-width=\"270\" data-height=\"\" data-color=\"#ffffff\" data-background=\"#00bfff\" data-opacity=\"0.8\"><li class=\"\" data-width=\"270\" data-height=\"\" data-margin=\"10px\" style=\"margin:10px\"><a class=\"normal\" href=\"https:\/\/www.myvaldetravers.ch\/wp-content\/uploads\/2019\/04\/tichodrome-1.jpg\" rel=\"222632\"><img src='https:\/\/www.myvaldetravers.ch\/wp-content\/uploads\/2019\/04\/tichodrome-1-270x152.jpg' width='270' height='' \/><\/a><div class=\"dagallery-info\" style=\"padding:20px;color:#ffffff;background-color:#00bfff\"><\/div><\/li><\/ul><\/div>[\/vc_column][\/vc_row]<\/p>\n","protected":false},"excerpt":{"rendered":"<p>[vc_row][vc_column][vc_column_text el_class=&#8221;edsi&#8221;][\/vc_column_text][\/vc_column][\/vc_row][vc_row css=&#8221;.vc_custom_1554128789554{margin-top: -0.3em !important;}&#8221;][vc_column width=&#8221;2\/3&#8243;][vc_column_text]Aussergew\u00f6hnlich sch\u00f6ne Kalkw\u00e4nde zieren das Relief des Val-de-Travers. Der Klettersteig Via Ferrata \u00abTichodrome\u00bb darf nur mit ad\u00e4quater Ausr\u00fcstung ben\u00fctzt werden. Ein spezielles Abenteuer, das Sie&hellip;<\/p>\n","protected":false},"author":73,"featured_media":1760,"parent":2155,"menu_order":0,"comment_status":"closed","ping_status":"closed","template":"","meta":{"footnotes":""},"yoast_head":"<!-- This site is optimized with the Yoast SEO plugin v23.5 - https:\/\/yoast.com\/wordpress\/plugins\/seo\/ -->\n<title>Tichodrome: Klettersteig Via Ferrata im Val-de-Travers<\/title>\n<meta name=\"description\" content=\"Der Klettersteig Via Ferrata \u00abTichodrome\u00bb im Val-de-Travers ist ein spezielles Abenteuer und belohnt mit einer grandiosen Aussicht auf Noiraigue.\" \/>\n<meta name=\"robots\" content=\"index, follow, max-snippet:-1, max-image-preview:large, max-video-preview:-1\" \/>\n<link rel=\"canonical\" href=\"https:\/\/www.myvaldetravers.ch\/de\/erlebnisse\/via-ferrata\/\" \/>\n<meta property=\"og:locale\" content=\"de_DE\" \/>\n<meta property=\"og:type\" content=\"article\" \/>\n<meta property=\"og:title\" content=\"Tichodrome: Klettersteig Via Ferrata im Val-de-Travers\" \/>\n<meta property=\"og:description\" content=\"Der Klettersteig Via Ferrata \u00abTichodrome\u00bb im Val-de-Travers ist ein spezielles Abenteuer und belohnt mit einer grandiosen Aussicht auf Noiraigue.\" \/>\n<meta property=\"og:url\" content=\"https:\/\/www.myvaldetravers.ch\/de\/erlebnisse\/via-ferrata\/\" \/>\n<meta property=\"og:site_name\" content=\"Destination Val-de-Travers\" \/>\n<meta property=\"article:publisher\" content=\"https:\/\/www.facebook.com\/DestinationValdeTravers\/\" \/>\n<meta property=\"article:modified_time\" content=\"2023-09-28T14:11:02+00:00\" \/>\n<meta property=\"og:image\" content=\"https:\/\/www.myvaldetravers.ch\/wp-content\/uploads\/2019\/04\/tichodrome.jpg\" \/>\n\t<meta property=\"og:image:width\" content=\"1499\" \/>\n\t<meta property=\"og:image:height\" content=\"843\" \/>\n\t<meta property=\"og:image:type\" content=\"image\/jpeg\" \/>\n<meta name=\"twitter:card\" content=\"summary_large_image\" \/>\n<meta name=\"twitter:label1\" content=\"Gesch\u00e4tzte Lesezeit\" \/>\n\t<meta name=\"twitter:data1\" content=\"1\u00a0Minute\" \/>\n<script type=\"application\/ld+json\" class=\"yoast-schema-graph\">{\"@context\":\"https:\/\/schema.org\",\"@graph\":[{\"@type\":\"WebPage\",\"@id\":\"https:\/\/www.myvaldetravers.ch\/de\/erlebnisse\/via-ferrata\/\",\"url\":\"https:\/\/www.myvaldetravers.ch\/de\/erlebnisse\/via-ferrata\/\",\"name\":\"Tichodrome: Klettersteig Via Ferrata im Val-de-Travers\",\"isPartOf\":{\"@id\":\"https:\/\/www.myvaldetravers.ch\/de\/#website\"},\"primaryImageOfPage\":{\"@id\":\"https:\/\/www.myvaldetravers.ch\/de\/erlebnisse\/via-ferrata\/#primaryimage\"},\"image\":{\"@id\":\"https:\/\/www.myvaldetravers.ch\/de\/erlebnisse\/via-ferrata\/#primaryimage\"},\"thumbnailUrl\":\"https:\/\/www.myvaldetravers.ch\/wp-content\/uploads\/2019\/04\/tichodrome.jpg\",\"datePublished\":\"2019-04-25T04:28:03+00:00\",\"dateModified\":\"2023-09-28T14:11:02+00:00\",\"description\":\"Der Klettersteig Via Ferrata \u00abTichodrome\u00bb im Val-de-Travers ist ein spezielles Abenteuer und belohnt mit einer grandiosen Aussicht auf Noiraigue.\",\"breadcrumb\":{\"@id\":\"https:\/\/www.myvaldetravers.ch\/de\/erlebnisse\/via-ferrata\/#breadcrumb\"},\"inLanguage\":\"de\",\"potentialAction\":[{\"@type\":\"ReadAction\",\"target\":[\"https:\/\/www.myvaldetravers.ch\/de\/erlebnisse\/via-ferrata\/\"]}]},{\"@type\":\"ImageObject\",\"inLanguage\":\"de\",\"@id\":\"https:\/\/www.myvaldetravers.ch\/de\/erlebnisse\/via-ferrata\/#primaryimage\",\"url\":\"https:\/\/www.myvaldetravers.ch\/wp-content\/uploads\/2019\/04\/tichodrome.jpg\",\"contentUrl\":\"https:\/\/www.myvaldetravers.ch\/wp-content\/uploads\/2019\/04\/tichodrome.jpg\",\"width\":1499,\"height\":843,\"caption\":\"Klettersteig Via Ferrata Tichodrome, Couvet, Val-de-travers\"},{\"@type\":\"BreadcrumbList\",\"@id\":\"https:\/\/www.myvaldetravers.ch\/de\/erlebnisse\/via-ferrata\/#breadcrumb\",\"itemListElement\":[{\"@type\":\"ListItem\",\"position\":1,\"name\":\"Accueil\",\"item\":\"https:\/\/www.myvaldetravers.ch\/de\/\"},{\"@type\":\"ListItem\",\"position\":2,\"name\":\"Erlebnisse\",\"item\":\"https:\/\/www.myvaldetravers.ch\/de\/erlebnisse\/\"},{\"@type\":\"ListItem\",\"position\":3,\"name\":\"Via ferrata Tichodrome\"}]},{\"@type\":\"WebSite\",\"@id\":\"https:\/\/www.myvaldetravers.ch\/de\/#website\",\"url\":\"https:\/\/www.myvaldetravers.ch\/de\/\",\"name\":\"Destination Val-de-Travers\",\"description\":\"Il y a toujours quelque chose \u00e0 faire au Val-de-Travers.\",\"potentialAction\":[{\"@type\":\"SearchAction\",\"target\":{\"@type\":\"EntryPoint\",\"urlTemplate\":\"https:\/\/www.myvaldetravers.ch\/de\/?s={search_term_string}\"},\"query-input\":{\"@type\":\"PropertyValueSpecification\",\"valueRequired\":true,\"valueName\":\"search_term_string\"}}],\"inLanguage\":\"de\"}]}<\/script>\n<!-- \/ Yoast SEO plugin. -->","yoast_head_json":{"title":"Tichodrome: Klettersteig Via Ferrata im Val-de-Travers","description":"Der Klettersteig Via Ferrata \u00abTichodrome\u00bb im Val-de-Travers ist ein spezielles Abenteuer und belohnt mit einer grandiosen Aussicht auf Noiraigue.","robots":{"index":"index","follow":"follow","max-snippet":"max-snippet:-1","max-image-preview":"max-image-preview:large","max-video-preview":"max-video-preview:-1"},"canonical":"https:\/\/www.myvaldetravers.ch\/de\/erlebnisse\/via-ferrata\/","og_locale":"de_DE","og_type":"article","og_title":"Tichodrome: Klettersteig Via Ferrata im Val-de-Travers","og_description":"Der Klettersteig Via Ferrata \u00abTichodrome\u00bb im Val-de-Travers ist ein spezielles Abenteuer und belohnt mit einer grandiosen Aussicht auf Noiraigue.","og_url":"https:\/\/www.myvaldetravers.ch\/de\/erlebnisse\/via-ferrata\/","og_site_name":"Destination Val-de-Travers","article_publisher":"https:\/\/www.facebook.com\/DestinationValdeTravers\/","article_modified_time":"2023-09-28T14:11:02+00:00","og_image":[{"width":1499,"height":843,"url":"https:\/\/www.myvaldetravers.ch\/wp-content\/uploads\/2019\/04\/tichodrome.jpg","type":"image\/jpeg"}],"twitter_card":"summary_large_image","twitter_misc":{"Gesch\u00e4tzte Lesezeit":"1\u00a0Minute"},"schema":{"@context":"https:\/\/schema.org","@graph":[{"@type":"WebPage","@id":"https:\/\/www.myvaldetravers.ch\/de\/erlebnisse\/via-ferrata\/","url":"https:\/\/www.myvaldetravers.ch\/de\/erlebnisse\/via-ferrata\/","name":"Tichodrome: Klettersteig Via Ferrata im Val-de-Travers","isPartOf":{"@id":"https:\/\/www.myvaldetravers.ch\/de\/#website"},"primaryImageOfPage":{"@id":"https:\/\/www.myvaldetravers.ch\/de\/erlebnisse\/via-ferrata\/#primaryimage"},"image":{"@id":"https:\/\/www.myvaldetravers.ch\/de\/erlebnisse\/via-ferrata\/#primaryimage"},"thumbnailUrl":"https:\/\/www.myvaldetravers.ch\/wp-content\/uploads\/2019\/04\/tichodrome.jpg","datePublished":"2019-04-25T04:28:03+00:00","dateModified":"2023-09-28T14:11:02+00:00","description":"Der Klettersteig Via Ferrata \u00abTichodrome\u00bb im Val-de-Travers ist ein spezielles Abenteuer und belohnt mit einer grandiosen Aussicht auf Noiraigue.","breadcrumb":{"@id":"https:\/\/www.myvaldetravers.ch\/de\/erlebnisse\/via-ferrata\/#breadcrumb"},"inLanguage":"de","potentialAction":[{"@type":"ReadAction","target":["https:\/\/www.myvaldetravers.ch\/de\/erlebnisse\/via-ferrata\/"]}]},{"@type":"ImageObject","inLanguage":"de","@id":"https:\/\/www.myvaldetravers.ch\/de\/erlebnisse\/via-ferrata\/#primaryimage","url":"https:\/\/www.myvaldetravers.ch\/wp-content\/uploads\/2019\/04\/tichodrome.jpg","contentUrl":"https:\/\/www.myvaldetravers.ch\/wp-content\/uploads\/2019\/04\/tichodrome.jpg","width":1499,"height":843,"caption":"Klettersteig Via Ferrata Tichodrome, Couvet, Val-de-travers"},{"@type":"BreadcrumbList","@id":"https:\/\/www.myvaldetravers.ch\/de\/erlebnisse\/via-ferrata\/#breadcrumb","itemListElement":[{"@type":"ListItem","position":1,"name":"Accueil","item":"https:\/\/www.myvaldetravers.ch\/de\/"},{"@type":"ListItem","position":2,"name":"Erlebnisse","item":"https:\/\/www.myvaldetravers.ch\/de\/erlebnisse\/"},{"@type":"ListItem","position":3,"name":"Via ferrata Tichodrome"}]},{"@type":"WebSite","@id":"https:\/\/www.myvaldetravers.ch\/de\/#website","url":"https:\/\/www.myvaldetravers.ch\/de\/","name":"Destination Val-de-Travers","description":"Il y a toujours quelque chose \u00e0 faire au Val-de-Travers.","potentialAction":[{"@type":"SearchAction","target":{"@type":"EntryPoint","urlTemplate":"https:\/\/www.myvaldetravers.ch\/de\/?s={search_term_string}"},"query-input":{"@type":"PropertyValueSpecification","valueRequired":true,"valueName":"search_term_string"}}],"inLanguage":"de"}]}},"_links":{"self":[{"href":"https:\/\/www.myvaldetravers.ch\/de\/wp-json\/wp\/v2\/pages\/2226"}],"collection":[{"href":"https:\/\/www.myvaldetravers.ch\/de\/wp-json\/wp\/v2\/pages"}],"about":[{"href":"https:\/\/www.myvaldetravers.ch\/de\/wp-json\/wp\/v2\/types\/page"}],"author":[{"embeddable":true,"href":"https:\/\/www.myvaldetravers.ch\/de\/wp-json\/wp\/v2\/users\/73"}],"replies":[{"embeddable":true,"href":"https:\/\/www.myvaldetravers.ch\/de\/wp-json\/wp\/v2\/comments?post=2226"}],"version-history":[{"count":12,"href":"https:\/\/www.myvaldetravers.ch\/de\/wp-json\/wp\/v2\/pages\/2226\/revisions"}],"predecessor-version":[{"id":2424,"href":"https:\/\/www.myvaldetravers.ch\/de\/wp-json\/wp\/v2\/pages\/2226\/revisions\/2424"}],"up":[{"embeddable":true,"href":"https:\/\/www.myvaldetravers.ch\/de\/wp-json\/wp\/v2\/pages\/2155"}],"wp:featuredmedia":[{"embeddable":true,"href":"https:\/\/www.myvaldetravers.ch\/de\/wp-json\/wp\/v2\/media\/1760"}],"wp:attachment":[{"href":"https:\/\/www.myvaldetravers.ch\/de\/wp-json\/wp\/v2\/media?parent=2226"}],"curies":[{"name":"wp","href":"https:\/\/api.w.org\/{rel}","templated":true}]}}