{"id":3873,"date":"2019-11-12T08:56:00","date_gmt":"2019-11-12T07:56:00","guid":{"rendered":"https:\/\/www.myvaldetravers.ch\/experiences\/collectif\/"},"modified":"2025-05-28T10:12:50","modified_gmt":"2025-05-28T08:12:50","slug":"gruppenunterkunft","status":"publish","type":"page","link":"https:\/\/www.myvaldetravers.ch\/de\/erlebnisse\/gruppenunterkunft\/","title":{"rendered":"Gruppenunterk\u00fcnfte im Val-de-Travers"},"content":{"rendered":"<p>[vc_row][vc_column][vc_column_text]<\/p>\n<div class=\"wpb_text_column wpb_content_element \">\n<div class=\"wpb_wrapper\">\n<p>Entdecken Sie die Vielfalt der Gruppenunterk\u00fcnfte im Val-de-Travers.<\/p>\n<p>Hier ist das ganze Jahr \u00fcber Platz f\u00fcr alle Gruppen. Alles, was Sie tun m\u00fcssen, ist die f\u00fcr Ihre Gruppe am besten geeignete Gemeinschaftsunterkunft zu w\u00e4hlen, im Zentrum eines Dorfes oder inmitten der Natur. Sie haben die Wahl.<\/p>\n<p>Das Val-de-Travers freut sich darauf, Sie begr\u00fcssen zu d\u00fcrfen, egal ob Sie f\u00fcr ein Wochenende, eine Woche oder l\u00e4nger kommen.<\/p>\n<p>Einige Gruppenunterk\u00fcnfte sind hier noch nicht aufgef\u00fchrt. Sie finden sie auf der Website vom\u00a0<a href=\"https:\/\/www.j3l.ch\/de\/Z12123\/val-de-travers\" target=\"_blank\" rel=\"noopener noreferrer\">Tourismusb\u00fcro<\/a>, sowie auf der Seite f\u00fcr\u00a0<a href=\"https:\/\/www.j3l.ch\/de\/Z10481\/gruppenunterkuenfte?search=val-de-travers&amp;bounds=6.40214+46.74212+7.63066+47.60452\" target=\"_blank\" rel=\"noopener noreferrer\">Gruppenunterk\u00fcnfte in Val-de-Travers.<\/a><\/p>\n<p>Sehen Sie auch unsere Seiten f\u00fcr <a href=\"https:\/\/www.myvaldetravers.ch\/de\/ferienwohnungen\/\" target=\"_blank\" rel=\"noopener\">Ferienwohnungen<\/a>, <a href=\"https:\/\/www.myvaldetravers.ch\/de\/gaestezimmer-b-and-b\/\" target=\"_blank\" rel=\"noopener\">G\u00e4stezimmer und B&amp;B<\/a>, <a href=\"https:\/\/www.myvaldetravers.ch\/de\/erlebnisse\/gruppenunterkunft\/\" target=\"_blank\" rel=\"noopener\">Gruppenunterk\u00fcnfte<\/a>, <a href=\"https:\/\/www.myvaldetravers.ch\/de\/ferienhaeuser\/\" target=\"_blank\" rel=\"noopener\">Ferienh\u00e4user<\/a> oder <a href=\"https:\/\/www.myvaldetravers.ch\/de\/erlebnisse\/camping-ungewohnliche-unterkunfte\/\" target=\"_blank\" rel=\"noopener\">Campingpl\u00e4tze und ungew\u00f6hnliche Unterk\u00fcnfte<\/a>.<\/p>\n<p>Wir w\u00fcnschen Ihnen einen sch\u00f6nen Aufenthalt im Val-de-Travers!<\/p>\n<\/div>\n<\/div>\n<p>[\/vc_column_text][vc_separator][\/vc_column][\/vc_row][vc_row][vc_column width=&#8221;1\/2&#8243;][vc_separator][vc_column_text]<\/p>\n<h6>FERIENLAGER AUBERGE DES F\u00c9ES, BUTTES<\/h6>\n<p>Dieser Haus befindet sich am Fu\u00dfe der Robella Station und bietet Ihnen eine nat\u00fcrliche und friedliche Umgebung.<br \/>\nDas Haus verf\u00fcgt \u00fcber 2 Schlafs\u00e4le und ein Studio mit insgesamt 49 Betten. Mit Fr\u00fchst\u00fcck, Vollpension oder Halbpension.<\/p>\n<p>Auberge des F\u00e9e<br \/>\nPlace de l&#8217;Abbaye 2<br \/>\n2115 Buttes<br \/>\nT 032 861 52 55<br \/>\n<a href=\"mailto:info@auberge-des-fees.ch\">info@auberge-des-fees.ch<\/a><br \/>\n<a href=\"http:\/\/www.auberge-des-fees.ch\/\" target=\"_blank\" rel=\"noopener noreferrer\">www.auberge-des-fees.ch<\/a>[\/vc_column_text][vc_empty_space alter_height=&#8221;small&#8221; hide_on_mobile=&#8221;&#8221;]<div class=\"sc_item_button sc_button_wrap\"><a href=\"http:\/\/www.auberge-des-fees.ch\/\" id=\"sc_button_956326342\" class=\"sc_button sc_button_default sc_button_size_normal sc_button_icon_left\"><span class=\"sc_button_text\"><span class=\"sc_button_title\">buchen<\/span><\/span><!-- \/.sc_button_text --><\/a><!-- \/.sc_button --><\/div><!-- \/.sc_item_button -->[vc_single_image image=&#8221;12667&#8243; img_size=&#8221;full&#8221;][\/vc_column][vc_column width=&#8221;1\/2&#8243;][vc_separator color=&#8221;white&#8221;][vc_gallery interval=&#8221;3&#8243; images=&#8221;3170,3173,3176,3179,3182&#8243; img_size=&#8221;large&#8221;][\/vc_column][\/vc_row][vc_row][vc_column width=&#8221;1\/2&#8243;][vc_separator][vc_column_text]<\/p>\n<h6>L&#8217;Abri du Van, Creux du Van<\/h6>\n<p>Das Abri du Van, am Fusse des Creux-du-Van, bietet Platz f\u00fcr 36 Personen in Zimmern mit Etagenbetten von 2, 4 und 6 Betten. Gruppen k\u00f6nnen das Chalet (K\u00fcche und Mensa) f\u00fcr Geburtstage oder Feste (mit oder ohne \u00dcbernachtung) mieten.<\/p>\n<p><strong>Allgemeine Informationen :<\/strong><\/p>\n<ul>\n<li>\u00abGem\u00e4ssigtes\u00bb und \u00abNichtraucher\u00bb-Geb\u00e4ude<\/li>\n<li>Keine Tiere im Geb\u00e4ude<\/li>\n<li>Refektorium mit Holzofen ausgestattet<\/li>\n<li>M\u00f6glichkeit, die Mensa und die K\u00fcche f\u00fcr private Feiern zu mieten (Preis auf Anfrage)<\/li>\n<\/ul>\n<p>L\u2019Abri du Van<br \/>\nJean-Daniel Montandon<br \/>\nT 079 716 36 96<br \/>\n<a href=\"mailto:jdmontandon@bluewin.ch\">jdmontandon@bluewin.ch<\/a><br \/>\n<a href=\"https:\/\/www.ferme-robert.ch\/labri-du-van\/\" target=\"_blank\" rel=\"noopener noreferrer\">www.ferme-robert.ch\/labri-du-van<\/a>[\/vc_column_text][vc_empty_space alter_height=&#8221;small&#8221; hide_on_mobile=&#8221;&#8221;]<div class=\"sc_item_button sc_button_wrap\"><a href=\"mailto:info@espaceval.ch\" id=\"sc_button_1760269998\" class=\"sc_button sc_button_default sc_button_size_normal sc_button_icon_left\"><span class=\"sc_button_text\"><span class=\"sc_button_title\">buchen<\/span><\/span><!-- \/.sc_button_text --><\/a><!-- \/.sc_button --><\/div><!-- \/.sc_item_button -->[vc_single_image image=&#8221;11367&#8243;][\/vc_column][vc_column width=&#8221;1\/2&#8243;][vc_separator color=&#8221;white&#8221;][vc_gallery interval=&#8221;3&#8243; images=&#8221;8512,8527,8524,8521,8530&#8243; img_size=&#8221;large&#8221;][\/vc_column][\/vc_row][vc_row][vc_column width=&#8221;1\/2&#8243;][vc_separator][vc_column_text]<\/p>\n<h6>Jugendherberge Val-de-Travers, Couvet<\/h6>\n<p>Die Unterkunft ist ideal f\u00fcr einen Aufenthalt allein, zu zweit, mit der Familie oder mit Freunden und eignet sich hervorragend f\u00fcr die Organisation eines Lagers. Sie besteht aus 15 Zimmern mit 1 bis 4 Betten. Ein Aufenthaltsraum, der auf eine gro\u00dfe Terrasse f\u00fchrt, bietet einen atemberaubenden Blick auf das Val-de-Travers.<\/p>\n<p>Clos-Pury 15<br \/>\n2108 Couvet<br \/>\nT 032 864 90 68<br \/>\n<a href=\"mailto:valdetravers@youthhostel.ch\">valdetravers@youthhostel.ch<\/a><br \/>\n<a href=\"https:\/\/espaceval.ch\/de\/jugendherberge-val-de-travers\/\">www.espaceval.ch\/de\/jugendherberge-val-de-travers\/<\/a>[\/vc_column_text][vc_empty_space alter_height=&#8221;small&#8221; hide_on_mobile=&#8221;&#8221;]<div class=\"sc_item_button sc_button_wrap\"><a href=\"https:\/\/espaceval.ch\/hebergement\/\" id=\"sc_button_738027501\" class=\"sc_button sc_button_default sc_button_size_normal sc_button_icon_left\"><span class=\"sc_button_text\"><span class=\"sc_button_title\">buchen<\/span><\/span><!-- \/.sc_button_text --><\/a><!-- \/.sc_button --><\/div><!-- \/.sc_item_button -->[vc_single_image image=&#8221;12667&#8243; img_size=&#8221;full&#8221;][\/vc_column][vc_column width=&#8221;1\/2&#8243;][vc_separator color=&#8221;white&#8221;][vc_gallery interval=&#8221;3&#8243; images=&#8221;12178,12175,12172,12181&#8243; img_size=&#8221;large&#8221;][\/vc_column][\/vc_row][vc_row][vc_column width=&#8221;1\/2&#8243;][vc_separator][vc_column_text]<\/p>\n<h6>Le Soliat, Creux du Van<\/h6>\n<p>Le Soliat liegt oberhalb des Creux du Van und bietet Ihnen einen grossen Schlafsaal sowie einige Zimmer.<\/p>\n<p>2108 Couvet<br \/>\nT 032 863 31 36<br \/>\n<a href=\"https:\/\/www.lesoliat.ch\/68\/accueil\">www.lesoliat.ch<\/a>[\/vc_column_text][vc_single_image image=&#8221;11367&#8243;][\/vc_column][vc_column width=&#8221;1\/2&#8243;][vc_separator color=&#8221;white&#8221;][vc_gallery interval=&#8221;3&#8243; images=&#8221;9073,9110,9104,9107&#8243; img_size=&#8221;large&#8221; el_class=&#8221;testgalerie&#8221;][\/vc_column][\/vc_row][vc_row][vc_column width=&#8221;1\/2&#8243;][vc_separator][vc_column_text]<\/p>\n<h6>Les Hirondelles, Buttes<\/h6>\n<p>Dieses Chalet, das bis zu 29 Personen beherbergen kann, befindet sich in idealer Lage im Dorf Buttes. In unmittelbarer N\u00e4he des Freizeitparks La Robella eignet sich diese Unterkunft f\u00fcr Gruppen oder Schulen.<\/p>\n<p>Possena 6<br \/>\n2115 Buttes<br \/>\nT 079 257 91 20<br \/>\n<a href=\"mailto:location@hirondellesbuttes.ch\">location@hirondellesbuttes.ch<\/a><br \/>\n<a href=\"https:\/\/www.hirondellesbuttes.ch\/\" target=\"_blank\" rel=\"noopener\">www.hirondellesbuttes.ch<\/a><\/p>\n<p>[\/vc_column_text][vc_single_image image=&#8221;12667&#8243; img_size=&#8221;full&#8221;][\/vc_column][vc_column width=&#8221;1\/2&#8243;][vc_separator color=&#8221;white&#8221;][vc_gallery interval=&#8221;3&#8243; images=&#8221;14235,14238,14244,14241&#8243; img_size=&#8221;large&#8221; el_class=&#8221;testgalerie&#8221;][\/vc_column][\/vc_row][vc_row][vc_column width=&#8221;1\/2&#8243;][vc_separator][vc_column_text]<\/p>\n<h6>Auberge de Noiraigue, Noiraigue<\/h6>\n<p>Die vollst\u00e4ndig renovierte Auberge liegt ideal am Ausgangspunkt f\u00fcr Wanderungen in Richtung der Areuse-Schlucht und des Creux-du-Van. Die Gruppenunterkunft mit Dusche und WC auf der Etage umfasst:<br \/>\n1 Zimmer mit 3 Einzelbetten<br \/>\n1 Zimmer mit 2 Einzelbetten<br \/>\n1 Zimmer mit einem Doppelbett<br \/>\n1 Schlafsaal mit 14 Betten<br \/>\n1 Schlafsaal mit 12 Betten<br \/>\n1 Schlafsaal mit 10 Betten<\/p>\n<p>Place de la Gare 4<br \/>\n2103 Noiraigue<br \/>\nT 032 566 13 60<br \/>\n<a href=\"mailto:info@aubergedenoiraigue.ch\">info@aubergedenoiraigue.ch<\/a><br \/>\n<a href=\"http:\/\/www.aubergedenoiraigue.ch\/\">www.aubergedenoiraigue.ch<\/a>[\/vc_column_text][vc_empty_space alter_height=&#8221;small&#8221; hide_on_mobile=&#8221;&#8221;]<div class=\"sc_item_button sc_button_wrap\"><a href=\"https:\/\/book.octorate.com\/octobook\/site\/reservation\/index.xhtml;octobooksessionid=e2b515e27a89445d3fc9e4e7e006?codice=486827\" id=\"sc_button_2114352261\" class=\"sc_button sc_button_default sc_button_size_normal sc_button_icon_left\"><span class=\"sc_button_text\"><span class=\"sc_button_title\">buchen<\/span><\/span><!-- \/.sc_button_text --><\/a><!-- \/.sc_button --><\/div><!-- \/.sc_item_button -->[vc_single_image image=&#8221;12667&#8243; img_size=&#8221;full&#8221;][\/vc_column][vc_column width=&#8221;1\/2&#8243;][vc_separator color=&#8221;white&#8221;][vc_gallery interval=&#8221;3&#8243; images=&#8221;9558,9561,9564,9540&#8243; img_size=&#8221;large&#8221;][\/vc_column][\/vc_row][vc_row][vc_column width=&#8221;1\/2&#8243;][vc_separator][vc_column_text]<\/p>\n<h6>FERIENLAGER COLONIE BELLEVUE, MONT-DE-BUTTES<\/h6>\n<p>Diese Gruppenunterkunft liegt mitten in der Natur auf rund 1.000 m. Bellevue verf\u00fcgt \u00fcber 12 Zimmer und insgesamt 64 Betten.<br \/>\nEsszimmer, Aktivit\u00e4tsraum, gut ausgestattete K\u00fcche, 2 Gasbrenner, 4 elektrische Kochplatten, Backofen, 2 K\u00fchlschr\u00e4nke und 1 Gefriertruhe, Geschirrsp\u00fcler, 1 Waschmaschine. 8 Duschen, 3 Waschbecken und 6 W.C. Spielplatz, grosser Holzkohlegrill, Ort f\u00fcr Lagerfeuer.<\/p>\n<p>Fondation des colonies de vacances<br \/>\nBellevue<br \/>\n2116 Mont-de-Buttes<br \/>\nT 079 743 78 10<br \/>\n<a title=\"info@coloniesbellevue.ch\" href=\"mailto:info@coloniesbellevue.ch\">info@coloniesbellevue.ch<\/a><br \/>\n<a href=\"https:\/\/www.coloniesbellevue.ch\/\" target=\"_blank\" rel=\"noopener noreferrer\">www.coloniesbellevue.ch<\/a>[\/vc_column_text][vc_empty_space alter_height=&#8221;small&#8221; hide_on_mobile=&#8221;&#8221;]<div class=\"sc_item_button sc_button_wrap\"><a href=\"https:\/\/www.coloniesbellevue.ch\/fr\/contact\/\" id=\"sc_button_609005272\" class=\"sc_button sc_button_default sc_button_size_normal sc_button_icon_left\"><span class=\"sc_button_text\"><span class=\"sc_button_title\">buchen<\/span><\/span><!-- \/.sc_button_text --><\/a><!-- \/.sc_button --><\/div><!-- \/.sc_item_button -->[vc_single_image image=&#8221;11367&#8243;][\/vc_column][vc_column width=&#8221;1\/2&#8243;][vc_separator color=&#8221;white&#8221;][vc_gallery interval=&#8221;5&#8243; images=&#8221;2910,2913,2916,2919,2922,2925,2928&#8243; img_size=&#8221;large&#8221;][\/vc_column][\/vc_row][vc_row][vc_column width=&#8221;1\/2&#8243;][vc_separator][vc_column_text]<\/p>\n<h6>FERIENHAUS LES BAYARDS<\/h6>\n<p>Ferienhaus f\u00fcr Gruppen von bis zu 80 Personen mit grossem Sportraum, auch f\u00fcr Hochzeiten, Geburtstage usw.<\/p>\n<p>Administration et G\u00e9rance<br \/>\n2127 Les Bayards<br \/>\nT 032 866 10 78<br \/>\n<a href=\"mailto:echangesscolaires@bluewin.ch\">echangesscolaires@bluewin.ch<\/a><br \/>\nwww.echanges-scolaires.com[\/vc_column_text][vc_empty_space alter_height=&#8221;small&#8221; hide_on_mobile=&#8221;&#8221;]<div class=\"sc_item_button sc_button_wrap\"><a href=\"http:\/\/www.echanges-scolaires.com\" id=\"sc_button_1475106356\" class=\"sc_button sc_button_default sc_button_size_normal sc_button_icon_left\"><span class=\"sc_button_text\"><span class=\"sc_button_title\">buchen<\/span><\/span><!-- \/.sc_button_text --><\/a><!-- \/.sc_button --><\/div><!-- \/.sc_item_button -->[\/vc_column][vc_column width=&#8221;1\/2&#8243;][vc_separator color=&#8221;white&#8221;][vc_gallery interval=&#8221;3&#8243; images=&#8221;3921&#8243; img_size=&#8221;large&#8221;][\/vc_column][\/vc_row][vc_row][vc_column width=&#8221;1\/2&#8243;][vc_separator][vc_column_text]<\/p>\n<h6><b>Temple 7, Fleurier<br \/>\n<\/b><\/h6>\n<p><strong>Der besondere Ort f\u00fcr Ihre Zusammenk\u00fcnfte<\/strong><\/p>\n<p>&#8220;Temple 7&#8221; befindet sich im mythischen Val de Travers, in Fleurier, 8 Minuten zu Fu\u00df vom Bahnhof entfernt (vor einer Bushaltestelle). Diese Maisonette-Wohnung befindet sich im zweiten Stock und bietet einen gro\u00dfen Saal (110 m2) mit viel Platz, Atmosph\u00e4re und Charme mit seinen Holzbalken. Sie bietet Unterkunft f\u00fcr Gruppen von 20 bis 25 Personen und 15 Schlafpl\u00e4tze in einem Schlafsaal im Obergeschoss unter dem Dach.<\/p>\n<p>Es eignet sich f\u00fcr Einzelpersonen, Vereine, Freundes- oder Familiengruppen, um sich zu treffen und Momente an einem gem\u00fctlichen Ort zu teilen. Feste, Versammlungen und Feiern finden hier ihren idealen Platz, ebenso wie Konferenzen und Gespr\u00e4chsrunden, Yoga, Meditation und Selbsterfahrungsgruppen.<\/p>\n<p>&#8220;Temple 7&#8221; kann mit oder ohne Zusatzservice gemietet werden. Mit unserem Zusatzservice bieten wir an, einen Aperitif, ein kaltes Buffet oder auch Fr\u00fchst\u00fccke zu organisieren.<\/p>\n<p><strong>Preis f\u00fcr die Anmietung des Ortes:<\/strong><br \/>\n1.- Gro\u00dfer Saal (inkl. Toilette und WLAN): 100 CHF pro Abend, 200 CHF pro Tag.<br \/>\n2.- Gro\u00dfer Saal, Schlafsaal, K\u00fcche (inkl. zwei Toiletten, zwei Duschen und WLAN) am Wochenende (eine Nacht und zwei Tage): 500 CHF &#8211; oder von Freitag bis Sonntag: 600 CHF. (+Kurtaxe obligatorisch)<\/p>\n<p>&nbsp;<\/p>\n<p><strong>Temple 7 Service:<\/strong><\/p>\n<p>Reinigung: 30 CHF\/Std.<br \/>\nZus\u00e4tzlicher Service: 200 CHF<\/p>\n<p>Organisation (Einkauf von Speisen und Getr\u00e4nken, Zubereitung und Service): von Aperitifs, kalten Buffets und Fr\u00fchst\u00fccken, pauschal 200 CHF (unabh\u00e4ngig von der Anzahl der Personen). Hinzu kommen: die tats\u00e4chlichen Kosten f\u00fcr Speisen und Getr\u00e4nke gem\u00e4\u00df dem besprochenen Budget. Sie bestimmen das Budget und den Inhalt pro Person.<\/p>\n<p>Sind Sie interessiert? Nehmen Sie Kontakt auf, um die Verf\u00fcgbarkeit zu pr\u00fcfen und zu buchen:<\/p>\n<p><a href=\"mailto:melenasg@gmail.com\" target=\"_blank\" rel=\"noopener noreferrer\">melenasg@gmail.com<\/a><br \/>\nT: <a href=\"tel:+41764835244\" target=\"_blank\" rel=\"noopener noreferrer\">+41 76 483 52 44<\/a>[\/vc_column_text][vc_empty_space alter_height=&#8221;small&#8221; hide_on_mobile=&#8221;&#8221;]<div class=\"sc_item_button sc_button_wrap\"><a href=\"mailto:melenasg@gmail.com\" id=\"sc_button_1670909082\" class=\"sc_button sc_button_default sc_button_size_normal sc_button_icon_left\"><span class=\"sc_button_text\"><span class=\"sc_button_title\">buchen<\/span><\/span><!-- \/.sc_button_text --><\/a><!-- \/.sc_button --><\/div><!-- \/.sc_item_button -->[\/vc_column][vc_column width=&#8221;1\/2&#8243;][vc_separator color=&#8221;white&#8221;][vc_gallery interval=&#8221;3&#8243; images=&#8221;11723,11726,11729,11732&#8243; img_size=&#8221;large&#8221;][\/vc_column][\/vc_row][vc_row][vc_column width=&#8221;1\/2&#8243;][vc_separator][vc_column_text]<\/p>\n<h6>Chalet La Prise-Milord, St-Sulpice<\/h6>\n<p>Das Chalet liegt etwas ausserhalb des Dorfes Saint-Sulpice und profitiert von einer sehr guten Sonneneinstrahlung. Es ist gut f\u00fcr Sommer- und Winteraufenthalte und -ferien ausgestattet und eignet sich besonders f\u00fcr Familien und Schulen f\u00fcr gr\u00fcne oder Schneewochen. Obwohl es au\u00dferhalb jeglichen Stra\u00dfenverkehrs liegt, befindet es sich in der N\u00e4he von \u00f6ffentlichen Verkehrsmitteln (Zug in Fleurier und Buslinie Fleurier &#8211; Les Verri\u00e8res).<\/p>\n<p>Es verf\u00fcgt \u00fcber 42 Betten, die auf Zimmer von 2 bis 8 Betten (Schaumstoffmatratzen) verteilt sind. Ein Speisesaal (70 Pl\u00e4tze) und ein Spielzimmer, das in einen Speisesaal umgewandelt werden kann (30 Pl\u00e4tze), sowie eine perfekt ausgestattete K\u00fcche stehen zur Verf\u00fcgung. F\u00fcnf Duschen und 4 WCs vervollst\u00e4ndigen den Komfort des Hauses. Das Haus verf\u00fcgt \u00fcber eine Zentralheizung. Im Osten wurden zwei Spielpl\u00e4tze sowie ein Picknickplatz mit Feuerstelle zum Grillen angelegt. Der Spielplatz ist gesichert.<\/p>\n<p>WIFI-Zugang, Flipchart, Beamer (Miete Fr. 50.-) stehen zur Verf\u00fcgung.<\/p>\n<p>Chalet Prise-Milord<br \/>\nT 079 256 44 90 oder 079 590 92 35<br \/>\n<a href=\"mailto:reservation@prisemilord.ch\">reservation@prisemilord.ch\u00a0<\/a><br \/>\n<a href=\"http:\/\/www.prisemilord.ch\/la-prise-milord\/\">www.prisemilord.ch<\/a>[\/vc_column_text][vc_empty_space alter_height=&#8221;small&#8221; hide_on_mobile=&#8221;&#8221;]<div class=\"sc_item_button sc_button_wrap\"><a href=\"mailto:reservation@prisemilord.ch\" id=\"sc_button_624461387\" class=\"sc_button sc_button_default sc_button_size_normal sc_button_icon_left\"><span class=\"sc_button_text\"><span class=\"sc_button_title\">buchen<\/span><\/span><!-- \/.sc_button_text --><\/a><!-- \/.sc_button --><\/div><!-- \/.sc_item_button -->[vc_single_image image=&#8221;12670&#8243; img_size=&#8221;full&#8221;][\/vc_column][vc_column width=&#8221;1\/2&#8243;][vc_separator color=&#8221;white&#8221;][vc_gallery interval=&#8221;3&#8243; images=&#8221;9031,9034,9037,9040&#8243; img_size=&#8221;full&#8221;][\/vc_column][\/vc_row][vc_row][vc_column width=&#8221;1\/2&#8243;][vc_separator][vc_column_text]<\/p>\n<h6>Getr\u00e4nkestand La Baronne, Creux du Van<\/h6>\n<p>Diese Alph\u00fctte auf \u00fcber 1&#8217;300 m H\u00f6he, die von Mai bis Oktober ge\u00f6ffnet ist und 30 Minuten vom Zirkus Creux du Van entfernt liegt, bietet Ihnen einen ger\u00e4umigen Schlafsaal von \u00fcber 100 m2 unter einem wundersch\u00f6nen Dachstuhl, der bis zu etwa 25 Personen beherbergen kann.<\/p>\n<p>Buvette M\u00e9tairie La Baronne<br \/>\nRoute de la Baronne<br \/>\n2027 Montalchez<br \/>\nT 032 863 31 34<br \/>\n<a href=\"mailto:gene.canciani@gmail.com\">gene.canciani@gmail.com<\/a><br \/>\n<a href=\"https:\/\/www.buvettelabaronne.ch\">www.buvettelabaronne.ch<\/a>[\/vc_column_text][\/vc_column][vc_column width=&#8221;1\/2&#8243;][vc_separator color=&#8221;white&#8221;][vc_gallery interval=&#8221;3&#8243; images=&#8221;9048,9045,11401,11398&#8243; img_size=&#8221;full&#8221; el_class=&#8221;testgalerie&#8221;][\/vc_column][\/vc_row][vc_row][vc_column width=&#8221;1\/2&#8243;][vc_separator][vc_column_text]W\u00e4hrend eines Aufenthalts in einer offiziellen Unterkunft im Kanton Neuenburg erhalten Sie im Austausch f\u00fcr die Kurtaxe die\u00a0<strong><a href=\"https:\/\/www.j3l.ch\/de\/Z10779\/neuenburg-tourist-card\">Neuch\u00e2tel Tourist Card<\/a><\/strong>, mit der Sie Zugang zu vielen Sehensw\u00fcrdigkeiten des Kantons haben. Dar\u00fcber hinaus sind mit dieser Karte die \u00f6ffentlichen Verkehrsmittel im gesamten Kanton Neuenburg kostenlos.[\/vc_column_text][\/vc_column][vc_column width=&#8221;1\/2&#8243;][vc_separator color=&#8221;white&#8221;][vc_single_image image=&#8221;10200&#8243; img_size=&#8221;&#8221; onclick=&#8221;custom_link&#8221; img_link_target=&#8221;_blank&#8221; css_animation=&#8221;flipInX&#8221; link=&#8221;https:\/\/www.j3l.ch\/de\/Z10779\/neuenburg-tourist-card&#8221;][\/vc_column][\/vc_row][vc_row][vc_column][vc_empty_space alter_height=&#8221;large&#8221; hide_on_mobile=&#8221;&#8221;][\/vc_column][\/vc_row][vc_row][vc_column width=&#8221;1\/2&#8243;]<div class=\"sc_item_button sc_button_wrap\"><a href=\"https:\/\/www.myvaldetravers.ch\/de\/ferienwohnungen\/\" id=\"sc_button_1375331847\" class=\"sc_button sc_button_default sc_button_size_normal sc_button_icon_left\"><span class=\"sc_button_text\"><span class=\"sc_button_title\">Ferienwohnungen<\/span><\/span><!-- \/.sc_button_text --><\/a><!-- \/.sc_button --><\/div><!-- \/.sc_item_button -->[vc_empty_space alter_height=&#8221;small&#8221; hide_on_mobile=&#8221;&#8221;][\/vc_column][vc_column width=&#8221;1\/2&#8243;]<div class=\"sc_item_button sc_button_wrap\"><a href=\"https:\/\/www.myvaldetravers.ch\/de\/hotels\/\" id=\"sc_button_1680938696\" class=\"sc_button sc_button_default sc_button_size_normal sc_button_icon_left\"><span class=\"sc_button_text\"><span class=\"sc_button_title\">Hotels<\/span><\/span><!-- \/.sc_button_text --><\/a><!-- \/.sc_button --><\/div><!-- \/.sc_item_button -->[vc_empty_space alter_height=&#8221;small&#8221; hide_on_mobile=&#8221;&#8221;][\/vc_column][\/vc_row][vc_row][vc_column width=&#8221;1\/2&#8243;]<div class=\"sc_item_button sc_button_wrap\"><a href=\"https:\/\/www.myvaldetravers.ch\/de\/gaestezimmer-b-and-b\/\" id=\"sc_button_1993685072\" class=\"sc_button sc_button_default sc_button_size_normal sc_button_icon_left\"><span class=\"sc_button_text\"><span class=\"sc_button_title\">G\u00e4stezimmer und Bed &amp; Breakfast<\/span><\/span><!-- \/.sc_button_text --><\/a><!-- \/.sc_button --><\/div><!-- \/.sc_item_button -->[vc_empty_space alter_height=&#8221;small&#8221; hide_on_mobile=&#8221;&#8221;][\/vc_column][vc_column width=&#8221;1\/2&#8243;]<div class=\"sc_item_button sc_button_wrap\"><a href=\"https:\/\/www.myvaldetravers.ch\/de\/erlebnisse\/camping-ungewohnliche-unterkunfte\/\" id=\"sc_button_960751706\" class=\"sc_button sc_button_default sc_button_size_normal sc_button_icon_left\"><span class=\"sc_button_text\"><span class=\"sc_button_title\">Campingpl\u00e4tze und ungewohnliche Unterk\u00fcnfte<\/span><\/span><!-- \/.sc_button_text --><\/a><!-- \/.sc_button --><\/div><!-- \/.sc_item_button -->[vc_empty_space alter_height=&#8221;small&#8221; hide_on_mobile=&#8221;&#8221;][\/vc_column][\/vc_row][vc_row][vc_column width=&#8221;1\/2&#8243;]<div class=\"sc_item_button sc_button_wrap\"><a href=\"https:\/\/www.myvaldetravers.ch\/de\/ferienhaeuser\/\" id=\"sc_button_1460923348\" class=\"sc_button sc_button_default sc_button_size_normal sc_button_icon_left\"><span class=\"sc_button_text\"><span class=\"sc_button_title\">Ferienh\u00e4user<\/span><\/span><!-- \/.sc_button_text --><\/a><!-- \/.sc_button --><\/div><!-- \/.sc_item_button -->[vc_empty_space alter_height=&#8221;small&#8221; hide_on_mobile=&#8221;&#8221;][\/vc_column][vc_column width=&#8221;1\/2&#8243;][\/vc_column][\/vc_row]<\/p>\n","protected":false},"excerpt":{"rendered":"<p>[vc_row][vc_column][vc_column_text] Entdecken Sie die Vielfalt der Gruppenunterk\u00fcnfte im Val-de-Travers. Hier ist das ganze Jahr \u00fcber Platz f\u00fcr alle Gruppen. Alles, was Sie tun m\u00fcssen, ist die f\u00fcr Ihre Gruppe am&hellip;<\/p>\n","protected":false},"author":73,"featured_media":2915,"parent":2155,"menu_order":0,"comment_status":"closed","ping_status":"closed","template":"","meta":{"footnotes":""},"yoast_head":"<!-- This site is optimized with the Yoast SEO plugin v23.5 - https:\/\/yoast.com\/wordpress\/plugins\/seo\/ -->\n<title>Gruppenunterk\u00fcnfte und Ferienlager im Val-de-Travers<\/title>\n<meta name=\"description\" content=\"Entdecken Sie die Vielfalt der Gruppenunterk\u00fcnfte im Val-de-Travers. Es ist Platz f\u00fcr Gruppen jeder Gr\u00f6\u00dfe.\" \/>\n<meta name=\"robots\" content=\"index, follow, max-snippet:-1, max-image-preview:large, max-video-preview:-1\" \/>\n<link rel=\"canonical\" href=\"https:\/\/www.myvaldetravers.ch\/de\/erlebnisse\/gruppenunterkunft\/\" \/>\n<meta property=\"og:locale\" content=\"de_DE\" \/>\n<meta property=\"og:type\" content=\"article\" \/>\n<meta property=\"og:title\" content=\"Gruppenunterk\u00fcnfte und Ferienlager im Val-de-Travers\" \/>\n<meta property=\"og:description\" content=\"Entdecken Sie die Vielfalt der Gruppenunterk\u00fcnfte im Val-de-Travers. Es ist Platz f\u00fcr Gruppen jeder Gr\u00f6\u00dfe.\" \/>\n<meta property=\"og:url\" content=\"https:\/\/www.myvaldetravers.ch\/de\/erlebnisse\/gruppenunterkunft\/\" \/>\n<meta property=\"og:site_name\" content=\"Destination Val-de-Travers\" \/>\n<meta property=\"article:publisher\" content=\"https:\/\/www.facebook.com\/DestinationValdeTravers\/\" \/>\n<meta property=\"article:modified_time\" content=\"2025-05-28T08:12:50+00:00\" \/>\n<meta property=\"og:image\" content=\"https:\/\/www.myvaldetravers.ch\/wp-content\/uploads\/2019\/11\/Colonie_batiment-ext\u00e9rieur.jpg\" \/>\n\t<meta property=\"og:image:width\" content=\"3871\" \/>\n\t<meta property=\"og:image:height\" content=\"2178\" \/>\n\t<meta property=\"og:image:type\" content=\"image\/jpeg\" \/>\n<meta name=\"twitter:card\" content=\"summary_large_image\" \/>\n<meta name=\"twitter:label1\" content=\"Gesch\u00e4tzte Lesezeit\" \/>\n\t<meta name=\"twitter:data1\" content=\"7\u00a0Minuten\" \/>\n<script type=\"application\/ld+json\" class=\"yoast-schema-graph\">{\"@context\":\"https:\/\/schema.org\",\"@graph\":[{\"@type\":\"WebPage\",\"@id\":\"https:\/\/www.myvaldetravers.ch\/de\/erlebnisse\/gruppenunterkunft\/\",\"url\":\"https:\/\/www.myvaldetravers.ch\/de\/erlebnisse\/gruppenunterkunft\/\",\"name\":\"Gruppenunterk\u00fcnfte und Ferienlager im Val-de-Travers\",\"isPartOf\":{\"@id\":\"https:\/\/www.myvaldetravers.ch\/de\/#website\"},\"primaryImageOfPage\":{\"@id\":\"https:\/\/www.myvaldetravers.ch\/de\/erlebnisse\/gruppenunterkunft\/#primaryimage\"},\"image\":{\"@id\":\"https:\/\/www.myvaldetravers.ch\/de\/erlebnisse\/gruppenunterkunft\/#primaryimage\"},\"thumbnailUrl\":\"https:\/\/www.myvaldetravers.ch\/wp-content\/uploads\/2019\/11\/Colonie_batiment-ext\u00e9rieur.jpg\",\"datePublished\":\"2019-11-12T07:56:00+00:00\",\"dateModified\":\"2025-05-28T08:12:50+00:00\",\"description\":\"Entdecken Sie die Vielfalt der Gruppenunterk\u00fcnfte im Val-de-Travers. Es ist Platz f\u00fcr Gruppen jeder Gr\u00f6\u00dfe.\",\"breadcrumb\":{\"@id\":\"https:\/\/www.myvaldetravers.ch\/de\/erlebnisse\/gruppenunterkunft\/#breadcrumb\"},\"inLanguage\":\"de\",\"potentialAction\":[{\"@type\":\"ReadAction\",\"target\":[\"https:\/\/www.myvaldetravers.ch\/de\/erlebnisse\/gruppenunterkunft\/\"]}]},{\"@type\":\"ImageObject\",\"inLanguage\":\"de\",\"@id\":\"https:\/\/www.myvaldetravers.ch\/de\/erlebnisse\/gruppenunterkunft\/#primaryimage\",\"url\":\"https:\/\/www.myvaldetravers.ch\/wp-content\/uploads\/2019\/11\/Colonie_batiment-ext\u00e9rieur.jpg\",\"contentUrl\":\"https:\/\/www.myvaldetravers.ch\/wp-content\/uploads\/2019\/11\/Colonie_batiment-ext\u00e9rieur.jpg\",\"width\":3871,\"height\":2178,\"caption\":\"Gruppenunterkunft \/ Colonie de Vacances Bellevue, Mont-de-Buttes, Val-de-Traverss\"},{\"@type\":\"BreadcrumbList\",\"@id\":\"https:\/\/www.myvaldetravers.ch\/de\/erlebnisse\/gruppenunterkunft\/#breadcrumb\",\"itemListElement\":[{\"@type\":\"ListItem\",\"position\":1,\"name\":\"Accueil\",\"item\":\"https:\/\/www.myvaldetravers.ch\/de\/\"},{\"@type\":\"ListItem\",\"position\":2,\"name\":\"Erlebnisse\",\"item\":\"https:\/\/www.myvaldetravers.ch\/de\/erlebnisse\/\"},{\"@type\":\"ListItem\",\"position\":3,\"name\":\"Gruppenunterk\u00fcnfte im Val-de-Travers\"}]},{\"@type\":\"WebSite\",\"@id\":\"https:\/\/www.myvaldetravers.ch\/de\/#website\",\"url\":\"https:\/\/www.myvaldetravers.ch\/de\/\",\"name\":\"Destination Val-de-Travers\",\"description\":\"Il y a toujours quelque chose \u00e0 faire au Val-de-Travers.\",\"potentialAction\":[{\"@type\":\"SearchAction\",\"target\":{\"@type\":\"EntryPoint\",\"urlTemplate\":\"https:\/\/www.myvaldetravers.ch\/de\/?s={search_term_string}\"},\"query-input\":{\"@type\":\"PropertyValueSpecification\",\"valueRequired\":true,\"valueName\":\"search_term_string\"}}],\"inLanguage\":\"de\"}]}<\/script>\n<!-- \/ Yoast SEO plugin. -->","yoast_head_json":{"title":"Gruppenunterk\u00fcnfte und Ferienlager im Val-de-Travers","description":"Entdecken Sie die Vielfalt der Gruppenunterk\u00fcnfte im Val-de-Travers. Es ist Platz f\u00fcr Gruppen jeder Gr\u00f6\u00dfe.","robots":{"index":"index","follow":"follow","max-snippet":"max-snippet:-1","max-image-preview":"max-image-preview:large","max-video-preview":"max-video-preview:-1"},"canonical":"https:\/\/www.myvaldetravers.ch\/de\/erlebnisse\/gruppenunterkunft\/","og_locale":"de_DE","og_type":"article","og_title":"Gruppenunterk\u00fcnfte und Ferienlager im Val-de-Travers","og_description":"Entdecken Sie die Vielfalt der Gruppenunterk\u00fcnfte im Val-de-Travers. Es ist Platz f\u00fcr Gruppen jeder Gr\u00f6\u00dfe.","og_url":"https:\/\/www.myvaldetravers.ch\/de\/erlebnisse\/gruppenunterkunft\/","og_site_name":"Destination Val-de-Travers","article_publisher":"https:\/\/www.facebook.com\/DestinationValdeTravers\/","article_modified_time":"2025-05-28T08:12:50+00:00","og_image":[{"width":3871,"height":2178,"url":"https:\/\/www.myvaldetravers.ch\/wp-content\/uploads\/2019\/11\/Colonie_batiment-ext\u00e9rieur.jpg","type":"image\/jpeg"}],"twitter_card":"summary_large_image","twitter_misc":{"Gesch\u00e4tzte Lesezeit":"7\u00a0Minuten"},"schema":{"@context":"https:\/\/schema.org","@graph":[{"@type":"WebPage","@id":"https:\/\/www.myvaldetravers.ch\/de\/erlebnisse\/gruppenunterkunft\/","url":"https:\/\/www.myvaldetravers.ch\/de\/erlebnisse\/gruppenunterkunft\/","name":"Gruppenunterk\u00fcnfte und Ferienlager im Val-de-Travers","isPartOf":{"@id":"https:\/\/www.myvaldetravers.ch\/de\/#website"},"primaryImageOfPage":{"@id":"https:\/\/www.myvaldetravers.ch\/de\/erlebnisse\/gruppenunterkunft\/#primaryimage"},"image":{"@id":"https:\/\/www.myvaldetravers.ch\/de\/erlebnisse\/gruppenunterkunft\/#primaryimage"},"thumbnailUrl":"https:\/\/www.myvaldetravers.ch\/wp-content\/uploads\/2019\/11\/Colonie_batiment-ext\u00e9rieur.jpg","datePublished":"2019-11-12T07:56:00+00:00","dateModified":"2025-05-28T08:12:50+00:00","description":"Entdecken Sie die Vielfalt der Gruppenunterk\u00fcnfte im Val-de-Travers. Es ist Platz f\u00fcr Gruppen jeder Gr\u00f6\u00dfe.","breadcrumb":{"@id":"https:\/\/www.myvaldetravers.ch\/de\/erlebnisse\/gruppenunterkunft\/#breadcrumb"},"inLanguage":"de","potentialAction":[{"@type":"ReadAction","target":["https:\/\/www.myvaldetravers.ch\/de\/erlebnisse\/gruppenunterkunft\/"]}]},{"@type":"ImageObject","inLanguage":"de","@id":"https:\/\/www.myvaldetravers.ch\/de\/erlebnisse\/gruppenunterkunft\/#primaryimage","url":"https:\/\/www.myvaldetravers.ch\/wp-content\/uploads\/2019\/11\/Colonie_batiment-ext\u00e9rieur.jpg","contentUrl":"https:\/\/www.myvaldetravers.ch\/wp-content\/uploads\/2019\/11\/Colonie_batiment-ext\u00e9rieur.jpg","width":3871,"height":2178,"caption":"Gruppenunterkunft \/ Colonie de Vacances Bellevue, Mont-de-Buttes, Val-de-Traverss"},{"@type":"BreadcrumbList","@id":"https:\/\/www.myvaldetravers.ch\/de\/erlebnisse\/gruppenunterkunft\/#breadcrumb","itemListElement":[{"@type":"ListItem","position":1,"name":"Accueil","item":"https:\/\/www.myvaldetravers.ch\/de\/"},{"@type":"ListItem","position":2,"name":"Erlebnisse","item":"https:\/\/www.myvaldetravers.ch\/de\/erlebnisse\/"},{"@type":"ListItem","position":3,"name":"Gruppenunterk\u00fcnfte im Val-de-Travers"}]},{"@type":"WebSite","@id":"https:\/\/www.myvaldetravers.ch\/de\/#website","url":"https:\/\/www.myvaldetravers.ch\/de\/","name":"Destination Val-de-Travers","description":"Il y a toujours quelque chose \u00e0 faire au Val-de-Travers.","potentialAction":[{"@type":"SearchAction","target":{"@type":"EntryPoint","urlTemplate":"https:\/\/www.myvaldetravers.ch\/de\/?s={search_term_string}"},"query-input":{"@type":"PropertyValueSpecification","valueRequired":true,"valueName":"search_term_string"}}],"inLanguage":"de"}]}},"_links":{"self":[{"href":"https:\/\/www.myvaldetravers.ch\/de\/wp-json\/wp\/v2\/pages\/3873"}],"collection":[{"href":"https:\/\/www.myvaldetravers.ch\/de\/wp-json\/wp\/v2\/pages"}],"about":[{"href":"https:\/\/www.myvaldetravers.ch\/de\/wp-json\/wp\/v2\/types\/page"}],"author":[{"embeddable":true,"href":"https:\/\/www.myvaldetravers.ch\/de\/wp-json\/wp\/v2\/users\/73"}],"replies":[{"embeddable":true,"href":"https:\/\/www.myvaldetravers.ch\/de\/wp-json\/wp\/v2\/comments?post=3873"}],"version-history":[{"count":60,"href":"https:\/\/www.myvaldetravers.ch\/de\/wp-json\/wp\/v2\/pages\/3873\/revisions"}],"predecessor-version":[{"id":14248,"href":"https:\/\/www.myvaldetravers.ch\/de\/wp-json\/wp\/v2\/pages\/3873\/revisions\/14248"}],"up":[{"embeddable":true,"href":"https:\/\/www.myvaldetravers.ch\/de\/wp-json\/wp\/v2\/pages\/2155"}],"wp:featuredmedia":[{"embeddable":true,"href":"https:\/\/www.myvaldetravers.ch\/de\/wp-json\/wp\/v2\/media\/2915"}],"wp:attachment":[{"href":"https:\/\/www.myvaldetravers.ch\/de\/wp-json\/wp\/v2\/media?parent=3873"}],"curies":[{"name":"wp","href":"https:\/\/api.w.org\/{rel}","templated":true}]}}