{"id":8208,"date":"2022-02-23T13:37:51","date_gmt":"2022-02-23T12:37:51","guid":{"rendered":"https:\/\/www.myvaldetravers.ch\/?page_id=8208"},"modified":"2024-02-21T15:28:37","modified_gmt":"2024-02-21T14:28:37","slug":"100-women","status":"publish","type":"page","link":"https:\/\/www.myvaldetravers.ch\/de\/100-women\/","title":{"rendered":"100% Women"},"content":{"rendered":"<p>[vc_row][vc_column][vc_column_text]<\/p>\n<h2>100% Women &#8211; feminine Angebote<\/h2>\n<p>Angebote von Frauen f\u00fcr Frauen &#8211; das ist es, was wir Ihnen anbieten! Nutzen Sie Ihren Urlaub, um Frauen aus dem Val-de-Travers zu treffen und Zeit mit Frauen zu verbringen! Ob als Pionierin, engagierte Frau oder einfach nur als Akteurin in der Tourismuswelt, jede hat eine Geschichte zu erz\u00e4hlen, die mit ihrem Status als Frau zusammenh\u00e4ngt. Entdecken Sie das Val-de-Travers auf diese Weise auf eine andere Art und Weise!<\/p>\n<p>Wir w\u00fcnschen Ihnen viele sch\u00f6ne Momente in unserem geliebten Tal, dem Val-de-Travers![\/vc_column_text][vc_empty_space alter_height=&#8221;small&#8221; hide_on_mobile=&#8221;&#8221;][\/vc_column][\/vc_row][vc_row][vc_column]<div id=\"sc_skills_1389782946\"\n\t\tclass=\"sc_skills sc_skills_counter\"\n\t\t\t\tdata-type=\"counter\"\n\t\t><div class=\"sc_skills_columns sc_item_columns trx_addons_columns_wrap columns_padding_bottom\"><div class=\"sc_skills_column trx_addons_column-1_4\"><div class=\"sc_skills_item_wrap\"><div class=\"sc_skills_item\"><div class=\"sc_skills_icon fas fa-bed\"><\/div><div class=\"sc_skills_total\" data-start=\"0\" data-stop=\"75\" data-step=\"1\" data-max=\"100\" data-speed=\"28\" data-duration=\"2100\" data-ed=\"%\">0%<\/div><\/div><div class=\"sc_skills_item_title\">des h\u00e9bergements sont g\u00e9r\u00e9s par des femmes<\/div><\/div><\/div><div class=\"sc_skills_column trx_addons_column-1_4\"><div class=\"sc_skills_item_wrap\"><div class=\"sc_skills_item\"><div class=\"sc_skills_icon icon-users-group\"><\/div><div class=\"sc_skills_total\" data-start=\"0\" data-stop=\"3\" data-step=\"1\" data-max=\"100\" data-speed=\"36\" data-duration=\"108\" data-ed=\"\">0<\/div><\/div><div class=\"sc_skills_item_title\">femmes aux postes-cl\u00e9s de l&#039;association Destination Val-de-Travers<\/div><\/div><\/div><div class=\"sc_skills_column trx_addons_column-1_4\"><div class=\"sc_skills_item_wrap\"><div class=\"sc_skills_item\"><div class=\"sc_skills_icon fas fa-wine-bottle\"><\/div><div class=\"sc_skills_total\" data-start=\"0\" data-stop=\"5\" data-step=\"1\" data-max=\"100\" data-speed=\"17\" data-duration=\"85\" data-ed=\"\">0<\/div><\/div><div class=\"sc_skills_item_title\">distillatrices<\/div><\/div><\/div><div class=\"sc_skills_column trx_addons_column-1_4\"><div class=\"sc_skills_item_wrap\"><div class=\"sc_skills_item\"><div class=\"sc_skills_icon fas fa-fist-raised\"><\/div><div class=\"sc_skills_total\" data-start=\"0\" data-stop=\"100\" data-step=\"1\" data-max=\"100\" data-speed=\"23\" data-duration=\"2300\" data-ed=\"%\">0%<\/div><\/div><div class=\"sc_skills_item_title\">women power<\/div><\/div><\/div><\/div><\/div>[\/vc_column][\/vc_row][vc_row][vc_column][vc_empty_space alter_height=&#8221;large&#8221; hide_on_mobile=&#8221;&#8221;][\/vc_column][\/vc_row][vc_row disable_element=&#8221;yes&#8221;][vc_column][vc_column_text]<\/p>\n<h3>Begleitete Fahrradtour zum Creux du Van &#8211; 100% Women<\/h3>\n<p>Entdecken Sie den Creux du Van mit einer F\u00fchrerin, ganz unter Frauen! Ein unvergesslicher Tag, der Ihnen in der Sommersaison 2023 angeboten wird!<\/p>\n<p>Der Tag beginnt um 9.00 Uhr am Bahnhof von Noiraigue. Treffen Sie Ihre Teamkolleginnen und Ihren Reiseleiter, bevor Sie Ihre komfortablen Elektrofahrr\u00e4der einstellen und besteigen. Die von Ihrem Reiseleiter vorgeschlagene, etwa 40 km lange Schleife f\u00fchrt Sie von den sch\u00f6nen Kurven der Areuse bis zu den W\u00e4ldern des Val-de-Travers, bevor Sie auf 1.463 m H\u00f6he den Creux du Van erreichen. Dort wird Sie das atemberaubende Schauspiel dieses gesch\u00fctzten Canyons mit seiner empfindlichen Fauna und Flora packen. Wenn Sie Gl\u00fcck haben, leisten Ihnen einige Steinb\u00f6cke Gesellschaft, w\u00e4hrend das Panorama der Alpen Sie sprachlos machen wird.<\/p>\n<p>Nach der Anstrengung folgt die St\u00e4rkung! In einer f\u00fcr die Neuenburger Berge typischen M\u00e9tairie werden Sie das Vergn\u00fcgen haben, f\u00fcr eine gute Mahlzeit einzukehren, sicherlich mit K\u00e4se! Der R\u00fcckweg f\u00fchrt Sie m\u00fchelos bergab bis nach Couvet.<\/p>\n<p>Wenn Sie Ihren Aufenthalt in einer unserer <a href=\"https:\/\/www.myvaldetravers.ch\/de\/erlebnisse\/unterkuenfte-im-val-de-travers\/\" target=\"_blank\" rel=\"noopener\">Unterk\u00fcnfte<\/a> verl\u00e4ngern, machen Sie vielleicht noch einen Zwischenstopp in der Absinth-Destillerie Persoz, um Gaudentia zu treffen, die erste legalisierte Destillateurin in der Schweiz nach der Prohibition, oder Sie erkunden den Untergrund des Val-de-Travers in den Asphaltminen. Und vielleicht fahren Sie mit dem <a href=\"https:\/\/www.myvaldetravers.ch\/de\/erlebnisse\/velo\/\" target=\"_blank\" rel=\"noopener\">Elektrofahrrad<\/a> zur\u00fcck in den hohen Norden nach La Br\u00e9vine oder in die abwechslungsreichen Landschaften rund um den Chasseron![\/vc_column_text][vc_empty_space alter_height=&#8221;small&#8221; hide_on_mobile=&#8221;&#8221;][\/vc_column][\/vc_row][vc_row disable_element=&#8221;yes&#8221;][vc_column width=&#8221;1\/2&#8243;][vc_column_text]<\/p>\n<h4>Datum<\/h4>\n<p>Donnerstag 18. Mai<\/p>\n<p>Sonntag 18. Juni<\/p>\n<p>Sonntag 16. Juli<\/p>\n<p>Sonntag 13. August<\/p>\n<p>Treffpunkt um 09:00 Uhr im <a href=\"https:\/\/www.gout-region.ch\/de\/kontakt\/\" target=\"_blank\" rel=\"noopener\">&#8220;Boutique Go\u00fbt &amp; R\u00e9gion&#8221;<\/a> am Bahnhof Noiraigue, die R\u00fcckkehr ist gegen 17:00 Uhr geplant.[\/vc_column_text][\/vc_column][vc_column width=&#8221;1\/2&#8243;][vc_column_text]<\/p>\n<h4>Leistungen und Preise<\/h4>\n<p>Die folgenden Leistungen sind im Preis inbegriffen:<\/p>\n<ul>\n<li>Miete des Elektrofahrrads und des Helms<\/li>\n<li>F\u00fchrer f\u00fcr den ganzen Tag<\/li>\n<li>Mahlzeit in einer Almh\u00fctte, ohne Getr\u00e4nke.<\/li>\n<\/ul>\n<p><strong>Preis: CHF 119.00 pro Person<\/strong>[\/vc_column_text][\/vc_column][\/vc_row][vc_row disable_element=&#8221;yes&#8221;][vc_column][vc_empty_space alter_height=&#8221;small&#8221; hide_on_mobile=&#8221;&#8221;][vc_column_text]<a name=\"shop\"><\/a>[\/vc_column_text][vc_column_text]<\/p>\n<h3>Ich buche meine Erfahrung<\/h3>\n<p>[\/vc_column_text][vc_raw_js]JTNDc2NyaXB0JTNFJTBBd2luZG93LlRXRUJTSE9QJTIwJTNEJTIwJTdCJTBBY29uZmlnJTNBJTIwJTI3TmV1Y2hhdGVsLVNlcnZpY2VQcm92aWRlcl90ZHMlMjclMkMlMEFsYW5ndWFnZSUzQSUyMCUyN2RlJTI3JTJDJTBBdGhlbWUlM0ElMjAlN0IlMEFzdGlja3klM0ElMjAlN0IlMEFvZmZzZXQlM0ElMjAyMCUyQyUwQXpJbmRleCUzQSUyMDIlMEElN0QlMEElN0QlMEElN0QlMEElM0MlMkZzY3JpcHQlM0UlMEElMEElM0NzdHlsZSUzRSUwQSUyM3R3ZWJzaG9wJTIwJTdCJTBBLS10dy1idXR0b24tY29sb3IlM0ElMjAlMjNjY2QzMDAlM0IlMEEtLXR3LWJ1dHRvbi10ZXh0LWNvbG9yJTNBJTIwJTIzZmZmJTNCJTBBLS10dy1idXR0b24tcHJpY2UtY29sb3IlM0ElMjAlMjNjY2QzMDAlM0IlMEEtLXR3LWJ1dHRvbi1wcmljZS10ZXh0LWNvbG9yJTNBJTIwJTIzZmZmJTNCJTBBLS10dy1ib3gtY29sb3IlM0ElMjAlMjNjY2QzMDAlM0IlMEEtLXR3LWJveC10ZXh0LWNvbG9yJTNBJTIwJTIzZmZmJTNCJTBBLS10dy1ib29raW5nLWNvbG9yJTNBJTIwJTIzY2NkMzAwJTNCJTBBLS10dy1ib29raW5nLXRleHQtY29sb3IlM0ElMjAlMjNmZmYlM0IlMEElN0QlMEElM0MlMkZzdHlsZSUzRSUwQSUzQ3R3cy1leHBlcmllbmNlLXdpZGdldCUyMGRhdGEtaWQlM0QlMjJURFMwMDAyMDAxNDE4NTUzMzU4NiUyMiUzRSUzQyUyRnR3cy1leHBlcmllbmNlLXdpZGdldCUzRSUwQSUzQ3NjcmlwdCUyMHNyYyUzRCUyMmh0dHBzJTNBJTJGJTJGdHdlYnNob3AudG9tYXMtdHJhdmVsLmNvbSUyRmFwcCUyRmV4cGVyaWVuY2UlMkZ3aWRnZXQlMkZhcHAuanMlMjIlM0UlM0MlMkZzY3JpcHQlM0UlMEE=[\/vc_raw_js][\/vc_column][\/vc_row][vc_row disable_element=&#8221;yes&#8221;][vc_column][vc_empty_space alter_height=&#8221;large&#8221; hide_on_mobile=&#8221;&#8221;][vc_single_image image=&#8221;10829&#8243; img_size=&#8221;full&#8221; alignment=&#8221;center&#8221;][\/vc_column][\/vc_row][vc_row][vc_column][vc_empty_space alter_height=&#8221;large&#8221; hide_on_mobile=&#8221;&#8221;][vc_column_text]<\/p>\n<h3>Produkte 100% Women<\/h3>\n<p>[\/vc_column_text][vc_empty_space alter_height=&#8221;large&#8221; hide_on_mobile=&#8221;&#8221;][\/vc_column][\/vc_row][vc_row][vc_column][vc_row_inner][vc_column_inner width=&#8221;1\/2&#8243;][vc_column_text]<\/p>\n<h4>Absinth-Verkostung mit Fran\u00e7oise<\/h4>\n<p><a href=\"https:\/\/www.myvaldetravers.ch\/?attachment_id=8224\" target=\"_blank\" rel=\"noopener\"><img loading=\"lazy\" decoding=\"async\" class=\"alignnone wp-image-8224 size-full\" src=\"https:\/\/www.myvaldetravers.ch\/wp-content\/uploads\/2022\/02\/Bovet_300.jpg\" alt=\"\" width=\"300\" height=\"169\" srcset=\"https:\/\/www.myvaldetravers.ch\/wp-content\/uploads\/2022\/02\/Bovet_300.jpg 300w, https:\/\/www.myvaldetravers.ch\/wp-content\/uploads\/2022\/02\/Bovet_300-270x152.jpg 270w\" sizes=\"(max-width: 300px) 100vw, 300px\" \/><\/a><\/p>\n<p>Fran\u00e7oise hat die heimlichen Stunden des Absinths mit ihrem Vater erlebt. Er war es auch, der ihr sein handwerkliches Wissen vermittelte. Vom Feld bis zur Flasche wird alles vor Ort hergestellt. Sogar ein Destillierapparat aus der Zeit der Prohibition wird noch verwendet. Treffen Sie diese leidenschaftliche Absinth-Liebhaberin, die Sie in die dunklen Zeiten des <a href=\"https:\/\/absinthe-bovet.ch\/de\/\" target=\"_blank\" rel=\"noopener\">Absinths Bovet<\/a> einf\u00fchren wird. M\u00e4nner sind bei dieser Aktivit\u00e4t herzlich willkommen!<\/p>\n<h5>Datum &amp; Preis<\/h5>\n<p>Nur auf Anfrage<\/p>\n<h5>Reservierung<\/h5>\n<p>Die Buchung erfolgt direkt bei Fran\u00e7oise Bovet per Telefon <a href=\"tel:0041328612502\" target=\"_blank\" rel=\"noopener\">032 861 25 02<\/a>\u00a0 oder <a href=\"tel:0041793854052\">079 385 40 52<\/a> oder \u00fcber ihr <a href=\"https:\/\/absinthe-bovet.ch\/de\/kontakt\/\" target=\"_blank\" rel=\"noopener\">Kontaktformular<\/a>.[\/vc_column_text][vc_empty_space alter_height=&#8221;large&#8221; hide_on_mobile=&#8221;&#8221;][\/vc_column_inner][vc_column_inner width=&#8221;1\/2&#8243;][vc_column_text]<\/p>\n<h4>Absinth-Verkostung mit Gaudentia<\/h4>\n<p><img loading=\"lazy\" decoding=\"async\" class=\"alignnone wp-image-8227 size-full\" src=\"https:\/\/www.myvaldetravers.ch\/wp-content\/uploads\/2022\/02\/Persoz_300.jpg\" alt=\"\" width=\"299\" height=\"169\" srcset=\"https:\/\/www.myvaldetravers.ch\/wp-content\/uploads\/2022\/02\/Persoz_300.jpg 299w, https:\/\/www.myvaldetravers.ch\/wp-content\/uploads\/2022\/02\/Persoz_300-270x152.jpg 270w\" sizes=\"(max-width: 299px) 100vw, 299px\" \/><\/p>\n<p>Treffen Sie die &#8220;Fee&#8221; des Val-de-Travers, Gaudentia Persoz! Gaudentia ist die erste legale Destillateurin der Schweiz und wird Ihnen alles \u00fcber Absinth und die Rolle der Frau in der Absinthbranche erz\u00e4hlen. M\u00e4nner sind bei dieser Aktivit\u00e4t herzlich willkommen! Wir treffen uns in der <a href=\"https:\/\/absinthelaptite.ch\/68\/accueil?&amp;wslanguage=de\" target=\"_blank\" rel=\"noopener\">Brennerei Persoz<\/a>!<\/p>\n<h5>Datum<\/h5>\n<p>Nur auf Anfrage<\/p>\n<h5>Reservierung<\/h5>\n<p>Bald online!<\/p>\n<p>In der Zwischenzeit k\u00f6nnen Sie ihm gerne eine E-Mail schreiben: <a href=\"mailto:info@absinthelaptite.ch\">info@absinthelaptite.ch<\/a><\/p>\n<h5>Preis<\/h5>\n<p>Ab CHF 6.00 pro Person[\/vc_column_text][vc_empty_space alter_height=&#8221;large&#8221; hide_on_mobile=&#8221;&#8221;][\/vc_column_inner][\/vc_row_inner][vc_row_inner disable_element=&#8221;yes&#8221;][vc_column_inner width=&#8221;1\/2&#8243;][\/vc_column_inner][vc_column_inner width=&#8221;1\/2&#8243;][vc_column_text]<\/p>\n<h4>Ein Kaffee mit Laure, Co-Direktorin von Go\u00fbt &amp; R\u00e9gion<\/h4>\n<p><a href=\"https:\/\/www.myvaldetravers.ch\/de\/?attachment_id=8237\" rel=\"attachment wp-att-8235\"><img loading=\"lazy\" decoding=\"async\" class=\"alignnone size-full wp-image-8235\" src=\"https:\/\/www.myvaldetravers.ch\/wp-content\/uploads\/2022\/02\/laure300.jpg\" alt=\"\" width=\"299\" height=\"169\" srcset=\"https:\/\/www.myvaldetravers.ch\/wp-content\/uploads\/2022\/02\/laure300.jpg 299w, https:\/\/www.myvaldetravers.ch\/wp-content\/uploads\/2022\/02\/laure300-270x152.jpg 270w\" sizes=\"(max-width: 299px) 100vw, 299px\" \/><\/a><\/p>\n<p>Laure l\u00e4dt Sie ein, mit ihr im <a href=\"https:\/\/www.hotel-aigle.ch\/de\/\" target=\"_blank\" rel=\"noopener\">Hotel de l&#8217;Aigle<\/a> einen Kaffee zu trinken. Sie ist zusammen mit ihrer Schwester Andr\u00e9e Co-Direktorin von <a href=\"https:\/\/www.gout-region.ch\/de\/\" target=\"_blank\" rel=\"noopener\">Go\u00fbt &amp; R\u00e9gion<\/a> und wird Ihnen aus ihren verschiedenen Erfahrungen \u00fcber die Stellung der Frau in verantwortungsvollen Positionen berichten k\u00f6nnen. Ein Hotel, zwei Restaurants, eine Touristenattraktion, drei Gesch\u00e4fte mit regionalen Produkten und eine Touristeninformationsstelle zu leiten ist nicht einfach, aber ist es schwieriger, wenn man eine Frau ist? Sie wird es Ihnen zeigen! M\u00e4nner sind herzlich willkommen!<\/p>\n<h5>Datum<\/h5>\n<p>Freitag, 16. Dezember um 10.00 Uhr<br \/>\nFreitag, 6. Januar um 10.00 Uhr<br \/>\nDienstag, 7. Februar um 10.00 Uhr<br \/>\nDienstag, 14. M\u00e4rz um 10.00 Uhr<\/p>\n<h5>Reservierung<\/h5>\n<p>Direkt per E-Mail an <a href=\"mailto:info@gout-region.ch\">info@gout-region.ch<\/a> mit dem Vermerk &#8221; Kaffee mit Laure&#8221;.<\/p>\n<h5>Preis<\/h5>\n<p>CHF 5.00 pro Person, inklusive Kaffee oder Tee und einer kleinen K\u00f6stlichkeit, direkt beim Hotel zu bezahlen.[\/vc_column_text][vc_empty_space alter_height=&#8221;large&#8221; hide_on_mobile=&#8221;&#8221;][\/vc_column_inner][\/vc_row_inner][\/vc_column][\/vc_row][vc_row][vc_column][vc_empty_space alter_height=&#8221;large&#8221; hide_on_mobile=&#8221;&#8221;][vc_column_text]<\/p>\n<h4>Eine Idee von Schweiz Tourismus<\/h4>\n<p>Diese &#8220;Girl Power&#8221;-Bewegung wurde von Schweiz Tourismus bereits 2021 ins Leben gerufen. Finden Sie alle entsprechenden Angebote auf der <a href=\"https:\/\/www.myswitzerland.com\/de-ch\/erlebnisse\/100-women\/\" target=\"_blank\" rel=\"noopener\">speziellen Seite<\/a> von Schweiz Tourismus.[\/vc_column_text][\/vc_column][\/vc_row][vc_row][vc_column][vc_empty_space alter_height=&#8221;large&#8221; hide_on_mobile=&#8221;&#8221;][vc_single_image image=&#8221;7816&#8243; img_size=&#8221;full&#8221;][\/vc_column][\/vc_row]<\/p>\n","protected":false},"excerpt":{"rendered":"<p>[vc_row][vc_column][vc_column_text] 100% Women &#8211; feminine Angebote Angebote von Frauen f\u00fcr Frauen &#8211; das ist es, was wir Ihnen anbieten! Nutzen Sie Ihren Urlaub, um Frauen aus dem Val-de-Travers zu treffen&hellip;<\/p>\n","protected":false},"author":73,"featured_media":10839,"parent":0,"menu_order":0,"comment_status":"closed","ping_status":"closed","template":"","meta":{"footnotes":""},"yoast_head":"<!-- This site is optimized with the Yoast SEO plugin v23.5 - https:\/\/yoast.com\/wordpress\/plugins\/seo\/ -->\n<title>100% Women - Destination Val-de-Travers<\/title>\n<meta name=\"description\" content=\"Aktivit\u00e4ten f\u00fcr Frauen oder von Frauen w\u00e4hrend Ihres Urlaubs! Das bieten wir Ihnen auf dieser Seite.\" \/>\n<meta name=\"robots\" content=\"index, follow, max-snippet:-1, max-image-preview:large, max-video-preview:-1\" \/>\n<link rel=\"canonical\" href=\"https:\/\/www.myvaldetravers.ch\/de\/100-women\/\" \/>\n<meta property=\"og:locale\" content=\"de_DE\" \/>\n<meta property=\"og:type\" content=\"article\" \/>\n<meta property=\"og:title\" content=\"100% Women - Destination Val-de-Travers\" \/>\n<meta property=\"og:description\" content=\"Aktivit\u00e4ten f\u00fcr Frauen oder von Frauen w\u00e4hrend Ihres Urlaubs! Das bieten wir Ihnen auf dieser Seite.\" \/>\n<meta property=\"og:url\" content=\"https:\/\/www.myvaldetravers.ch\/de\/100-women\/\" \/>\n<meta property=\"og:site_name\" content=\"Destination Val-de-Travers\" \/>\n<meta property=\"article:publisher\" content=\"https:\/\/www.facebook.com\/DestinationValdeTravers\/\" \/>\n<meta property=\"article:modified_time\" content=\"2024-02-21T14:28:37+00:00\" \/>\n<meta property=\"og:image\" content=\"https:\/\/www.myvaldetravers.ch\/wp-content\/uploads\/2023\/03\/Desti_VDT_LR-1C0A3332-1024x682.jpg\" \/>\n\t<meta property=\"og:image:width\" content=\"1024\" \/>\n\t<meta property=\"og:image:height\" content=\"682\" \/>\n\t<meta property=\"og:image:type\" content=\"image\/jpeg\" \/>\n<meta name=\"twitter:card\" content=\"summary_large_image\" \/>\n<meta name=\"twitter:label1\" content=\"Gesch\u00e4tzte Lesezeit\" \/>\n\t<meta name=\"twitter:data1\" content=\"5\u00a0Minuten\" \/>\n<script type=\"application\/ld+json\" class=\"yoast-schema-graph\">{\"@context\":\"https:\/\/schema.org\",\"@graph\":[{\"@type\":\"WebPage\",\"@id\":\"https:\/\/www.myvaldetravers.ch\/de\/100-women\/\",\"url\":\"https:\/\/www.myvaldetravers.ch\/de\/100-women\/\",\"name\":\"100% Women - Destination Val-de-Travers\",\"isPartOf\":{\"@id\":\"https:\/\/www.myvaldetravers.ch\/de\/#website\"},\"primaryImageOfPage\":{\"@id\":\"https:\/\/www.myvaldetravers.ch\/de\/100-women\/#primaryimage\"},\"image\":{\"@id\":\"https:\/\/www.myvaldetravers.ch\/de\/100-women\/#primaryimage\"},\"thumbnailUrl\":\"https:\/\/www.myvaldetravers.ch\/wp-content\/uploads\/2023\/03\/Desti_VDT_LR-1C0A3332.jpg\",\"datePublished\":\"2022-02-23T12:37:51+00:00\",\"dateModified\":\"2024-02-21T14:28:37+00:00\",\"description\":\"Aktivit\u00e4ten f\u00fcr Frauen oder von Frauen w\u00e4hrend Ihres Urlaubs! Das bieten wir Ihnen auf dieser Seite.\",\"breadcrumb\":{\"@id\":\"https:\/\/www.myvaldetravers.ch\/de\/100-women\/#breadcrumb\"},\"inLanguage\":\"de\",\"potentialAction\":[{\"@type\":\"ReadAction\",\"target\":[\"https:\/\/www.myvaldetravers.ch\/de\/100-women\/\"]}]},{\"@type\":\"ImageObject\",\"inLanguage\":\"de\",\"@id\":\"https:\/\/www.myvaldetravers.ch\/de\/100-women\/#primaryimage\",\"url\":\"https:\/\/www.myvaldetravers.ch\/wp-content\/uploads\/2023\/03\/Desti_VDT_LR-1C0A3332.jpg\",\"contentUrl\":\"https:\/\/www.myvaldetravers.ch\/wp-content\/uploads\/2023\/03\/Desti_VDT_LR-1C0A3332.jpg\",\"width\":2000,\"height\":1333},{\"@type\":\"BreadcrumbList\",\"@id\":\"https:\/\/www.myvaldetravers.ch\/de\/100-women\/#breadcrumb\",\"itemListElement\":[{\"@type\":\"ListItem\",\"position\":1,\"name\":\"Accueil\",\"item\":\"https:\/\/www.myvaldetravers.ch\/de\/\"},{\"@type\":\"ListItem\",\"position\":2,\"name\":\"100% Women\"}]},{\"@type\":\"WebSite\",\"@id\":\"https:\/\/www.myvaldetravers.ch\/de\/#website\",\"url\":\"https:\/\/www.myvaldetravers.ch\/de\/\",\"name\":\"Destination Val-de-Travers\",\"description\":\"Il y a toujours quelque chose \u00e0 faire au Val-de-Travers.\",\"potentialAction\":[{\"@type\":\"SearchAction\",\"target\":{\"@type\":\"EntryPoint\",\"urlTemplate\":\"https:\/\/www.myvaldetravers.ch\/de\/?s={search_term_string}\"},\"query-input\":{\"@type\":\"PropertyValueSpecification\",\"valueRequired\":true,\"valueName\":\"search_term_string\"}}],\"inLanguage\":\"de\"}]}<\/script>\n<!-- \/ Yoast SEO plugin. -->","yoast_head_json":{"title":"100% Women - Destination Val-de-Travers","description":"Aktivit\u00e4ten f\u00fcr Frauen oder von Frauen w\u00e4hrend Ihres Urlaubs! Das bieten wir Ihnen auf dieser Seite.","robots":{"index":"index","follow":"follow","max-snippet":"max-snippet:-1","max-image-preview":"max-image-preview:large","max-video-preview":"max-video-preview:-1"},"canonical":"https:\/\/www.myvaldetravers.ch\/de\/100-women\/","og_locale":"de_DE","og_type":"article","og_title":"100% Women - Destination Val-de-Travers","og_description":"Aktivit\u00e4ten f\u00fcr Frauen oder von Frauen w\u00e4hrend Ihres Urlaubs! Das bieten wir Ihnen auf dieser Seite.","og_url":"https:\/\/www.myvaldetravers.ch\/de\/100-women\/","og_site_name":"Destination Val-de-Travers","article_publisher":"https:\/\/www.facebook.com\/DestinationValdeTravers\/","article_modified_time":"2024-02-21T14:28:37+00:00","og_image":[{"width":1024,"height":682,"url":"https:\/\/www.myvaldetravers.ch\/wp-content\/uploads\/2023\/03\/Desti_VDT_LR-1C0A3332-1024x682.jpg","type":"image\/jpeg"}],"twitter_card":"summary_large_image","twitter_misc":{"Gesch\u00e4tzte Lesezeit":"5\u00a0Minuten"},"schema":{"@context":"https:\/\/schema.org","@graph":[{"@type":"WebPage","@id":"https:\/\/www.myvaldetravers.ch\/de\/100-women\/","url":"https:\/\/www.myvaldetravers.ch\/de\/100-women\/","name":"100% Women - Destination Val-de-Travers","isPartOf":{"@id":"https:\/\/www.myvaldetravers.ch\/de\/#website"},"primaryImageOfPage":{"@id":"https:\/\/www.myvaldetravers.ch\/de\/100-women\/#primaryimage"},"image":{"@id":"https:\/\/www.myvaldetravers.ch\/de\/100-women\/#primaryimage"},"thumbnailUrl":"https:\/\/www.myvaldetravers.ch\/wp-content\/uploads\/2023\/03\/Desti_VDT_LR-1C0A3332.jpg","datePublished":"2022-02-23T12:37:51+00:00","dateModified":"2024-02-21T14:28:37+00:00","description":"Aktivit\u00e4ten f\u00fcr Frauen oder von Frauen w\u00e4hrend Ihres Urlaubs! Das bieten wir Ihnen auf dieser Seite.","breadcrumb":{"@id":"https:\/\/www.myvaldetravers.ch\/de\/100-women\/#breadcrumb"},"inLanguage":"de","potentialAction":[{"@type":"ReadAction","target":["https:\/\/www.myvaldetravers.ch\/de\/100-women\/"]}]},{"@type":"ImageObject","inLanguage":"de","@id":"https:\/\/www.myvaldetravers.ch\/de\/100-women\/#primaryimage","url":"https:\/\/www.myvaldetravers.ch\/wp-content\/uploads\/2023\/03\/Desti_VDT_LR-1C0A3332.jpg","contentUrl":"https:\/\/www.myvaldetravers.ch\/wp-content\/uploads\/2023\/03\/Desti_VDT_LR-1C0A3332.jpg","width":2000,"height":1333},{"@type":"BreadcrumbList","@id":"https:\/\/www.myvaldetravers.ch\/de\/100-women\/#breadcrumb","itemListElement":[{"@type":"ListItem","position":1,"name":"Accueil","item":"https:\/\/www.myvaldetravers.ch\/de\/"},{"@type":"ListItem","position":2,"name":"100% Women"}]},{"@type":"WebSite","@id":"https:\/\/www.myvaldetravers.ch\/de\/#website","url":"https:\/\/www.myvaldetravers.ch\/de\/","name":"Destination Val-de-Travers","description":"Il y a toujours quelque chose \u00e0 faire au Val-de-Travers.","potentialAction":[{"@type":"SearchAction","target":{"@type":"EntryPoint","urlTemplate":"https:\/\/www.myvaldetravers.ch\/de\/?s={search_term_string}"},"query-input":{"@type":"PropertyValueSpecification","valueRequired":true,"valueName":"search_term_string"}}],"inLanguage":"de"}]}},"_links":{"self":[{"href":"https:\/\/www.myvaldetravers.ch\/de\/wp-json\/wp\/v2\/pages\/8208"}],"collection":[{"href":"https:\/\/www.myvaldetravers.ch\/de\/wp-json\/wp\/v2\/pages"}],"about":[{"href":"https:\/\/www.myvaldetravers.ch\/de\/wp-json\/wp\/v2\/types\/page"}],"author":[{"embeddable":true,"href":"https:\/\/www.myvaldetravers.ch\/de\/wp-json\/wp\/v2\/users\/73"}],"replies":[{"embeddable":true,"href":"https:\/\/www.myvaldetravers.ch\/de\/wp-json\/wp\/v2\/comments?post=8208"}],"version-history":[{"count":33,"href":"https:\/\/www.myvaldetravers.ch\/de\/wp-json\/wp\/v2\/pages\/8208\/revisions"}],"predecessor-version":[{"id":12205,"href":"https:\/\/www.myvaldetravers.ch\/de\/wp-json\/wp\/v2\/pages\/8208\/revisions\/12205"}],"wp:featuredmedia":[{"embeddable":true,"href":"https:\/\/www.myvaldetravers.ch\/de\/wp-json\/wp\/v2\/media\/10839"}],"wp:attachment":[{"href":"https:\/\/www.myvaldetravers.ch\/de\/wp-json\/wp\/v2\/media?parent=8208"}],"curies":[{"name":"wp","href":"https:\/\/api.w.org\/{rel}","templated":true}]}}